{"id":8802,"date":"2025-04-16T23:53:13","date_gmt":"2025-04-16T21:53:13","guid":{"rendered":"https:\/\/luzgrandhotel.fr\/restaurant-aho-fina\/"},"modified":"2026-09-04T15:14:14","modified_gmt":"2026-09-04T13:14:14","slug":"restaurant-aho-fina","status":"publish","type":"page","link":"https:\/\/luzgrandhotel.fr\/de\/restaurant-aho-fina\/","title":{"rendered":"Restaurant Aho Fina"},"content":{"rendered":"\t\t<div data-elementor-type=\"wp-page\" data-elementor-id=\"8802\" class=\"elementor elementor-8802 elementor-94\" data-elementor-post-type=\"page\">\n\t\t\t\t<div class=\"elementor-element elementor-element-856e504 e-con-full header-page e-flex e-con e-parent\" data-id=\"856e504\" data-element_type=\"container\" data-e-type=\"container\" data-settings=\"{&quot;background_background&quot;:&quot;classic&quot;,&quot;background_motion_fx_motion_fx_scrolling&quot;:&quot;yes&quot;,&quot;background_motion_fx_translateY_effect&quot;:&quot;yes&quot;,&quot;background_motion_fx_translateY_speed&quot;:{&quot;unit&quot;:&quot;px&quot;,&quot;size&quot;:4,&quot;sizes&quot;:[]},&quot;background_motion_fx_translateY_affectedRange&quot;:{&quot;unit&quot;:&quot;%&quot;,&quot;size&quot;:&quot;&quot;,&quot;sizes&quot;:{&quot;start&quot;:0,&quot;end&quot;:100}},&quot;background_motion_fx_devices&quot;:[&quot;desktop&quot;,&quot;tablet&quot;,&quot;mobile&quot;]}\">\n\t\t\t\t<\/div>\n\t\t<div class=\"elementor-element elementor-element-fd5fffe e-flex e-con-boxed e-con e-parent\" data-id=\"fd5fffe\" data-element_type=\"container\" data-e-type=\"container\">\n\t\t\t\t\t<div class=\"e-con-inner\">\n\t\t\t\t<div class=\"elementor-element elementor-element-9a99673 elementor-align-center elementor-widget elementor-widget-breadcrumbs\" data-id=\"9a99673\" data-element_type=\"widget\" data-e-type=\"widget\" data-widget_type=\"breadcrumbs.default\">\n\t\t\t\t\t<p id=\"breadcrumbs\"><span><span><a href=\"https:\/\/luzgrandhotel.fr\/de\/startseite\/\">Accueil<\/a><\/span><\/span><\/p>\t\t\t\t<\/div>\n\t\t\t\t\t<\/div>\n\t\t\t\t<\/div>\n\t\t<div class=\"elementor-element elementor-element-94528af e-flex e-con-boxed e-con e-parent\" data-id=\"94528af\" data-element_type=\"container\" data-e-type=\"container\">\n\t\t\t\t\t<div class=\"e-con-inner\">\n\t\t<div class=\"elementor-element elementor-element-9695694 e-con-full e-flex elementor-invisible e-con e-child\" data-id=\"9695694\" data-element_type=\"container\" data-e-type=\"container\" data-settings=\"{&quot;animation&quot;:&quot;fadeIn&quot;}\">\n\t\t\t\t<div class=\"elementor-element elementor-element-b3711a6 elementor-widget elementor-widget-text-editor\" data-id=\"b3711a6\" data-element_type=\"widget\" data-e-type=\"widget\" data-widget_type=\"text-editor.default\">\n\t\t\t\t\t\t\t\t\t<p>Buffet mit frischen, abwechslungsreichen und regionalen Produkten<\/p>\t\t\t\t\t\t\t\t<\/div>\n\t\t\t\t<div class=\"elementor-element elementor-element-4269e41 elementor-widget elementor-widget-heading\" data-id=\"4269e41\" data-element_type=\"widget\" data-e-type=\"widget\" data-widget_type=\"heading.default\">\n\t\t\t\t\t<h2 class=\"elementor-heading-title elementor-size-default\">Ein au\u00dfergew\u00f6hnliches Fr\u00fchst\u00fcck<\/h2>\t\t\t\t<\/div>\n\t\t\t\t<div class=\"elementor-element elementor-element-7ad5f26 elementor-widget elementor-widget-text-editor\" data-id=\"7ad5f26\" data-element_type=\"widget\" data-e-type=\"widget\" data-widget_type=\"text-editor.default\">\n\t\t\t\t\t\t\t\t\t<p>Beginnen Sie den Tag mit einem ganz besonderen Erlebnis: unserem Fr\u00fchst\u00fccksbuffet, das jeden Gaumen verw\u00f6hnen wird.  <br>Lassen Sie sich von einer erlesenen Auswahl an s\u00fc\u00dfen und herzhaften Speisen verf\u00fchren: goldbraunes Geb\u00e4ck, frische S\u00e4fte und Obst der Saison, Hei\u00dfgetr\u00e4nke, R\u00e4ucherlachs, R\u00fchrei, feine Wurstwaren, k\u00f6stlicher K\u00e4se \u2026 und nicht zu vergessen unsere Samenbar.  <\/p><p>Nehmen Sie in einem eleganten, lichtdurchfluteten Ambiente Platz und genie\u00dfen Sie die Kunst des Fr\u00fchst\u00fccks in ihrer ganzen F\u00fclle.<\/p><p><b>Fr\u00fchst\u00fcckszeiten: Montag bis Sonntag von 07:30 bis 10:30 Uhr<\/b><\/p>\t\t\t\t\t\t\t\t<\/div>\n\t\t\t\t<div class=\"elementor-element elementor-element-20e40e7 elementor-widget elementor-widget-spacer\" data-id=\"20e40e7\" data-element_type=\"widget\" data-e-type=\"widget\" data-widget_type=\"spacer.default\">\n\t\t\t\t\t\t\t<div class=\"elementor-spacer\">\n\t\t\t<div class=\"elementor-spacer-inner\"><\/div>\n\t\t<\/div>\n\t\t\t\t\t\t<\/div>\n\t\t\t\t<div class=\"elementor-element elementor-element-e87564c elementor-mobile-align-justify elementor-invisible elementor-widget elementor-widget-button\" data-id=\"e87564c\" data-element_type=\"widget\" data-e-type=\"widget\" data-settings=\"{&quot;_animation&quot;:&quot;fadeIn&quot;}\" data-widget_type=\"button.default\">\n\t\t\t\t\t\t\t\t\t\t<a class=\"elementor-button elementor-button-link elementor-size-sm\" href=\"\/carte-petit-dejeuner-fr\/\" target=\"_blank\">\n\t\t\t\t\t\t<span class=\"elementor-button-content-wrapper\">\n\t\t\t\t\t\t<span class=\"elementor-button-icon\">\n\t\t\t\t<svg aria-hidden=\"true\" class=\"e-font-icon-svg e-fas-book-open\" viewBox=\"0 0 576 512\" xmlns=\"http:\/\/www.w3.org\/2000\/svg\"><path d=\"M542.22 32.05c-54.8 3.11-163.72 14.43-230.96 55.59-4.64 2.84-7.27 7.89-7.27 13.17v363.87c0 11.55 12.63 18.85 23.28 13.49 69.18-34.82 169.23-44.32 218.7-46.92 16.89-.89 30.02-14.43 30.02-30.66V62.75c.01-17.71-15.35-31.74-33.77-30.7zM264.73 87.64C197.5 46.48 88.58 35.17 33.78 32.05 15.36 31.01 0 45.04 0 62.75V400.6c0 16.24 13.13 29.78 30.02 30.66 49.49 2.6 149.59 12.11 218.77 46.95 10.62 5.35 23.21-1.94 23.21-13.46V100.63c0-5.29-2.62-10.14-7.27-12.99z\"><\/path><\/svg>\t\t\t<\/span>\n\t\t\t\t\t\t\t\t\t<span class=\"elementor-button-text\">Fr\u00fchst\u00fcckskarte<\/span>\n\t\t\t\t\t<\/span>\n\t\t\t\t\t<\/a>\n\t\t\t\t\t\t\t\t<\/div>\n\t\t\t\t<\/div>\n\t\t<div class=\"elementor-element elementor-element-b0da056 e-con-full e-flex elementor-invisible e-con e-child\" data-id=\"b0da056\" data-element_type=\"container\" data-e-type=\"container\" data-settings=\"{&quot;animation&quot;:&quot;fadeInRight&quot;}\">\n\t\t\t\t<div class=\"elementor-element elementor-element-f4b85bc elementor-pagination-position-outside elementor-widget elementor-widget-image-carousel\" data-id=\"f4b85bc\" data-element_type=\"widget\" data-e-type=\"widget\" data-settings=\"{&quot;slides_to_show&quot;:&quot;1&quot;,&quot;navigation&quot;:&quot;dots&quot;,&quot;infinite&quot;:&quot;yes&quot;,&quot;effect&quot;:&quot;slide&quot;,&quot;speed&quot;:500}\" data-widget_type=\"image-carousel.default\">\n\t\t\t\t\t\t\t<div class=\"elementor-image-carousel-wrapper swiper\" role=\"region\" aria-roledescription=\"carousel\" aria-label=\"Carrousel d\u2019images\" dir=\"ltr\">\n\t\t\t<div class=\"elementor-image-carousel swiper-wrapper swiper-image-stretch\" aria-live=\"polite\">\n\t\t\t\t\t\t\t\t<div class=\"swiper-slide\" role=\"group\" aria-roledescription=\"slide\" aria-label=\"1 von 9\"><figure class=\"swiper-slide-inner\"><img decoding=\"async\" class=\"swiper-slide-image\" src=\"https:\/\/luzgrandhotel.fr\/wp-content\/uploads\/2025\/08\/petit-dejeuner-grand-hotel-thalasso-spa-saint-jean-de-luz-egentils-2.jpg\" alt=\"Fr\u00fchst\u00fcck im Grand Hotel Thalasso Spa\" \/><\/figure><\/div><div class=\"swiper-slide\" role=\"group\" aria-roledescription=\"slide\" aria-label=\"2 von 9\"><figure class=\"swiper-slide-inner\"><img decoding=\"async\" class=\"swiper-slide-image\" src=\"https:\/\/luzgrandhotel.fr\/wp-content\/uploads\/2025\/08\/petit-dejeuner-grand-hotel-thalasso-spa-saint-jean-de-luz-egentils-1.jpg\" alt=\"Fr\u00fchst\u00fcck im Grand Hotel\" \/><\/figure><\/div><div class=\"swiper-slide\" role=\"group\" aria-roledescription=\"slide\" aria-label=\"3 von 9\"><figure class=\"swiper-slide-inner\"><img decoding=\"async\" class=\"swiper-slide-image\" src=\"https:\/\/luzgrandhotel.fr\/wp-content\/uploads\/2025\/08\/petit-dejeuner-grand-hotel-thalasso-spa-saint-jean-de-luz-egentils-3.jpg\" alt=\"Fr\u00fchst\u00fcck im Grand Hotel Thalasso Spa\" \/><\/figure><\/div><div class=\"swiper-slide\" role=\"group\" aria-roledescription=\"slide\" aria-label=\"4 von 9\"><figure class=\"swiper-slide-inner\"><img decoding=\"async\" class=\"swiper-slide-image\" src=\"https:\/\/luzgrandhotel.fr\/wp-content\/uploads\/2025\/08\/petit-dejeuner-grand-hotel-thalasso-spa-saint-jean-de-luz-egentils-4.jpg\" alt=\"Fr\u00fchst\u00fcck im Grand Hotel Thalasso Spa\" \/><\/figure><\/div><div class=\"swiper-slide\" role=\"group\" aria-roledescription=\"slide\" aria-label=\"5 von 9\"><figure class=\"swiper-slide-inner\"><img decoding=\"async\" class=\"swiper-slide-image\" src=\"https:\/\/luzgrandhotel.fr\/wp-content\/uploads\/2025\/08\/petit-dejeuner-grand-hotel-thalasso-spa-saint-jean-de-luz-egentils-5.jpg\" alt=\"Fr\u00fchst\u00fcck im Hotel Saint-Jean-de-Luz\" \/><\/figure><\/div><div class=\"swiper-slide\" role=\"group\" aria-roledescription=\"slide\" aria-label=\"6 von 9\"><figure class=\"swiper-slide-inner\"><img decoding=\"async\" class=\"swiper-slide-image\" src=\"https:\/\/luzgrandhotel.fr\/wp-content\/uploads\/2025\/08\/petit-dejeuner-grand-hotel-thalasso-spa-saint-jean-de-luz-egentils-6.jpg\" alt=\"Fr\u00fchst\u00fcck im Hotel Saint-Jean-de-Luz\" \/><\/figure><\/div><div class=\"swiper-slide\" role=\"group\" aria-roledescription=\"slide\" aria-label=\"7 von 9\"><figure class=\"swiper-slide-inner\"><img decoding=\"async\" class=\"swiper-slide-image\" src=\"https:\/\/luzgrandhotel.fr\/wp-content\/uploads\/2025\/08\/petit-dejeuner-grand-hotel-thalasso-spa-saint-jean-de-luz-egentils-7.jpg\" alt=\"Fr\u00fchst\u00fcck im Hotel Saint-Jean-de-Luz\" \/><\/figure><\/div><div class=\"swiper-slide\" role=\"group\" aria-roledescription=\"slide\" aria-label=\"8 von 9\"><figure class=\"swiper-slide-inner\"><img decoding=\"async\" class=\"swiper-slide-image\" src=\"https:\/\/luzgrandhotel.fr\/wp-content\/uploads\/2025\/08\/petit-dejeuner-grand-hotel-thalasso-spa-saint-jean-de-luz-egentils-8.jpg\" alt=\"Fr\u00fchst\u00fcck im Luz Grand Hotel\" \/><\/figure><\/div><div class=\"swiper-slide\" role=\"group\" aria-roledescription=\"slide\" aria-label=\"9 von 9\"><figure class=\"swiper-slide-inner\"><img decoding=\"async\" class=\"swiper-slide-image\" src=\"https:\/\/luzgrandhotel.fr\/wp-content\/uploads\/2025\/08\/petit-dejeuner-grand-hotel-thalasso-spa-saint-jean-de-luz-egentils-9.jpg\" alt=\"Fr\u00fchst\u00fcck im Restaurant in Saint-Jean-de-Luz\" \/><\/figure><\/div>\t\t\t<\/div>\n\t\t\t\t\t\t\t\n\t\t\t\t\t\t\t\t\t<div class=\"swiper-pagination\"><\/div>\n\t\t\t\t\t\t\t\t\t<\/div>\n\t\t\t\t\t\t<\/div>\n\t\t\t\t<\/div>\n\t\t\t\t\t<\/div>\n\t\t\t\t<\/div>\n\t\t<div class=\"elementor-element elementor-element-ad06704 e-flex e-con-boxed e-con e-parent\" data-id=\"ad06704\" data-element_type=\"container\" data-e-type=\"container\">\n\t\t\t\t\t<div class=\"e-con-inner\">\n\t\t<div class=\"elementor-element elementor-element-abba3e3 e-con-full e-flex elementor-invisible e-con e-child\" data-id=\"abba3e3\" data-element_type=\"container\" data-e-type=\"container\" data-settings=\"{&quot;animation&quot;:&quot;fadeInLeft&quot;}\">\n\t\t\t\t<div class=\"elementor-element elementor-element-f027a4a elementor-pagination-position-outside elementor-widget elementor-widget-image-carousel\" data-id=\"f027a4a\" data-element_type=\"widget\" data-e-type=\"widget\" data-settings=\"{&quot;slides_to_show&quot;:&quot;1&quot;,&quot;navigation&quot;:&quot;dots&quot;,&quot;autoplay&quot;:&quot;yes&quot;,&quot;pause_on_hover&quot;:&quot;yes&quot;,&quot;pause_on_interaction&quot;:&quot;yes&quot;,&quot;autoplay_speed&quot;:5000,&quot;infinite&quot;:&quot;yes&quot;,&quot;effect&quot;:&quot;slide&quot;,&quot;speed&quot;:500}\" data-widget_type=\"image-carousel.default\">\n\t\t\t\t\t\t\t<div class=\"elementor-image-carousel-wrapper swiper\" role=\"region\" aria-roledescription=\"carousel\" aria-label=\"Carrousel d\u2019images\" dir=\"ltr\">\n\t\t\t<div class=\"elementor-image-carousel swiper-wrapper swiper-image-stretch\" aria-live=\"off\">\n\t\t\t\t\t\t\t\t<div class=\"swiper-slide\" role=\"group\" aria-roledescription=\"slide\" aria-label=\"1 von 4\"><figure class=\"swiper-slide-inner\"><img decoding=\"async\" class=\"swiper-slide-image\" src=\"https:\/\/luzgrandhotel.fr\/wp-content\/uploads\/2026\/05\/plats-restaurant-Aho-Fina-Grand-Hotel-Spa-Thalasso-1-1536x1027.png\" alt=\"Gerichte im Restaurant des Aho Fina Grand Hotel Spa Thalasso (1)\" \/><\/figure><\/div><div class=\"swiper-slide\" role=\"group\" aria-roledescription=\"slide\" aria-label=\"2 von 4\"><figure class=\"swiper-slide-inner\"><img decoding=\"async\" class=\"swiper-slide-image\" src=\"https:\/\/luzgrandhotel.fr\/wp-content\/uploads\/2026\/05\/plats-restaurant-Aho-Fina-Grand-Hotel-Spa-Thalasso-2-1536x1027.png\" alt=\"Gerichte im Restaurant des Aho Fina Grand Hotel Spa Thalasso (2)\" \/><\/figure><\/div><div class=\"swiper-slide\" role=\"group\" aria-roledescription=\"slide\" aria-label=\"3 von 4\"><figure class=\"swiper-slide-inner\"><img decoding=\"async\" class=\"swiper-slide-image\" src=\"https:\/\/luzgrandhotel.fr\/wp-content\/uploads\/2026\/05\/plats-restaurant-Aho-Fina-Grand-Hotel-Spa-Thalasso-4-1536x1027.png\" alt=\"Gerichte im Restaurant des Aho Fina Grand Hotel Spa Thalasso (4)\" \/><\/figure><\/div><div class=\"swiper-slide\" role=\"group\" aria-roledescription=\"slide\" aria-label=\"4 von 4\"><figure class=\"swiper-slide-inner\"><img decoding=\"async\" class=\"swiper-slide-image\" src=\"https:\/\/luzgrandhotel.fr\/wp-content\/uploads\/2026\/05\/plats-restaurant-Aho-Fina-Grand-Hotel-Spa-Thalasso-6-1536x1027.png\" alt=\"Gerichte im Restaurant des Aho Fina Grand Hotel Spa Thalasso (6)\" \/><\/figure><\/div>\t\t\t<\/div>\n\t\t\t\t\t\t\t\n\t\t\t\t\t\t\t\t\t<div class=\"swiper-pagination\"><\/div>\n\t\t\t\t\t\t\t\t\t<\/div>\n\t\t\t\t\t\t<\/div>\n\t\t\t\t<\/div>\n\t\t<div class=\"elementor-element elementor-element-0575fbd e-con-full e-flex elementor-invisible e-con e-child\" data-id=\"0575fbd\" data-element_type=\"container\" data-e-type=\"container\" data-settings=\"{&quot;animation&quot;:&quot;fadeIn&quot;}\">\n\t\t\t\t<div class=\"elementor-element elementor-element-630f481 elementor-widget elementor-widget-text-editor\" data-id=\"630f481\" data-element_type=\"widget\" data-e-type=\"widget\" data-widget_type=\"text-editor.default\">\n\t\t\t\t\t\t\t\t\t<p>Lokale und saisonale K\u00f6stlichkeiten<\/p>\t\t\t\t\t\t\t\t<\/div>\n\t\t\t\t<div class=\"elementor-element elementor-element-46232fd elementor-widget elementor-widget-heading\" data-id=\"46232fd\" data-element_type=\"widget\" data-e-type=\"widget\" data-widget_type=\"heading.default\">\n\t\t\t\t\t<h2 class=\"elementor-heading-title elementor-size-default\">Aho Fina \u2013 Ein gehobenes Restaurant<\/h2>\t\t\t\t<\/div>\n\t\t\t\t<div class=\"elementor-element elementor-element-9a4fe3b elementor-widget elementor-widget-text-editor\" data-id=\"9a4fe3b\" data-element_type=\"widget\" data-e-type=\"widget\" data-widget_type=\"text-editor.default\">\n\t\t\t\t\t\t\t\t\t<p>Mit seinem atemberaubenden Blick auf die baskische K\u00fcste l\u00e4dt das Restaurant Aho Fina Sie zu einem kulinarischen Erlebnis ein, das Eleganz, Raffinesse und Geselligkeit vereint. Jeder Teller erz\u00e4hlt eine Geschichte von Saison, Texturen und Aromen, wobei gro\u00dfer Wert auf die \u00c4sthetik und die Qualit\u00e4t der Produkte gelegt wird. <\/p><p> <\/p><p>Genie\u00dfen Sie mittags einen entspannten Moment bei einem Wochenmen\u00fc und einer Speisekarte, die K\u00f6stlichkeiten aus Land und Meer vereint und Ihnen die derzeit schmackhaftesten Produkte n\u00e4herbringt.<\/p><p> <\/p><p><b>\u00d6ffnungszeiten zum Mittagessen: Montag bis Sonntag von 12:30 bis 14:00 Uhr<\/b><\/p>\t\t\t\t\t\t\t\t<\/div>\n\t\t\t\t<div class=\"elementor-element elementor-element-c2c7512 elementor-widget elementor-widget-spacer\" data-id=\"c2c7512\" data-element_type=\"widget\" data-e-type=\"widget\" data-widget_type=\"spacer.default\">\n\t\t\t\t\t\t\t<div class=\"elementor-spacer\">\n\t\t\t<div class=\"elementor-spacer-inner\"><\/div>\n\t\t<\/div>\n\t\t\t\t\t\t<\/div>\n\t\t\t\t<div class=\"elementor-element elementor-element-f43732d elementor-invisible elementor-widget elementor-widget-button\" data-id=\"f43732d\" data-element_type=\"widget\" data-e-type=\"widget\" data-settings=\"{&quot;_animation&quot;:&quot;fadeIn&quot;}\" data-widget_type=\"button.default\">\n\t\t\t\t\t\t\t\t\t\t<a class=\"elementor-button elementor-button-link elementor-size-sm\" href=\"\/carte-dejeuner-fr\/\" target=\"_blank\">\n\t\t\t\t\t\t<span class=\"elementor-button-content-wrapper\">\n\t\t\t\t\t\t<span class=\"elementor-button-icon\">\n\t\t\t\t<svg aria-hidden=\"true\" class=\"e-font-icon-svg e-fas-book-open\" viewBox=\"0 0 576 512\" xmlns=\"http:\/\/www.w3.org\/2000\/svg\"><path d=\"M542.22 32.05c-54.8 3.11-163.72 14.43-230.96 55.59-4.64 2.84-7.27 7.89-7.27 13.17v363.87c0 11.55 12.63 18.85 23.28 13.49 69.18-34.82 169.23-44.32 218.7-46.92 16.89-.89 30.02-14.43 30.02-30.66V62.75c.01-17.71-15.35-31.74-33.77-30.7zM264.73 87.64C197.5 46.48 88.58 35.17 33.78 32.05 15.36 31.01 0 45.04 0 62.75V400.6c0 16.24 13.13 29.78 30.02 30.66 49.49 2.6 149.59 12.11 218.77 46.95 10.62 5.35 23.21-1.94 23.21-13.46V100.63c0-5.29-2.62-10.14-7.27-12.99z\"><\/path><\/svg>\t\t\t<\/span>\n\t\t\t\t\t\t\t\t\t<span class=\"elementor-button-text\">Mittagsmen\u00fc<\/span>\n\t\t\t\t\t<\/span>\n\t\t\t\t\t<\/a>\n\t\t\t\t\t\t\t\t<\/div>\n\t\t\t\t<\/div>\n\t\t\t\t\t<\/div>\n\t\t\t\t<\/div>\n\t\t<div class=\"elementor-element elementor-element-cfb6e64 e-flex e-con-boxed e-con e-parent\" data-id=\"cfb6e64\" data-element_type=\"container\" data-e-type=\"container\">\n\t\t\t\t\t<div class=\"e-con-inner\">\n\t\t<div class=\"elementor-element elementor-element-a3094a5 e-con-full e-flex elementor-invisible e-con e-child\" data-id=\"a3094a5\" data-element_type=\"container\" data-e-type=\"container\" data-settings=\"{&quot;animation&quot;:&quot;fadeIn&quot;}\">\n\t\t\t\t<div class=\"elementor-element elementor-element-5a632a7 elementor-widget elementor-widget-text-editor\" data-id=\"5a632a7\" data-element_type=\"widget\" data-e-type=\"widget\" data-widget_type=\"text-editor.default\">\n\t\t\t\t\t\t\t\t\t<p>Das Abendessen im Restaurant Aho Fina<\/p>\t\t\t\t\t\t\t\t<\/div>\n\t\t\t\t<div class=\"elementor-element elementor-element-470c705 elementor-widget elementor-widget-heading\" data-id=\"470c705\" data-element_type=\"widget\" data-e-type=\"widget\" data-widget_type=\"heading.default\">\n\t\t\t\t\t<h2 class=\"elementor-heading-title elementor-size-default\">Erlebnis bei Sonnenuntergang<\/h2>\t\t\t\t<\/div>\n\t\t\t\t<div class=\"elementor-element elementor-element-03c87bc elementor-widget elementor-widget-text-editor\" data-id=\"03c87bc\" data-element_type=\"widget\" data-e-type=\"widget\" data-widget_type=\"text-editor.default\">\n\t\t\t\t\t\t\t\t\t<p>Bei Einbruch der D\u00e4mmerung l\u00e4dt das Restaurant Aho Fina Sie ein, in eine elegante und intime kulinarische Welt mit Blick auf den Ozean einzutauchen.<\/p><p> <\/p><p>Edler Fisch, k\u00f6stliches Fleisch, raffiniert zubereitetes Gem\u00fcse \u2026 Das Abendmen\u00fc ist kreativ, ausgewogen und durch und durch gourmetorientiert.<\/p><p> <\/p><p><b>\u00d6ffnungszeiten f\u00fcr das Abendessen: Montag bis Sonntag von 19:00 bis 21:00 Uhr<\/b><\/p>\t\t\t\t\t\t\t\t<\/div>\n\t\t\t\t<div class=\"elementor-element elementor-element-4b19ba3 elementor-widget elementor-widget-spacer\" data-id=\"4b19ba3\" data-element_type=\"widget\" data-e-type=\"widget\" data-widget_type=\"spacer.default\">\n\t\t\t\t\t\t\t<div class=\"elementor-spacer\">\n\t\t\t<div class=\"elementor-spacer-inner\"><\/div>\n\t\t<\/div>\n\t\t\t\t\t\t<\/div>\n\t\t\t\t<div class=\"elementor-element elementor-element-04179d3 elementor-invisible elementor-widget elementor-widget-button\" data-id=\"04179d3\" data-element_type=\"widget\" data-e-type=\"widget\" data-settings=\"{&quot;_animation&quot;:&quot;fadeIn&quot;}\" data-widget_type=\"button.default\">\n\t\t\t\t\t\t\t\t\t\t<a class=\"elementor-button elementor-button-link elementor-size-sm\" href=\"\/carte-diner-fr\/\" target=\"_blank\">\n\t\t\t\t\t\t<span class=\"elementor-button-content-wrapper\">\n\t\t\t\t\t\t<span class=\"elementor-button-icon\">\n\t\t\t\t<svg aria-hidden=\"true\" class=\"e-font-icon-svg e-fas-book-open\" viewBox=\"0 0 576 512\" xmlns=\"http:\/\/www.w3.org\/2000\/svg\"><path d=\"M542.22 32.05c-54.8 3.11-163.72 14.43-230.96 55.59-4.64 2.84-7.27 7.89-7.27 13.17v363.87c0 11.55 12.63 18.85 23.28 13.49 69.18-34.82 169.23-44.32 218.7-46.92 16.89-.89 30.02-14.43 30.02-30.66V62.75c.01-17.71-15.35-31.74-33.77-30.7zM264.73 87.64C197.5 46.48 88.58 35.17 33.78 32.05 15.36 31.01 0 45.04 0 62.75V400.6c0 16.24 13.13 29.78 30.02 30.66 49.49 2.6 149.59 12.11 218.77 46.95 10.62 5.35 23.21-1.94 23.21-13.46V100.63c0-5.29-2.62-10.14-7.27-12.99z\"><\/path><\/svg>\t\t\t<\/span>\n\t\t\t\t\t\t\t\t\t<span class=\"elementor-button-text\">Abendkarte<\/span>\n\t\t\t\t\t<\/span>\n\t\t\t\t\t<\/a>\n\t\t\t\t\t\t\t\t<\/div>\n\t\t\t\t<\/div>\n\t\t<div class=\"elementor-element elementor-element-6f6f25b e-con-full e-flex elementor-invisible e-con e-child\" data-id=\"6f6f25b\" data-element_type=\"container\" data-e-type=\"container\" data-settings=\"{&quot;animation&quot;:&quot;fadeInRight&quot;}\">\n\t\t\t\t<div class=\"elementor-element elementor-element-6dd943d elementor-pagination-position-outside elementor-widget elementor-widget-image-carousel\" data-id=\"6dd943d\" data-element_type=\"widget\" data-e-type=\"widget\" data-settings=\"{&quot;slides_to_show&quot;:&quot;1&quot;,&quot;navigation&quot;:&quot;dots&quot;,&quot;autoplay&quot;:&quot;yes&quot;,&quot;pause_on_hover&quot;:&quot;yes&quot;,&quot;pause_on_interaction&quot;:&quot;yes&quot;,&quot;autoplay_speed&quot;:5000,&quot;infinite&quot;:&quot;yes&quot;,&quot;effect&quot;:&quot;slide&quot;,&quot;speed&quot;:500}\" data-widget_type=\"image-carousel.default\">\n\t\t\t\t\t\t\t<div class=\"elementor-image-carousel-wrapper swiper\" role=\"region\" aria-roledescription=\"carousel\" aria-label=\"Carrousel d\u2019images\" dir=\"ltr\">\n\t\t\t<div class=\"elementor-image-carousel swiper-wrapper swiper-image-stretch\" aria-live=\"off\">\n\t\t\t\t\t\t\t\t<div class=\"swiper-slide\" role=\"group\" aria-roledescription=\"slide\" aria-label=\"1 von 6\"><figure class=\"swiper-slide-inner\"><img decoding=\"async\" class=\"swiper-slide-image\" src=\"https:\/\/luzgrandhotel.fr\/wp-content\/uploads\/2025\/07\/diner-dessert-restaurant-aho-fina-luz-grand-hotel-2-768x1024.jpg\" alt=\"Dessert im Grand H\u00f4tel Saint-Jean-de-Luz, Restaurant\" \/><\/figure><\/div><div class=\"swiper-slide\" role=\"group\" aria-roledescription=\"slide\" aria-label=\"2 von 6\"><figure class=\"swiper-slide-inner\"><img decoding=\"async\" class=\"swiper-slide-image\" src=\"https:\/\/luzgrandhotel.fr\/wp-content\/uploads\/2025\/07\/diner-dessert-restaurant-aho-fina-luz-grand-hotel-3-768x1024.jpg\" alt=\"Dessert, Gourmetrestaurant, Saint-Jean-de-Luz\u200b\" \/><\/figure><\/div><div class=\"swiper-slide\" role=\"group\" aria-roledescription=\"slide\" aria-label=\"3 von 6\"><figure class=\"swiper-slide-inner\"><img decoding=\"async\" class=\"swiper-slide-image\" src=\"https:\/\/luzgrandhotel.fr\/wp-content\/uploads\/2025\/07\/diner-dessert-restaurant-aho-fina-luz-grand-hotel-768x1024.jpg\" alt=\"desser aho fina\" \/><\/figure><\/div><div class=\"swiper-slide\" role=\"group\" aria-roledescription=\"slide\" aria-label=\"4 von 6\"><figure class=\"swiper-slide-inner\"><img decoding=\"async\" class=\"swiper-slide-image\" src=\"https:\/\/luzgrandhotel.fr\/wp-content\/uploads\/2025\/07\/diner-plat-restaurant-aho-fina-luz-grand-hotel-3-768x1024.jpg\" alt=\"Gourmet-Abendessen in Saint-Jean-de-Luz\u200b\" \/><\/figure><\/div><div class=\"swiper-slide\" role=\"group\" aria-roledescription=\"slide\" aria-label=\"5 von 6\"><figure class=\"swiper-slide-inner\"><img decoding=\"async\" class=\"swiper-slide-image\" src=\"https:\/\/luzgrandhotel.fr\/wp-content\/uploads\/2025\/07\/diner-plat-restaurant-aho-fina-luz-grand-hotel-6-768x1024.jpg\" alt=\"Gericht \u201eAho Fina\u201c aus Saint-Jean-de-Luz\u200b\" \/><\/figure><\/div><div class=\"swiper-slide\" role=\"group\" aria-roledescription=\"slide\" aria-label=\"6 von 6\"><figure class=\"swiper-slide-inner\"><img decoding=\"async\" class=\"swiper-slide-image\" src=\"https:\/\/luzgrandhotel.fr\/wp-content\/uploads\/2025\/07\/diner-plat-restaurant-aho-fina-luz-grand-hotel-8-768x1024.jpg\" alt=\"Aho Fina, Saint-Jean-de-Luz\u200b\" \/><\/figure><\/div>\t\t\t<\/div>\n\t\t\t\t\t\t\t\n\t\t\t\t\t\t\t\t\t<div class=\"swiper-pagination\"><\/div>\n\t\t\t\t\t\t\t\t\t<\/div>\n\t\t\t\t\t\t<\/div>\n\t\t\t\t<\/div>\n\t\t\t\t\t<\/div>\n\t\t\t\t<\/div>\n\t\t<div class=\"elementor-element elementor-element-a3cba25 e-flex e-con-boxed elementor-invisible e-con e-parent\" data-id=\"a3cba25\" data-element_type=\"container\" data-e-type=\"container\" data-settings=\"{&quot;animation&quot;:&quot;fadeInUp&quot;}\">\n\t\t\t\t\t<div class=\"e-con-inner\">\n\t\t\t\t<div class=\"elementor-element elementor-element-c4ef2a0 elementor-widget elementor-widget-text-editor\" data-id=\"c4ef2a0\" data-element_type=\"widget\" data-e-type=\"widget\" data-widget_type=\"text-editor.default\">\n\t\t\t\t\t\t\t\t\t<p>Der K\u00fcchenchef und sein Team bieten Ihnen eine inspirierte K\u00fcche, die baskische Regionalprodukte mit internationalen Einfl\u00fcssen verbindet. G\u00f6nnen Sie sich ein einzigartiges kulinarisches Erlebnis, das von einem aufmerksamen Team in einem au\u00dfergew\u00f6hnlichen Ambiente begleitet wird. <\/p><p>Machen Sie es sich im Speisesaal oder auf der Panoramaterrasse bequem und lassen Sie sich von einem aufmerksamen Team durch ein Erlebnis begleiten, das ganz im Zeichen des Genusses und der Entdeckung steht.<\/p>\t\t\t\t\t\t\t\t<\/div>\n\t\t\t\t\t<\/div>\n\t\t\t\t<\/div>\n\t\t\t\t<\/div>\n\t\t","protected":false},"excerpt":{"rendered":"<p>Buffet mit frischen, abwechslungsreichen und regionalen Produkten Ein au\u00dfergew\u00f6hnliches Fr\u00fchst\u00fcck Beginnen Sie den Tag mit einem ganz besonderen Erlebnis: unserem Fr\u00fchst\u00fccksbuffet, das jeden Gaumen verw\u00f6hnen wird. Lassen Sie sich von einer erlesenen Auswahl an s\u00fc\u00dfen und herzhaften Speisen verf\u00fchren: goldbraunes Geb\u00e4ck, frische S\u00e4fte und Obst der Saison, Hei\u00dfgetr\u00e4nke, R\u00e4ucherlachs, R\u00fchrei, feine Wurstwaren, k\u00f6stlicher K\u00e4se \u2026 [&hellip;]<\/p>\n","protected":false},"author":2,"featured_media":0,"parent":0,"menu_order":0,"comment_status":"closed","ping_status":"closed","template":"elementor_theme","meta":{"_acf_changed":false,"footnotes":"","_members_access_role":[],"_members_access_error":""},"class_list":["post-8802","page","type-page","status-publish","hentry"],"acf":[],"yoast_head":"<!-- This site is optimized with the Yoast SEO plugin v28.4 - https:\/\/yoast.com\/product\/yoast-seo-wordpress\/ -->\n<title>Restaurant des Grand H\u00f4tel in Saint-Jean-de-Luz - Luz Grand Hotel<\/title>\n<meta name=\"description\" content=\"Aho Fina, das Gourmetrestaurant des Grand H\u00f4tel in Saint-Jean-de-Luz. Eine raffinierte K\u00fcche mit Gerichten aus Land und Meer in einem au\u00dfergew\u00f6hnlichen Ambiente.\" \/>\n<meta name=\"robots\" content=\"index, follow, max-snippet:-1, max-image-preview:large, max-video-preview:-1\" \/>\n<link rel=\"canonical\" href=\"https:\/\/luzgrandhotel.fr\/de\/restaurant-aho-fina\/\" \/>\n<meta property=\"og:locale\" content=\"de_DE\" \/>\n<meta property=\"og:type\" content=\"article\" \/>\n<meta property=\"og:title\" content=\"Restaurant des Grand H\u00f4tel in Saint-Jean-de-Luz - Luz Grand Hotel\" \/>\n<meta property=\"og:description\" content=\"Aho Fina, das Gourmetrestaurant des Grand H\u00f4tel in Saint-Jean-de-Luz. Eine raffinierte K\u00fcche mit Gerichten aus Land und Meer in einem au\u00dfergew\u00f6hnlichen Ambiente.\" \/>\n<meta property=\"og:url\" content=\"https:\/\/luzgrandhotel.fr\/de\/restaurant-aho-fina\/\" \/>\n<meta property=\"og:site_name\" content=\"Luz Grand Hotel\" \/>\n<meta property=\"article:publisher\" content=\"https:\/\/www.facebook.com\/luzgrandhotel\/\" \/>\n<meta property=\"article:modified_time\" content=\"2026-09-04T13:14:14+00:00\" \/>\n<meta property=\"og:image\" content=\"https:\/\/luzgrandhotel.fr\/wp-content\/uploads\/2025\/08\/petit-dejeuner-grand-hotel-thalasso-spa-saint-jean-de-luz-egentils-2.jpg\" \/>\n<meta name=\"twitter:card\" content=\"summary_large_image\" \/>\n<meta name=\"twitter:label1\" content=\"Gesch\u00e4tzte Lesezeit\" \/>\n\t<meta name=\"twitter:data1\" content=\"2 Minuten\" \/>\n<script type=\"application\/ld+json\" class=\"yoast-schema-graph\">{\"@context\":\"https:\\\/\\\/schema.org\",\"@graph\":[{\"@type\":\"WebPage\",\"@id\":\"https:\\\/\\\/luzgrandhotel.fr\\\/de\\\/restaurant-aho-fina\\\/\",\"url\":\"https:\\\/\\\/luzgrandhotel.fr\\\/de\\\/restaurant-aho-fina\\\/\",\"name\":\"Restaurant des Grand H\u00f4tel in Saint-Jean-de-Luz - Luz Grand Hotel\",\"isPartOf\":{\"@id\":\"https:\\\/\\\/luzgrandhotel.fr\\\/de\\\/#website\"},\"primaryImageOfPage\":{\"@id\":\"https:\\\/\\\/luzgrandhotel.fr\\\/de\\\/restaurant-aho-fina\\\/#primaryimage\"},\"image\":{\"@id\":\"https:\\\/\\\/luzgrandhotel.fr\\\/de\\\/restaurant-aho-fina\\\/#primaryimage\"},\"thumbnailUrl\":\"https:\\\/\\\/luzgrandhotel.fr\\\/wp-content\\\/uploads\\\/2025\\\/08\\\/petit-dejeuner-grand-hotel-thalasso-spa-saint-jean-de-luz-egentils-2.jpg\",\"datePublished\":\"2025-04-16T21:53:13+00:00\",\"dateModified\":\"2026-09-04T13:14:14+00:00\",\"description\":\"Aho Fina, das Gourmetrestaurant des Grand H\u00f4tel in Saint-Jean-de-Luz. Eine raffinierte K\u00fcche mit Gerichten aus Land und Meer in einem au\u00dfergew\u00f6hnlichen Ambiente.\",\"breadcrumb\":{\"@id\":\"https:\\\/\\\/luzgrandhotel.fr\\\/de\\\/restaurant-aho-fina\\\/#breadcrumb\"},\"inLanguage\":\"de\",\"potentialAction\":[{\"@type\":\"ReadAction\",\"target\":[\"https:\\\/\\\/luzgrandhotel.fr\\\/de\\\/restaurant-aho-fina\\\/\"]}]},{\"@type\":\"ImageObject\",\"inLanguage\":\"de\",\"@id\":\"https:\\\/\\\/luzgrandhotel.fr\\\/de\\\/restaurant-aho-fina\\\/#primaryimage\",\"url\":\"https:\\\/\\\/luzgrandhotel.fr\\\/wp-content\\\/uploads\\\/2025\\\/08\\\/petit-dejeuner-grand-hotel-thalasso-spa-saint-jean-de-luz-egentils-2.jpg\",\"contentUrl\":\"https:\\\/\\\/luzgrandhotel.fr\\\/wp-content\\\/uploads\\\/2025\\\/08\\\/petit-dejeuner-grand-hotel-thalasso-spa-saint-jean-de-luz-egentils-2.jpg\"},{\"@type\":\"BreadcrumbList\",\"@id\":\"https:\\\/\\\/luzgrandhotel.fr\\\/de\\\/restaurant-aho-fina\\\/#breadcrumb\",\"itemListElement\":[{\"@type\":\"ListItem\",\"position\":1,\"name\":\"Accueil\",\"item\":\"https:\\\/\\\/luzgrandhotel.fr\\\/de\\\/startseite\\\/\"},{\"@type\":\"ListItem\",\"position\":2,\"name\":\"Restaurant Aho Fina\"}]},{\"@type\":\"WebSite\",\"@id\":\"https:\\\/\\\/luzgrandhotel.fr\\\/de\\\/#website\",\"url\":\"https:\\\/\\\/luzgrandhotel.fr\\\/de\\\/\",\"name\":\"Luz Grand Hotel\",\"description\":\"\",\"publisher\":{\"@id\":\"https:\\\/\\\/luzgrandhotel.fr\\\/de\\\/#organization\"},\"potentialAction\":[{\"@type\":\"SearchAction\",\"target\":{\"@type\":\"EntryPoint\",\"urlTemplate\":\"https:\\\/\\\/luzgrandhotel.fr\\\/de\\\/?s={search_term_string}\"},\"query-input\":{\"@type\":\"PropertyValueSpecification\",\"valueRequired\":true,\"valueName\":\"search_term_string\"}}],\"inLanguage\":\"de\"},{\"@type\":\"Organization\",\"@id\":\"https:\\\/\\\/luzgrandhotel.fr\\\/de\\\/#organization\",\"name\":\"Luz Grand Hotel\",\"url\":\"https:\\\/\\\/luzgrandhotel.fr\\\/de\\\/\",\"logo\":{\"@type\":\"ImageObject\",\"inLanguage\":\"de\",\"@id\":\"https:\\\/\\\/luzgrandhotel.fr\\\/de\\\/#\\\/schema\\\/logo\\\/image\\\/\",\"url\":\"https:\\\/\\\/luzgrandhotel.fr\\\/wp-content\\\/uploads\\\/2025\\\/04\\\/logo-grand-hotel-luz.svg\",\"contentUrl\":\"https:\\\/\\\/luzgrandhotel.fr\\\/wp-content\\\/uploads\\\/2025\\\/04\\\/logo-grand-hotel-luz.svg\",\"caption\":\"Luz Grand Hotel\"},\"image\":{\"@id\":\"https:\\\/\\\/luzgrandhotel.fr\\\/de\\\/#\\\/schema\\\/logo\\\/image\\\/\"},\"sameAs\":[\"https:\\\/\\\/www.facebook.com\\\/luzgrandhotel\\\/\",\"https:\\\/\\\/www.instagram.com\\\/luzgrandhotel\\\/\",\"https:\\\/\\\/www.linkedin.com\\\/company\\\/72327768\\\/admin\\\/dashboard\\\/\"]}]}<\/script>\n<!-- \/ Yoast SEO plugin. -->","yoast_head_json":{"title":"Restaurant des Grand H\u00f4tel in Saint-Jean-de-Luz - Luz Grand Hotel","description":"Aho Fina, das Gourmetrestaurant des Grand H\u00f4tel in Saint-Jean-de-Luz. Eine raffinierte K\u00fcche mit Gerichten aus Land und Meer in einem au\u00dfergew\u00f6hnlichen Ambiente.","robots":{"index":"index","follow":"follow","max-snippet":"max-snippet:-1","max-image-preview":"max-image-preview:large","max-video-preview":"max-video-preview:-1"},"canonical":"https:\/\/luzgrandhotel.fr\/de\/restaurant-aho-fina\/","og_locale":"de_DE","og_type":"article","og_title":"Restaurant des Grand H\u00f4tel in Saint-Jean-de-Luz - Luz Grand Hotel","og_description":"Aho Fina, das Gourmetrestaurant des Grand H\u00f4tel in Saint-Jean-de-Luz. Eine raffinierte K\u00fcche mit Gerichten aus Land und Meer in einem au\u00dfergew\u00f6hnlichen Ambiente.","og_url":"https:\/\/luzgrandhotel.fr\/de\/restaurant-aho-fina\/","og_site_name":"Luz Grand Hotel","article_publisher":"https:\/\/www.facebook.com\/luzgrandhotel\/","article_modified_time":"2026-09-04T13:14:14+00:00","og_image":[{"url":"https:\/\/luzgrandhotel.fr\/wp-content\/uploads\/2025\/08\/petit-dejeuner-grand-hotel-thalasso-spa-saint-jean-de-luz-egentils-2.jpg","type":"","width":"","height":""}],"twitter_card":"summary_large_image","twitter_misc":{"Gesch\u00e4tzte Lesezeit":"2 Minuten"},"schema":{"@context":"https:\/\/schema.org","@graph":[{"@type":"WebPage","@id":"https:\/\/luzgrandhotel.fr\/de\/restaurant-aho-fina\/","url":"https:\/\/luzgrandhotel.fr\/de\/restaurant-aho-fina\/","name":"Restaurant des Grand H\u00f4tel in Saint-Jean-de-Luz - Luz Grand Hotel","isPartOf":{"@id":"https:\/\/luzgrandhotel.fr\/de\/#website"},"primaryImageOfPage":{"@id":"https:\/\/luzgrandhotel.fr\/de\/restaurant-aho-fina\/#primaryimage"},"image":{"@id":"https:\/\/luzgrandhotel.fr\/de\/restaurant-aho-fina\/#primaryimage"},"thumbnailUrl":"https:\/\/luzgrandhotel.fr\/wp-content\/uploads\/2025\/08\/petit-dejeuner-grand-hotel-thalasso-spa-saint-jean-de-luz-egentils-2.jpg","datePublished":"2025-04-16T21:53:13+00:00","dateModified":"2026-09-04T13:14:14+00:00","description":"Aho Fina, das Gourmetrestaurant des Grand H\u00f4tel in Saint-Jean-de-Luz. Eine raffinierte K\u00fcche mit Gerichten aus Land und Meer in einem au\u00dfergew\u00f6hnlichen Ambiente.","breadcrumb":{"@id":"https:\/\/luzgrandhotel.fr\/de\/restaurant-aho-fina\/#breadcrumb"},"inLanguage":"de","potentialAction":[{"@type":"ReadAction","target":["https:\/\/luzgrandhotel.fr\/de\/restaurant-aho-fina\/"]}]},{"@type":"ImageObject","inLanguage":"de","@id":"https:\/\/luzgrandhotel.fr\/de\/restaurant-aho-fina\/#primaryimage","url":"https:\/\/luzgrandhotel.fr\/wp-content\/uploads\/2025\/08\/petit-dejeuner-grand-hotel-thalasso-spa-saint-jean-de-luz-egentils-2.jpg","contentUrl":"https:\/\/luzgrandhotel.fr\/wp-content\/uploads\/2025\/08\/petit-dejeuner-grand-hotel-thalasso-spa-saint-jean-de-luz-egentils-2.jpg"},{"@type":"BreadcrumbList","@id":"https:\/\/luzgrandhotel.fr\/de\/restaurant-aho-fina\/#breadcrumb","itemListElement":[{"@type":"ListItem","position":1,"name":"Accueil","item":"https:\/\/luzgrandhotel.fr\/de\/startseite\/"},{"@type":"ListItem","position":2,"name":"Restaurant Aho Fina"}]},{"@type":"WebSite","@id":"https:\/\/luzgrandhotel.fr\/de\/#website","url":"https:\/\/luzgrandhotel.fr\/de\/","name":"Luz Grand Hotel","description":"","publisher":{"@id":"https:\/\/luzgrandhotel.fr\/de\/#organization"},"potentialAction":[{"@type":"SearchAction","target":{"@type":"EntryPoint","urlTemplate":"https:\/\/luzgrandhotel.fr\/de\/?s={search_term_string}"},"query-input":{"@type":"PropertyValueSpecification","valueRequired":true,"valueName":"search_term_string"}}],"inLanguage":"de"},{"@type":"Organization","@id":"https:\/\/luzgrandhotel.fr\/de\/#organization","name":"Luz Grand Hotel","url":"https:\/\/luzgrandhotel.fr\/de\/","logo":{"@type":"ImageObject","inLanguage":"de","@id":"https:\/\/luzgrandhotel.fr\/de\/#\/schema\/logo\/image\/","url":"https:\/\/luzgrandhotel.fr\/wp-content\/uploads\/2025\/04\/logo-grand-hotel-luz.svg","contentUrl":"https:\/\/luzgrandhotel.fr\/wp-content\/uploads\/2025\/04\/logo-grand-hotel-luz.svg","caption":"Luz Grand Hotel"},"image":{"@id":"https:\/\/luzgrandhotel.fr\/de\/#\/schema\/logo\/image\/"},"sameAs":["https:\/\/www.facebook.com\/luzgrandhotel\/","https:\/\/www.instagram.com\/luzgrandhotel\/","https:\/\/www.linkedin.com\/company\/72327768\/admin\/dashboard\/"]}]}},"_links":{"self":[{"href":"https:\/\/luzgrandhotel.fr\/de\/wp-json\/wp\/v2\/pages\/8802","targetHints":{"allow":["GET"]}}],"collection":[{"href":"https:\/\/luzgrandhotel.fr\/de\/wp-json\/wp\/v2\/pages"}],"about":[{"href":"https:\/\/luzgrandhotel.fr\/de\/wp-json\/wp\/v2\/types\/page"}],"author":[{"embeddable":true,"href":"https:\/\/luzgrandhotel.fr\/de\/wp-json\/wp\/v2\/users\/2"}],"replies":[{"embeddable":true,"href":"https:\/\/luzgrandhotel.fr\/de\/wp-json\/wp\/v2\/comments?post=8802"}],"version-history":[{"count":1,"href":"https:\/\/luzgrandhotel.fr\/de\/wp-json\/wp\/v2\/pages\/8802\/revisions"}],"predecessor-version":[{"id":8878,"href":"https:\/\/luzgrandhotel.fr\/de\/wp-json\/wp\/v2\/pages\/8802\/revisions\/8878"}],"wp:attachment":[{"href":"https:\/\/luzgrandhotel.fr\/de\/wp-json\/wp\/v2\/media?parent=8802"}],"curies":[{"name":"wp","href":"https:\/\/api.w.org\/{rel}","templated":true}]}}