{"id":8849,"date":"2025-04-16T23:45:26","date_gmt":"2025-04-16T21:45:26","guid":{"rendered":"https:\/\/luzgrandhotel.fr\/das-grand-hotel-entdecken\/"},"modified":"2026-09-04T15:14:16","modified_gmt":"2026-09-04T13:14:16","slug":"das-grand-hotel-entdecken","status":"publish","type":"page","link":"https:\/\/luzgrandhotel.fr\/de\/das-grand-hotel-entdecken\/","title":{"rendered":"5-Sterne-Hotel"},"content":{"rendered":"\t\t<div data-elementor-type=\"wp-page\" data-elementor-id=\"8849\" class=\"elementor elementor-8849 elementor-67\" data-elementor-post-type=\"page\">\n\t\t\t\t<div class=\"elementor-element elementor-element-72bb1b2d e-con-full e-flex e-con e-parent\" data-id=\"72bb1b2d\" data-element_type=\"container\" data-e-type=\"container\" data-settings=\"{&quot;background_background&quot;:&quot;classic&quot;,&quot;background_motion_fx_motion_fx_scrolling&quot;:&quot;yes&quot;,&quot;background_motion_fx_translateY_effect&quot;:&quot;yes&quot;,&quot;background_motion_fx_translateY_speed&quot;:{&quot;unit&quot;:&quot;px&quot;,&quot;size&quot;:4,&quot;sizes&quot;:[]},&quot;background_motion_fx_translateY_affectedRange&quot;:{&quot;unit&quot;:&quot;%&quot;,&quot;size&quot;:&quot;&quot;,&quot;sizes&quot;:{&quot;start&quot;:0,&quot;end&quot;:100}},&quot;background_motion_fx_devices&quot;:[&quot;desktop&quot;,&quot;tablet&quot;,&quot;mobile&quot;]}\">\n\t\t\t\t<\/div>\n\t\t<div class=\"elementor-element elementor-element-49fb9381 e-flex e-con-boxed e-con e-parent\" data-id=\"49fb9381\" data-element_type=\"container\" data-e-type=\"container\">\n\t\t\t\t\t<div class=\"e-con-inner\">\n\t\t\t\t<div class=\"elementor-element elementor-element-826a6d1 elementor-align-center elementor-widget elementor-widget-breadcrumbs\" data-id=\"826a6d1\" data-element_type=\"widget\" data-e-type=\"widget\" data-widget_type=\"breadcrumbs.default\">\n\t\t\t\t\t<p id=\"breadcrumbs\"><span><span><a href=\"https:\/\/luzgrandhotel.fr\/de\/startseite\/\">Accueil<\/a><\/span><\/span><\/p>\t\t\t\t<\/div>\n\t\t\t\t\t<\/div>\n\t\t\t\t<\/div>\n\t\t<section class=\"elementor-element elementor-element-04e7e25 e-flex e-con-boxed e-con e-parent\" data-id=\"04e7e25\" data-element_type=\"container\" data-e-type=\"container\">\n\t\t\t\t\t<div class=\"e-con-inner\">\n\t\t<div class=\"elementor-element elementor-element-9b60eb6 e-flex e-con-boxed e-con e-child\" data-id=\"9b60eb6\" data-element_type=\"container\" data-e-type=\"container\">\n\t\t\t\t\t<div class=\"e-con-inner\">\n\t\t\t\t<div class=\"elementor-element elementor-element-1515d71 elementor-invisible elementor-widget elementor-widget-image\" data-id=\"1515d71\" data-element_type=\"widget\" data-e-type=\"widget\" data-settings=\"{&quot;_animation&quot;:&quot;fadeInDown&quot;}\" data-widget_type=\"image.default\">\n\t\t\t\t\t\t\t\t\t\t\t\t\t\t\t<img decoding=\"async\" width=\"119\" height=\"15\" src=\"https:\/\/luzgrandhotel.fr\/wp-content\/uploads\/2025\/05\/Group-28-_1_.webp\" class=\"attachment-large size-large wp-image-8731\" alt=\"\" \/>\t\t\t\t\t\t\t\t\t\t\t\t\t\t\t<\/div>\n\t\t\t\t<div class=\"elementor-element elementor-element-bcc82bc elementor-invisible elementor-widget elementor-widget-text-editor\" data-id=\"bcc82bc\" data-element_type=\"widget\" data-e-type=\"widget\" data-settings=\"{&quot;_animation&quot;:&quot;slideInUp&quot;}\" data-widget_type=\"text-editor.default\">\n\t\t\t\t\t\t\t\t\t<p>Das Grand H\u00f4tel de Saint-Jean-de-Luz hat es verstanden, den zeitlosen Charme seiner historischen Vorz\u00fcge \u2013 Kassettendecken, Marmor mit Cabochon-Verzierungen und die majest\u00e4tische Holztreppe \u2013 in einem subtil neu interpretierten und modernisierten Ambiente zu bewahren. Seine raffinierte, vom Art-D\u00e9co-Stil inspirierte Einrichtung verk\u00f6rpert den diskreten Luxus eines charaktervollen 5-Sterne-Hotels, das im Herzen von Saint-Jean-de-Luz liegt und den Blick auf die Weite des Atlantiks bietet. <\/p>\t\t\t\t\t\t\t\t<\/div>\n\t\t\t\t\t<\/div>\n\t\t\t\t<\/div>\n\t\t\t\t\t<\/div>\n\t\t\t\t<\/section>\n\t\t<section class=\"elementor-element elementor-element-15fd582 e-grid e-con-boxed elementor-invisible e-con e-parent\" data-id=\"15fd582\" data-element_type=\"container\" data-e-type=\"container\" data-settings=\"{&quot;animation&quot;:&quot;fadeIn&quot;}\">\n\t\t\t\t\t<div class=\"e-con-inner\">\n\t\t<div class=\"elementor-element elementor-element-e87663e e-con-full e-flex e-con e-child\" data-id=\"e87663e\" data-element_type=\"container\" data-e-type=\"container\" data-settings=\"{&quot;background_background&quot;:&quot;classic&quot;}\">\n\t\t\t\t<div class=\"elementor-element elementor-element-ff7d176 elementor-widget elementor-widget-heading\" data-id=\"ff7d176\" data-element_type=\"widget\" data-e-type=\"widget\" data-widget_type=\"heading.default\">\n\t\t\t\t\t<h2 class=\"elementor-heading-title elementor-size-default\">Unterkunft<\/h2>\t\t\t\t<\/div>\n\t\t\t\t<div class=\"elementor-element elementor-element-453295e elementor-widget elementor-widget-text-editor\" data-id=\"453295e\" data-element_type=\"widget\" data-e-type=\"widget\" data-widget_type=\"text-editor.default\">\n\t\t\t\t\t\t\t\t\t<p>5-Sterne-Hotel \u201e<br\/>\u201c \u2013 52 Zimmer und Suiten \u2013<br\/>\u2013 3 barrierefreie Zimmer<\/p>\t\t\t\t\t\t\t\t<\/div>\n\t\t\t\t<\/div>\n\t\t<div class=\"elementor-element elementor-element-2e82d6a e-con-full e-flex e-con e-child\" data-id=\"2e82d6a\" data-element_type=\"container\" data-e-type=\"container\" data-settings=\"{&quot;background_background&quot;:&quot;classic&quot;}\">\n\t\t\t\t<div class=\"elementor-element elementor-element-3d927f2 elementor-widget elementor-widget-heading\" data-id=\"3d927f2\" data-element_type=\"widget\" data-e-type=\"widget\" data-widget_type=\"heading.default\">\n\t\t\t\t\t<h2 class=\"elementor-heading-title elementor-size-default\">Gastronomie &amp; Entspannung<\/h2>\t\t\t\t<\/div>\n\t\t\t\t<div class=\"elementor-element elementor-element-3a999e5 elementor-widget elementor-widget-text-editor\" data-id=\"3a999e5\" data-element_type=\"widget\" data-e-type=\"widget\" data-widget_type=\"text-editor.default\">\n\t\t\t\t\t\t\t\t\t<p>Restaurant \u201eAho Fina\u201c<br\/>Lounge-Bar \u201eLe Clipper\u201c mit Blick auf den Ozean<br\/>Loreamar Thalasso Spa<br\/>T\u00e4gliche Unterhaltungsprogramme und Aktivit\u00e4ten<\/p>\t\t\t\t\t\t\t\t<\/div>\n\t\t\t\t<\/div>\n\t\t<div class=\"elementor-element elementor-element-f245734 e-con-full e-flex e-con e-child\" data-id=\"f245734\" data-element_type=\"container\" data-e-type=\"container\" data-settings=\"{&quot;background_background&quot;:&quot;classic&quot;}\">\n\t\t\t\t<div class=\"elementor-element elementor-element-6e150a1 elementor-widget elementor-widget-heading\" data-id=\"6e150a1\" data-element_type=\"widget\" data-e-type=\"widget\" data-widget_type=\"heading.default\">\n\t\t\t\t\t<h2 class=\"elementor-heading-title elementor-size-default\">Dienstleistungen &amp; Barrierefreiheit<\/h2>\t\t\t\t<\/div>\n\t\t\t\t<div class=\"elementor-element elementor-element-0376153 elementor-widget elementor-widget-text-editor\" data-id=\"0376153\" data-element_type=\"widget\" data-e-type=\"widget\" data-widget_type=\"text-editor.default\">\n\t\t\t\t\t\t\t\t\t<p>Concierge-Service &#038; Etagenservice<br\/>Gep\u00e4ckaufbewahrung &#038; Parkservice<br\/>Parkhaus: <br\/> \u2013 32 \u20ac pro Tag (ohne Aufladung)<br\/> \u2013 42 \u20ac pro Tag (mit Aufladung)<br\/>1 Tagungsraum<br\/>Kostenloses WLAN &#038; Klimaanlage<br\/>Fitnessraum<\/p>\t\t\t\t\t\t\t\t<\/div>\n\t\t\t\t<\/div>\n\t\t\t\t\t<\/div>\n\t\t\t\t<\/section>\n\t\t<div class=\"elementor-element elementor-element-9dea4d9 e-flex e-con-boxed e-con e-parent\" data-id=\"9dea4d9\" data-element_type=\"container\" data-e-type=\"container\">\n\t\t\t\t\t<div class=\"e-con-inner\">\n\t\t\t\t<div class=\"elementor-element elementor-element-e61f0c3 elementor-align-center elementor-widget elementor-widget-button\" data-id=\"e61f0c3\" data-element_type=\"widget\" data-e-type=\"widget\" data-widget_type=\"button.default\">\n\t\t\t\t\t\t\t\t\t\t<a class=\"elementor-button elementor-button-link elementor-size-sm\" href=\"https:\/\/www.book-secure.com\/index.php?s=results&#038;property=frsai31523&#038;arrival=2025-05-27&#038;departure=2025-05-28&#038;adults1=1&#038;children1=0&#038;locale=fr_FR&#038;currency=EUR&#038;stid=pjxde3uzt&#038;Clusternames=FRSAIHTLGrandHotelTh&#038;cluster=FRSAIHTLGrandHotelTh&#038;Hotelnames=FRSAIHTLGrandHotelTh&#038;hname=FRSAIHTLGrandHotelTh&#038;arrivalDateValue=2025-05-27&#038;fromday=27&#038;frommonth=05&#038;fromyear=2025&#038;departureDateValue=2025-05-28&#038;today=28&#038;tomonth=05&#038;toyear=2025&#038;sdah_cid=83700137.1744703433&#038;sdah_sid=1748333163&#038;redir=BIZ-so5523q0o4&#038;rt=1748333490\" target=\"_blank\">\n\t\t\t\t\t\t<span class=\"elementor-button-content-wrapper\">\n\t\t\t\t\t\t\t\t\t<span class=\"elementor-button-text\">Buchen<\/span>\n\t\t\t\t\t<\/span>\n\t\t\t\t\t<\/a>\n\t\t\t\t\t\t\t\t<\/div>\n\t\t\t\t\t<\/div>\n\t\t\t\t<\/div>\n\t\t<section class=\"elementor-element elementor-element-c883a11 e-flex e-con-boxed e-con e-parent\" data-id=\"c883a11\" data-element_type=\"container\" data-e-type=\"container\">\n\t\t\t\t\t<div class=\"e-con-inner\">\n\t\t\t\t<div class=\"elementor-element elementor-element-25ffc39 bdt-ps-image-match-height--yes elementor-widget elementor-widget-prime-slider-sequester\" data-id=\"25ffc39\" data-element_type=\"widget\" data-e-type=\"widget\" data-widget_type=\"prime-slider-sequester.default\">\n\t\t\t\t\t\t\t<div class=\"bdt-prime-slider\">\n\t\t\t<div class=\"bdt-prime-slider-sequester\">\n\t\t\t\t<div class=\"bdt-position-relative bdt-visible-toggle\" id=\"bdt-25ffc39\" bdt-slideshow=\"{&quot;animation&quot;:&quot;fade&quot;,&quot;ratio&quot;:&quot;16:9&quot;,&quot;min-height&quot;:&quot;540&quot;,&quot;autoplay&quot;:true,&quot;autoplay-interval&quot;:9000,&quot;pause-on-hover&quot;:true,&quot;velocity&quot;:1,&quot;finite&quot;:false}\">\n\t\t\t\t\t<ul class=\"bdt-slideshow-items\">\n\t\t\t\t\t\t\n            <li class=\"bdt-slideshow-item bdt-flex bdt-flex-row bdt-flex-middle elementor-repeater-item-6492204 \">\n\n                    \n\t\t<div class=\"bdt-prime-slider-content\">\n\t\t\t<div class=\"bdt-prime-slider-desc\">\n\n\t\t\t\t\t\t\t\t\t<div class=\"bdt-sub-title\">\n\t\t\t\t\t\t<p class=\"bdt-sub-title-inner\" data-bdt-slideshow-parallax=\"y: 50,0,-50; opacity: 1,1,0\" data-reveal=\"reveal-active\">\n\t\t\t\t\t\t\tSegeln im Urlaub\t\t\t\t\t\t<\/p>\n\t\t\t\t\t<\/div>\n\t\t\t\t\n\t\t\t\t\t\t\t\t\t<div class=\"bdt-main-title\">\n\t\t\t\t\t\t<h2 class=\"bdt-title-tag\" data-bdt-slideshow-parallax=\"y: 50,0,-50; opacity: 1,1,0\" data-reveal=\"reveal-active\">\n\t\t\t\t\t\t\t\t\t\t\t\t\t\t\t<span class=\"frist-word\">Eine<\/span> sich wandelnde Berufung\t\t\t\t\t\t\t\t\t\t\t\t\t\t<\/h2>\n\t\t\t\t\t<\/div>\n\t\t\t\t\n\t\t\t\t\t\t\t\t\t<div class=\"bdt-slider-excerpt\" data-bdt-slideshow-parallax=\"y: 100,0,-80; opacity: 1,1,0\" data-reveal=\"reveal-active\">\n\t\t\t\t\t\t<p>Im 19. Jahrhundert begann der Wandel des Hafens von Saint-Jean-de-Luz, der fr\u00fcher auf den Wal- und Kabeljaufang ausgerichtet war. Auf Betreiben von Napoleon III. und Kaiserin Eug\u00e9nie entwickelte sich die Stadt zu einem beliebten Urlaubsort f\u00fcr die K\u00f6nigsh\u00e4user. <\/p>\n\t\t\t\t\t<\/div>\n\t\t\t\t\n\t\t\t\t<div class=\"bdt-button-wrapper\" data-bdt-slideshow-parallax=\"y: 150,0,-100; opacity: 1,1,0\">\n\t\t\t\t\t\n\t\t\t\t\t\t<\/div>\n\t\t\t\t\n\t\t\t<\/div>\n\t\t<\/div>\n\n        \n                    <div class=\"bdt-slide-image\" style=\"background-image: url('https:\/\/luzgrandhotel.fr\/wp-content\/uploads\/2025\/06\/1899-grand-hotel.png');\">\n                        \n                    <\/div>\n            <\/li>\n\n        \n            <li class=\"bdt-slideshow-item bdt-flex bdt-flex-row bdt-flex-middle elementor-repeater-item-9a146fb \">\n\n                    \n\t\t<div class=\"bdt-prime-slider-content\">\n\t\t\t<div class=\"bdt-prime-slider-desc\">\n\n\t\t\t\t\t\t\t\t\t<div class=\"bdt-sub-title\">\n\t\t\t\t\t\t<p class=\"bdt-sub-title-inner\" data-bdt-slideshow-parallax=\"y: 50,0,-50; opacity: 1,1,0\" data-reveal=\"reveal-active\">\n\t\t\t\t\t\t\tDie Anf\u00e4nge des Luxus am Meer\t\t\t\t\t\t<\/p>\n\t\t\t\t\t<\/div>\n\t\t\t\t\n\t\t\t\t\t\t\t\t\t<div class=\"bdt-main-title\">\n\t\t\t\t\t\t<h2 class=\"bdt-title-tag\" data-bdt-slideshow-parallax=\"y: 50,0,-50; opacity: 1,1,0\" data-reveal=\"reveal-active\">\n\t\t\t\t\t\t\t\t\t\t\t\t\t\t\t<span class=\"frist-word\">Die<\/span> Entstehung eines legend\u00e4ren Hotels\t\t\t\t\t\t\t\t\t\t\t\t\t\t<\/h2>\n\t\t\t\t\t<\/div>\n\t\t\t\t\n\t\t\t\t\t\t\t\t\t<div class=\"bdt-slider-excerpt\" data-bdt-slideshow-parallax=\"y: 100,0,-80; opacity: 1,1,0\" data-reveal=\"reveal-active\">\n\t\t\t\t\t\t<p>Das Ende des 19. Jahrhunderts war gepr\u00e4gt vom Ausbau der touristischen Infrastruktur. Unter diesen Einrichtungen gilt das H\u00f4tel Terminus, das in den D\u00fcnen am Rande der Stadt errichtet wurde, als Vorreiter. Es wurde sp\u00e4ter zum Grand H\u00f4tel.  <\/p>\n\t\t\t\t\t<\/div>\n\t\t\t\t\n\t\t\t\t<div class=\"bdt-button-wrapper\" data-bdt-slideshow-parallax=\"y: 150,0,-100; opacity: 1,1,0\">\n\t\t\t\t\t\n\t\t\t\t\t\t<\/div>\n\t\t\t\t\n\t\t\t<\/div>\n\t\t<\/div>\n\n        \n                    <div class=\"bdt-slide-image\" style=\"background-image: url('https:\/\/luzgrandhotel.fr\/wp-content\/uploads\/2025\/06\/grand-hotel-epoque.jpg');\">\n                        \n                    <\/div>\n            <\/li>\n\n        \n            <li class=\"bdt-slideshow-item bdt-flex bdt-flex-row bdt-flex-middle elementor-repeater-item-856c3cf \">\n\n                    \n\t\t<div class=\"bdt-prime-slider-content\">\n\t\t\t<div class=\"bdt-prime-slider-desc\">\n\n\t\t\t\t\t\t\t\t\t<div class=\"bdt-sub-title\">\n\t\t\t\t\t\t<p class=\"bdt-sub-title-inner\" data-bdt-slideshow-parallax=\"y: 50,0,-50; opacity: 1,1,0\" data-reveal=\"reveal-active\">\n\t\t\t\t\t\t\tWenn das Feuer formt\t\t\t\t\t\t<\/p>\n\t\t\t\t\t<\/div>\n\t\t\t\t\n\t\t\t\t\t\t\t\t\t<div class=\"bdt-main-title\">\n\t\t\t\t\t\t<h2 class=\"bdt-title-tag\" data-bdt-slideshow-parallax=\"y: 50,0,-50; opacity: 1,1,0\" data-reveal=\"reveal-active\">\n\t\t\t\t\t\t\t\t\t\t\t\t\t\t\t<span class=\"frist-word\">Wiederaufstieg<\/span> nach dem Brand\t\t\t\t\t\t\t\t\t\t\t\t\t\t<\/h2>\n\t\t\t\t\t<\/div>\n\t\t\t\t\n\t\t\t\t\t\t\t\t\t<div class=\"bdt-slider-excerpt\" data-bdt-slideshow-parallax=\"y: 100,0,-80; opacity: 1,1,0\" data-reveal=\"reveal-active\">\n\t\t\t\t\t\t<p>Im Jahr 1904 wurde das H\u00f4tel Terminus durch einen Brand zerst\u00f6rt.<br \/>Es entstand in einer luxuri\u00f6seren und moderneren Form neu: das Modern H\u00f4tel, das gr\u00f6\u00dfer war und auf Eleganz und Komfort ausgerichtet war.<\/p>\n\t\t\t\t\t<\/div>\n\t\t\t\t\n\t\t\t\t<div class=\"bdt-button-wrapper\" data-bdt-slideshow-parallax=\"y: 150,0,-100; opacity: 1,1,0\">\n\t\t\t\t\t\n\t\t\t\t\t\t<\/div>\n\t\t\t\t\n\t\t\t<\/div>\n\t\t<\/div>\n\n        \n                    <div class=\"bdt-slide-image\" style=\"background-image: url('https:\/\/luzgrandhotel.fr\/wp-content\/uploads\/2025\/06\/grand-hotel-terminus.jpg');\">\n                        \n                    <\/div>\n            <\/li>\n\n        \n            <li class=\"bdt-slideshow-item bdt-flex bdt-flex-row bdt-flex-middle elementor-repeater-item-2da34cc \">\n\n                    \n\t\t<div class=\"bdt-prime-slider-content\">\n\t\t\t<div class=\"bdt-prime-slider-desc\">\n\n\t\t\t\t\t\t\t\t\t<div class=\"bdt-sub-title\">\n\t\t\t\t\t\t<p class=\"bdt-sub-title-inner\" data-bdt-slideshow-parallax=\"y: 50,0,-50; opacity: 1,1,0\" data-reveal=\"reveal-active\">\n\t\t\t\t\t\t\tEin Name, eine Geschichte, eine Wiedergeburt\t\t\t\t\t\t<\/p>\n\t\t\t\t\t<\/div>\n\t\t\t\t\n\t\t\t\t\t\t\t\t\t<div class=\"bdt-main-title\">\n\t\t\t\t\t\t<h2 class=\"bdt-title-tag\" data-bdt-slideshow-parallax=\"y: 50,0,-50; opacity: 1,1,0\" data-reveal=\"reveal-active\">\n\t\t\t\t\t\t\t\t\t\t\t\t\t\t\t<span class=\"frist-word\">Das<\/span> Grand H\u00f4tel heute\t\t\t\t\t\t\t\t\t\t\t\t\t\t<\/h2>\n\t\t\t\t\t<\/div>\n\t\t\t\t\n\t\t\t\t\t\t\t\t\t<div class=\"bdt-slider-excerpt\" data-bdt-slideshow-parallax=\"y: 100,0,-80; opacity: 1,1,0\" data-reveal=\"reveal-active\">\n\t\t\t\t\t\t<p>Im Jahr 1982 wurde das Modern Hotel verkauft, umgebaut und saniert. Es erlangte seinen fr\u00fcheren Glanz zur\u00fcck und erhielt den Namen, den es heute tr\u00e4gt: Le Grand H\u00f4tel de Saint-Jean-de-Luz <\/p>\n\t\t\t\t\t<\/div>\n\t\t\t\t\n\t\t\t\t<div class=\"bdt-button-wrapper\" data-bdt-slideshow-parallax=\"y: 150,0,-100; opacity: 1,1,0\">\n\t\t\t\t\t\n\t\t\t\t\t\t<\/div>\n\t\t\t\t\n\t\t\t<\/div>\n\t\t<\/div>\n\n        \n                    <div class=\"bdt-slide-image\" style=\"background-image: url('https:\/\/luzgrandhotel.fr\/wp-content\/uploads\/2025\/06\/1984.jpg');\">\n                        \n                    <\/div>\n            <\/li>\n\n        \n                <\/ul>\n\n                \n\t\t\t\t<div class=\"bdt-navigation-arrows reveal-muted\">\n\t\t\t<a class=\"bdt-prime-slider-previous\" href=\"#\" bdt-slidenav-previous bdt-slideshow-item=\"previous\"><\/a>\n\t\t\t<a class=\"bdt-prime-slider-next\" href=\"#\" bdt-slidenav-next bdt-slideshow-item=\"next\"><\/a>\n\t\t<\/div>\n\t\t\n\t\t                \n        \n\t\t\t<ul class=\"bdt-slideshow-nav bdt-dotnav reveal-muted\"><\/ul>\n\n        \n        \t\t\t\t\n\t\t\t<\/div>\n\t\t\t\t\t<\/div>\n\t\t<\/div>\n        \t\t\t\t<\/div>\n\t\t\t\t<div class=\"elementor-element elementor-element-90ccc28 elementor-widget elementor-widget-spacer\" data-id=\"90ccc28\" data-element_type=\"widget\" data-e-type=\"widget\" data-widget_type=\"spacer.default\">\n\t\t\t\t\t\t\t<div class=\"elementor-spacer\">\n\t\t\t<div class=\"elementor-spacer-inner\"><\/div>\n\t\t<\/div>\n\t\t\t\t\t\t<\/div>\n\t\t\t\t\t<\/div>\n\t\t\t\t<\/section>\n\t\t<div class=\"elementor-element elementor-element-a27e692 e-flex e-con-boxed e-con e-parent\" data-id=\"a27e692\" data-element_type=\"container\" data-e-type=\"container\">\n\t\t\t\t\t<div class=\"e-con-inner\">\n\t\t<section class=\"elementor-element elementor-element-3662c7b e-con-full e-flex e-con e-child\" data-id=\"3662c7b\" data-element_type=\"container\" data-e-type=\"container\">\n\t\t\t\t<div class=\"elementor-element elementor-element-b4fabfa elementor-invisible elementor-widget elementor-widget-heading\" data-id=\"b4fabfa\" data-element_type=\"widget\" data-e-type=\"widget\" data-settings=\"{&quot;_animation&quot;:&quot;slideInUp&quot;}\" data-widget_type=\"heading.default\">\n\t\t\t\t\t<h2 class=\"elementor-heading-title elementor-size-default\">Entdecken Sie unser Fitnessstudio<\/h2>\t\t\t\t<\/div>\n\t\t\t\t<div class=\"elementor-element elementor-element-88919a1 elementor-widget elementor-widget-spacer\" data-id=\"88919a1\" data-element_type=\"widget\" data-e-type=\"widget\" data-widget_type=\"spacer.default\">\n\t\t\t\t\t\t\t<div class=\"elementor-spacer\">\n\t\t\t<div class=\"elementor-spacer-inner\"><\/div>\n\t\t<\/div>\n\t\t\t\t\t\t<\/div>\n\t\t\t\t<div class=\"elementor-element elementor-element-1460ea5 elementor-invisible elementor-widget elementor-widget-text-editor\" data-id=\"1460ea5\" data-element_type=\"widget\" data-e-type=\"widget\" data-settings=\"{&quot;_animation&quot;:&quot;slideInUp&quot;}\" data-widget_type=\"text-editor.default\">\n\t\t\t\t\t\t\t\t\t<p>Im Herzen des Grand H\u00f4tel Spa &#038; Thalasso empf\u00e4ngt Sie unser Aktivit\u00e4tsraum in einer herzlichen und ruhigen Atmosph\u00e4re, die der Entspannung und dem Wohlbefinden f\u00f6rderlich ist. Er wurde speziell darauf ausgelegt, Ihrem Bed\u00fcrfnis nach Bewegung und Entspannung gerecht zu werden, und ist mit hochwertiger Ausr\u00fcstung ausgestattet: Laufb\u00e4nder, Crosstrainer, Fahrr\u00e4der, Kinesis-Ger\u00e4te, Swiss Balls, Gymnastikmatten, Hanteln, Kettlebells, Trainingsb\u00e4nder, Medizinb\u00e4lle und vieles mehr. <\/p><p>Unsere erfahrenen Trainer bieten Ihnen ma\u00dfgeschneiderte Trainingseinheiten wie Yoga oder Gymnastik mit dem Gymnastikball an, um Sie auf Ihrem Weg zu mehr Ausgeglichenheit und Vitalit\u00e4t zu begleiten.<\/p><p>Ganz gleich, ob Sie den Tag mit einer belebenden Einheit beginnen oder sich am Ende des Tages entspannen m\u00f6chten \u2013 dieser Bereich ist ganz Ihrem Wohlbefinden gewidmet und steht im Einklang mit dem Geist unseres Hauses.<\/p>\t\t\t\t\t\t\t\t<\/div>\n\t\t\t\t<\/section>\n\t\t\t\t\t<\/div>\n\t\t\t\t<\/div>\n\t\t<div class=\"elementor-element elementor-element-bfa6584 e-con-full e-flex elementor-invisible e-con e-parent\" data-id=\"bfa6584\" data-element_type=\"container\" data-e-type=\"container\" data-settings=\"{&quot;animation&quot;:&quot;fadeIn&quot;}\">\n\t\t<section class=\"elementor-element elementor-element-2fd2fa2 e-con-full e-flex e-con e-child\" data-id=\"2fd2fa2\" data-element_type=\"container\" data-e-type=\"container\">\n\t\t<div class=\"elementor-element elementor-element-cd84738 e-con-full home-slider-galerie e-flex e-con e-child\" data-id=\"cd84738\" data-element_type=\"container\" data-e-type=\"container\">\n\t\t\t\t<div class=\"elementor-element elementor-element-08008dd elementor-arrows-position-inside elementor-pagination-position-outside elementor-widget elementor-widget-image-carousel\" data-id=\"08008dd\" data-element_type=\"widget\" data-e-type=\"widget\" data-settings=\"{&quot;slides_to_show&quot;:&quot;3&quot;,&quot;navigation&quot;:&quot;both&quot;,&quot;autoplay&quot;:&quot;yes&quot;,&quot;pause_on_hover&quot;:&quot;yes&quot;,&quot;pause_on_interaction&quot;:&quot;yes&quot;,&quot;autoplay_speed&quot;:5000,&quot;infinite&quot;:&quot;yes&quot;,&quot;speed&quot;:500}\" data-widget_type=\"image-carousel.default\">\n\t\t\t\t\t\t\t<div class=\"elementor-image-carousel-wrapper swiper\" role=\"region\" aria-roledescription=\"carousel\" aria-label=\"Carrousel d\u2019images\" dir=\"ltr\">\n\t\t\t<div class=\"elementor-image-carousel swiper-wrapper\" aria-live=\"off\">\n\t\t\t\t\t\t\t\t<div class=\"swiper-slide\" role=\"group\" aria-roledescription=\"slide\" aria-label=\"1 von 10\"><a data-elementor-open-lightbox=\"yes\" data-elementor-lightbox-slideshow=\"08008dd\" data-elementor-lightbox-title=\"Grand-Hotel-Saint-Jean-de-Luz-Fitnessraum (22)\" data-e-action-hash=\"#elementor-action%3Aaction%3Dlightbox%26settings%3DeyJpZCI6ODg2MywidXJsIjoiaHR0cHM6XC9cL2x1emdyYW5kaG90ZWwuZnJcL3dwLWNvbnRlbnRcL3VwbG9hZHNcLzIwMjVcLzA2XC9HcmFuZC1Ib3RlbC1TYWludC1KZWFuLWRlLUx1ei1zYWxsZS1zcG9ydC0yMi5qcGciLCJzbGlkZXNob3ciOiIwODAwOGRkIn0%3D\" href=\"https:\/\/luzgrandhotel.fr\/wp-content\/uploads\/2025\/06\/Grand-Hotel-Saint-Jean-de-Luz-salle-sport-22.jpg\"><figure class=\"swiper-slide-inner\"><img decoding=\"async\" class=\"swiper-slide-image\" src=\"https:\/\/luzgrandhotel.fr\/wp-content\/uploads\/2025\/06\/Grand-Hotel-Saint-Jean-de-Luz-salle-sport-22-1536x1038.jpg\" alt=\"Fitnessraum im Grand Hotel\" \/><\/figure><\/a><\/div><div class=\"swiper-slide\" role=\"group\" aria-roledescription=\"slide\" aria-label=\"2 von 10\"><a data-elementor-open-lightbox=\"yes\" data-elementor-lightbox-slideshow=\"08008dd\" data-elementor-lightbox-title=\"Grand-Hotel-Saint-Jean-de-Luz \u2013 Sporthalle (3)\" data-e-action-hash=\"#elementor-action%3Aaction%3Dlightbox%26settings%3DeyJpZCI6ODg2NCwidXJsIjoiaHR0cHM6XC9cL2x1emdyYW5kaG90ZWwuZnJcL3dwLWNvbnRlbnRcL3VwbG9hZHNcLzIwMjVcLzA2XC9HcmFuZC1Ib3RlbC1TYWludC1KZWFuLWRlLUx1ei1zYWxsZS1zcG9ydC0zLmpwZyIsInNsaWRlc2hvdyI6IjA4MDA4ZGQifQ%3D%3D\" href=\"https:\/\/luzgrandhotel.fr\/wp-content\/uploads\/2025\/06\/Grand-Hotel-Saint-Jean-de-Luz-salle-sport-3.jpg\"><figure class=\"swiper-slide-inner\"><img decoding=\"async\" class=\"swiper-slide-image\" src=\"https:\/\/luzgrandhotel.fr\/wp-content\/uploads\/2025\/06\/Grand-Hotel-Saint-Jean-de-Luz-salle-sport-3-1536x1024.jpg\" alt=\"Sport und Thalasso\u200b\" \/><\/figure><\/a><\/div><div class=\"swiper-slide\" role=\"group\" aria-roledescription=\"slide\" aria-label=\"3 von 10\"><a data-elementor-open-lightbox=\"yes\" data-elementor-lightbox-slideshow=\"08008dd\" data-elementor-lightbox-title=\"Grand-Hotel-Saint-Jean-de-Luz \u2013 Sporthalle (20)\" data-e-action-hash=\"#elementor-action%3Aaction%3Dlightbox%26settings%3DeyJpZCI6ODg2NSwidXJsIjoiaHR0cHM6XC9cL2x1emdyYW5kaG90ZWwuZnJcL3dwLWNvbnRlbnRcL3VwbG9hZHNcLzIwMjVcLzA2XC9HcmFuZC1Ib3RlbC1TYWludC1KZWFuLWRlLUx1ei1zYWxsZS1zcG9ydC0yMC5qcGciLCJzbGlkZXNob3ciOiIwODAwOGRkIn0%3D\" href=\"https:\/\/luzgrandhotel.fr\/wp-content\/uploads\/2025\/06\/Grand-Hotel-Saint-Jean-de-Luz-salle-sport-20.jpg\"><figure class=\"swiper-slide-inner\"><img decoding=\"async\" class=\"swiper-slide-image\" src=\"https:\/\/luzgrandhotel.fr\/wp-content\/uploads\/2025\/06\/Grand-Hotel-Saint-Jean-de-Luz-salle-sport-20.jpg\" alt=\"Sportunterricht\" \/><\/figure><\/a><\/div><div class=\"swiper-slide\" role=\"group\" aria-roledescription=\"slide\" aria-label=\"4 von 10\"><a data-elementor-open-lightbox=\"yes\" data-elementor-lightbox-slideshow=\"08008dd\" data-elementor-lightbox-title=\"Grand-Hotel-Saint-Jean-de-Luz-Fitnessraum (4)\" data-e-action-hash=\"#elementor-action%3Aaction%3Dlightbox%26settings%3DeyJpZCI6ODg2NywidXJsIjoiaHR0cHM6XC9cL2x1emdyYW5kaG90ZWwuZnJcL3dwLWNvbnRlbnRcL3VwbG9hZHNcLzIwMjVcLzA2XC9HcmFuZC1Ib3RlbC1TYWludC1KZWFuLWRlLUx1ei1zYWxsZS1zcG9ydC00LmpwZyIsInNsaWRlc2hvdyI6IjA4MDA4ZGQifQ%3D%3D\" href=\"https:\/\/luzgrandhotel.fr\/wp-content\/uploads\/2025\/06\/Grand-Hotel-Saint-Jean-de-Luz-salle-sport-4.jpg\"><figure class=\"swiper-slide-inner\"><img decoding=\"async\" class=\"swiper-slide-image\" src=\"https:\/\/luzgrandhotel.fr\/wp-content\/uploads\/2025\/06\/Grand-Hotel-Saint-Jean-de-Luz-salle-sport-4-1536x1024.jpg\" alt=\"Sport und Thalasso\u200b\" \/><\/figure><\/a><\/div><div class=\"swiper-slide\" role=\"group\" aria-roledescription=\"slide\" aria-label=\"5 von 10\"><a data-elementor-open-lightbox=\"yes\" data-elementor-lightbox-slideshow=\"08008dd\" data-elementor-lightbox-title=\"Grand-Hotel-Saint-Jean-de-Luz-Fitnessraum (18)\" data-e-action-hash=\"#elementor-action%3Aaction%3Dlightbox%26settings%3DeyJpZCI6ODg2OSwidXJsIjoiaHR0cHM6XC9cL2x1emdyYW5kaG90ZWwuZnJcL3dwLWNvbnRlbnRcL3VwbG9hZHNcLzIwMjVcLzA2XC9HcmFuZC1Ib3RlbC1TYWludC1KZWFuLWRlLUx1ei1zYWxsZS1zcG9ydC0xOC5qcGciLCJzbGlkZXNob3ciOiIwODAwOGRkIn0%3D\" href=\"https:\/\/luzgrandhotel.fr\/wp-content\/uploads\/2025\/06\/Grand-Hotel-Saint-Jean-de-Luz-salle-sport-18.jpg\"><figure class=\"swiper-slide-inner\"><img decoding=\"async\" class=\"swiper-slide-image\" src=\"https:\/\/luzgrandhotel.fr\/wp-content\/uploads\/2025\/06\/Grand-Hotel-Saint-Jean-de-Luz-salle-sport-18.jpg\" alt=\"Sportunterricht\" \/><\/figure><\/a><\/div><div class=\"swiper-slide\" role=\"group\" aria-roledescription=\"slide\" aria-label=\"6 von 10\"><a data-elementor-open-lightbox=\"yes\" data-elementor-lightbox-slideshow=\"08008dd\" data-elementor-lightbox-title=\"Grand-Hotel-Saint-Jean-de-Luz \u2013 Sporthalle (2)\" data-e-action-hash=\"#elementor-action%3Aaction%3Dlightbox%26settings%3DeyJpZCI6ODg3MiwidXJsIjoiaHR0cHM6XC9cL2x1emdyYW5kaG90ZWwuZnJcL3dwLWNvbnRlbnRcL3VwbG9hZHNcLzIwMjVcLzA2XC9HcmFuZC1Ib3RlbC1TYWludC1KZWFuLWRlLUx1ei1zYWxsZS1zcG9ydC0yLmpwZyIsInNsaWRlc2hvdyI6IjA4MDA4ZGQifQ%3D%3D\" href=\"https:\/\/luzgrandhotel.fr\/wp-content\/uploads\/2025\/06\/Grand-Hotel-Saint-Jean-de-Luz-salle-sport-2.jpg\"><figure class=\"swiper-slide-inner\"><img decoding=\"async\" class=\"swiper-slide-image\" src=\"https:\/\/luzgrandhotel.fr\/wp-content\/uploads\/2025\/06\/Grand-Hotel-Saint-Jean-de-Luz-salle-sport-2-1536x1024.jpg\" alt=\"Sport und Thalasso\u200b\" \/><\/figure><\/a><\/div><div class=\"swiper-slide\" role=\"group\" aria-roledescription=\"slide\" aria-label=\"7 von 10\"><a data-elementor-open-lightbox=\"yes\" data-elementor-lightbox-slideshow=\"08008dd\" data-elementor-lightbox-title=\"Grand-Hotel-Saint-Jean-de-Luz-Fitnessraum (14)\" data-e-action-hash=\"#elementor-action%3Aaction%3Dlightbox%26settings%3DeyJpZCI6ODg3MywidXJsIjoiaHR0cHM6XC9cL2x1emdyYW5kaG90ZWwuZnJcL3dwLWNvbnRlbnRcL3VwbG9hZHNcLzIwMjVcLzA2XC9HcmFuZC1Ib3RlbC1TYWludC1KZWFuLWRlLUx1ei1zYWxsZS1zcG9ydC0xNC5qcGciLCJzbGlkZXNob3ciOiIwODAwOGRkIn0%3D\" href=\"https:\/\/luzgrandhotel.fr\/wp-content\/uploads\/2025\/06\/Grand-Hotel-Saint-Jean-de-Luz-salle-sport-14.jpg\"><figure class=\"swiper-slide-inner\"><img decoding=\"async\" class=\"swiper-slide-image\" src=\"https:\/\/luzgrandhotel.fr\/wp-content\/uploads\/2025\/06\/Grand-Hotel-Saint-Jean-de-Luz-salle-sport-14-1536x1021.jpg\" alt=\"Hotel mit Fitnessraum\u200b\" \/><\/figure><\/a><\/div><div class=\"swiper-slide\" role=\"group\" aria-roledescription=\"slide\" aria-label=\"8 von 10\"><a data-elementor-open-lightbox=\"yes\" data-elementor-lightbox-slideshow=\"08008dd\" data-elementor-lightbox-title=\"Grand-Hotel-Saint-Jean-de-Luz-Fitnessraum (9)\" data-e-action-hash=\"#elementor-action%3Aaction%3Dlightbox%26settings%3DeyJpZCI6ODg3NSwidXJsIjoiaHR0cHM6XC9cL2x1emdyYW5kaG90ZWwuZnJcL3dwLWNvbnRlbnRcL3VwbG9hZHNcLzIwMjVcLzA2XC9HcmFuZC1Ib3RlbC1TYWludC1KZWFuLWRlLUx1ei1zYWxsZS1zcG9ydC05LmpwZyIsInNsaWRlc2hvdyI6IjA4MDA4ZGQifQ%3D%3D\" href=\"https:\/\/luzgrandhotel.fr\/wp-content\/uploads\/2025\/06\/Grand-Hotel-Saint-Jean-de-Luz-salle-sport-9.jpg\"><figure class=\"swiper-slide-inner\"><img decoding=\"async\" class=\"swiper-slide-image\" src=\"https:\/\/luzgrandhotel.fr\/wp-content\/uploads\/2025\/06\/Grand-Hotel-Saint-Jean-de-Luz-salle-sport-9-1536x1009.jpg\" alt=\"Hotel mit Fitnessraum\u200b\" \/><\/figure><\/a><\/div><div class=\"swiper-slide\" role=\"group\" aria-roledescription=\"slide\" aria-label=\"9 von 10\"><a data-elementor-open-lightbox=\"yes\" data-elementor-lightbox-slideshow=\"08008dd\" data-elementor-lightbox-title=\"Grand-Hotel-Saint-Jean-de-Luz-Fitnessraum (5)\" data-e-action-hash=\"#elementor-action%3Aaction%3Dlightbox%26settings%3DeyJpZCI6ODg3NiwidXJsIjoiaHR0cHM6XC9cL2x1emdyYW5kaG90ZWwuZnJcL3dwLWNvbnRlbnRcL3VwbG9hZHNcLzIwMjVcLzA2XC9HcmFuZC1Ib3RlbC1TYWludC1KZWFuLWRlLUx1ei1zYWxsZS1zcG9ydC01LmpwZyIsInNsaWRlc2hvdyI6IjA4MDA4ZGQifQ%3D%3D\" href=\"https:\/\/luzgrandhotel.fr\/wp-content\/uploads\/2025\/06\/Grand-Hotel-Saint-Jean-de-Luz-salle-sport-5.jpg\"><figure class=\"swiper-slide-inner\"><img decoding=\"async\" class=\"swiper-slide-image\" src=\"https:\/\/luzgrandhotel.fr\/wp-content\/uploads\/2025\/06\/Grand-Hotel-Saint-Jean-de-Luz-salle-sport-5-1536x1006.jpg\" alt=\"Sport und Thalasso\u200b\" \/><\/figure><\/a><\/div><div class=\"swiper-slide\" role=\"group\" aria-roledescription=\"slide\" aria-label=\"10 von 10\"><a data-elementor-open-lightbox=\"yes\" data-elementor-lightbox-slideshow=\"08008dd\" data-elementor-lightbox-title=\"Grand-Hotel-Saint-Jean-de-Luz-Fitnessraum (23)\" data-e-action-hash=\"#elementor-action%3Aaction%3Dlightbox%26settings%3DeyJpZCI6ODg3NywidXJsIjoiaHR0cHM6XC9cL2x1emdyYW5kaG90ZWwuZnJcL3dwLWNvbnRlbnRcL3VwbG9hZHNcLzIwMjVcLzA2XC9HcmFuZC1Ib3RlbC1TYWludC1KZWFuLWRlLUx1ei1zYWxsZS1zcG9ydC0yMy5qcGciLCJzbGlkZXNob3ciOiIwODAwOGRkIn0%3D\" href=\"https:\/\/luzgrandhotel.fr\/wp-content\/uploads\/2025\/06\/Grand-Hotel-Saint-Jean-de-Luz-salle-sport-23.jpg\"><figure class=\"swiper-slide-inner\"><img decoding=\"async\" class=\"swiper-slide-image\" src=\"https:\/\/luzgrandhotel.fr\/wp-content\/uploads\/2025\/06\/Grand-Hotel-Saint-Jean-de-Luz-salle-sport-23-1536x1010.jpg\" alt=\"Hotel mit Fitnessraum\u200b\" \/><\/figure><\/a><\/div>\t\t\t<\/div>\n\t\t\t\t\t\t\t\t\t\t\t\t<div class=\"elementor-swiper-button elementor-swiper-button-prev\" role=\"button\" tabindex=\"0\">\n\t\t\t\t\t\t<svg xmlns=\"http:\/\/www.w3.org\/2000\/svg\" width=\"69\" height=\"69\" viewBox=\"0 0 69 69\" fill=\"none\"><circle cx=\"34.5\" cy=\"34.5\" r=\"34.5\" transform=\"matrix(-1 0 0 1 69 0)\" fill=\"white\"><\/circle><path d=\"M28.1934 34.5002L37.653 29.0386V39.9617L28.1934 34.5002Z\" fill=\"#2A7774\"><\/path><\/svg>\t\t\t\t\t<\/div>\n\t\t\t\t\t<div class=\"elementor-swiper-button elementor-swiper-button-next\" role=\"button\" tabindex=\"0\">\n\t\t\t\t\t\t<svg xmlns=\"http:\/\/www.w3.org\/2000\/svg\" width=\"69\" height=\"69\" viewBox=\"0 0 69 69\" fill=\"none\"><circle cx=\"34.5\" cy=\"34.5\" r=\"34.5\" fill=\"white\"><\/circle><path d=\"M40.8066 34.5002L31.347 29.0386V39.9617L40.8066 34.5002Z\" fill=\"#2A7774\"><\/path><\/svg>\t\t\t\t\t<\/div>\n\t\t\t\t\n\t\t\t\t\t\t\t\t\t<div class=\"swiper-pagination\"><\/div>\n\t\t\t\t\t\t\t\t\t<\/div>\n\t\t\t\t\t\t<\/div>\n\t\t\t\t<\/div>\n\t\t\t\t<\/section>\n\t\t\t\t<\/div>\n\t\t\t\t<\/div>\n\t\t","protected":false},"excerpt":{"rendered":"<p>Das Grand H\u00f4tel de Saint-Jean-de-Luz hat es verstanden, den zeitlosen Charme seiner historischen Vorz\u00fcge \u2013 Kassettendecken, Marmor mit Cabochon-Verzierungen und die majest\u00e4tische Holztreppe \u2013 in einem subtil neu interpretierten und modernisierten Ambiente zu bewahren. Seine raffinierte, vom Art-D\u00e9co-Stil inspirierte Einrichtung verk\u00f6rpert den diskreten Luxus eines charaktervollen 5-Sterne-Hotels, das im Herzen von Saint-Jean-de-Luz liegt und den [&hellip;]<\/p>\n","protected":false},"author":2,"featured_media":0,"parent":0,"menu_order":0,"comment_status":"closed","ping_status":"closed","template":"elementor_theme","meta":{"_acf_changed":false,"footnotes":"","_members_access_role":[],"_members_access_error":""},"class_list":["post-8849","page","type-page","status-publish","hentry"],"acf":[],"yoast_head":"<!-- This site is optimized with the Yoast SEO plugin v28.4 - https:\/\/yoast.com\/product\/yoast-seo-wordpress\/ -->\n<title>5-Sterne-Hotel in Saint-Jean-de-Luz, Baskenland - Luz Grand Hotel<\/title>\n<meta name=\"description\" content=\"Entdecken Sie das 5-Sterne-Grand-Hotel in Saint-Jean-de-Luz: Luxus, Eleganz und Meerblick im Herzen des Baskenlandes. Ein au\u00dfergew\u00f6hnlicher Ort f\u00fcr Ihren Aufenthalt.\" \/>\n<meta name=\"robots\" content=\"index, follow, max-snippet:-1, max-image-preview:large, max-video-preview:-1\" \/>\n<link rel=\"canonical\" href=\"https:\/\/luzgrandhotel.fr\/de\/das-grand-hotel-entdecken\/\" \/>\n<meta property=\"og:locale\" content=\"de_DE\" \/>\n<meta property=\"og:type\" content=\"article\" \/>\n<meta property=\"og:title\" content=\"5-Sterne-Hotel in Saint-Jean-de-Luz, Baskenland - Luz Grand Hotel\" \/>\n<meta property=\"og:description\" content=\"Entdecken Sie das 5-Sterne-Grand-Hotel in Saint-Jean-de-Luz: Luxus, Eleganz und Meerblick im Herzen des Baskenlandes. Ein au\u00dfergew\u00f6hnlicher Ort f\u00fcr Ihren Aufenthalt.\" \/>\n<meta property=\"og:url\" content=\"https:\/\/luzgrandhotel.fr\/de\/das-grand-hotel-entdecken\/\" \/>\n<meta property=\"og:site_name\" content=\"Luz Grand Hotel\" \/>\n<meta property=\"article:publisher\" content=\"https:\/\/www.facebook.com\/luzgrandhotel\/\" \/>\n<meta property=\"article:modified_time\" content=\"2026-09-04T13:14:16+00:00\" \/>\n<meta property=\"og:image\" content=\"https:\/\/luzgrandhotel.fr\/wp-content\/uploads\/2025\/05\/Group-28-_1_.webp\" \/>\n\t<meta property=\"og:image:width\" content=\"119\" \/>\n\t<meta property=\"og:image:height\" content=\"15\" \/>\n\t<meta property=\"og:image:type\" content=\"image\/webp\" \/>\n<meta name=\"twitter:card\" content=\"summary_large_image\" \/>\n<meta name=\"twitter:label1\" content=\"Gesch\u00e4tzte Lesezeit\" \/>\n\t<meta name=\"twitter:data1\" content=\"2 Minuten\" \/>\n<script type=\"application\/ld+json\" class=\"yoast-schema-graph\">{\"@context\":\"https:\\\/\\\/schema.org\",\"@graph\":[{\"@type\":\"WebPage\",\"@id\":\"https:\\\/\\\/luzgrandhotel.fr\\\/de\\\/das-grand-hotel-entdecken\\\/\",\"url\":\"https:\\\/\\\/luzgrandhotel.fr\\\/de\\\/das-grand-hotel-entdecken\\\/\",\"name\":\"5-Sterne-Hotel in Saint-Jean-de-Luz, Baskenland - Luz Grand Hotel\",\"isPartOf\":{\"@id\":\"https:\\\/\\\/luzgrandhotel.fr\\\/de\\\/#website\"},\"primaryImageOfPage\":{\"@id\":\"https:\\\/\\\/luzgrandhotel.fr\\\/de\\\/das-grand-hotel-entdecken\\\/#primaryimage\"},\"image\":{\"@id\":\"https:\\\/\\\/luzgrandhotel.fr\\\/de\\\/das-grand-hotel-entdecken\\\/#primaryimage\"},\"thumbnailUrl\":\"https:\\\/\\\/luzgrandhotel.fr\\\/wp-content\\\/uploads\\\/2025\\\/05\\\/Group-28-_1_.webp\",\"datePublished\":\"2025-04-16T21:45:26+00:00\",\"dateModified\":\"2026-09-04T13:14:16+00:00\",\"description\":\"Entdecken Sie das 5-Sterne-Grand-Hotel in Saint-Jean-de-Luz: Luxus, Eleganz und Meerblick im Herzen des Baskenlandes. Ein au\u00dfergew\u00f6hnlicher Ort f\u00fcr Ihren Aufenthalt.\",\"breadcrumb\":{\"@id\":\"https:\\\/\\\/luzgrandhotel.fr\\\/de\\\/das-grand-hotel-entdecken\\\/#breadcrumb\"},\"inLanguage\":\"de\",\"potentialAction\":[{\"@type\":\"ReadAction\",\"target\":[\"https:\\\/\\\/luzgrandhotel.fr\\\/de\\\/das-grand-hotel-entdecken\\\/\"]}]},{\"@type\":\"ImageObject\",\"inLanguage\":\"de\",\"@id\":\"https:\\\/\\\/luzgrandhotel.fr\\\/de\\\/das-grand-hotel-entdecken\\\/#primaryimage\",\"url\":\"https:\\\/\\\/luzgrandhotel.fr\\\/wp-content\\\/uploads\\\/2025\\\/05\\\/Group-28-_1_.webp\",\"contentUrl\":\"https:\\\/\\\/luzgrandhotel.fr\\\/wp-content\\\/uploads\\\/2025\\\/05\\\/Group-28-_1_.webp\"},{\"@type\":\"BreadcrumbList\",\"@id\":\"https:\\\/\\\/luzgrandhotel.fr\\\/de\\\/das-grand-hotel-entdecken\\\/#breadcrumb\",\"itemListElement\":[{\"@type\":\"ListItem\",\"position\":1,\"name\":\"Accueil\",\"item\":\"https:\\\/\\\/luzgrandhotel.fr\\\/de\\\/startseite\\\/\"},{\"@type\":\"ListItem\",\"position\":2,\"name\":\"5-Sterne-Hotel\"}]},{\"@type\":\"WebSite\",\"@id\":\"https:\\\/\\\/luzgrandhotel.fr\\\/de\\\/#website\",\"url\":\"https:\\\/\\\/luzgrandhotel.fr\\\/de\\\/\",\"name\":\"Luz Grand Hotel\",\"description\":\"\",\"publisher\":{\"@id\":\"https:\\\/\\\/luzgrandhotel.fr\\\/de\\\/#organization\"},\"potentialAction\":[{\"@type\":\"SearchAction\",\"target\":{\"@type\":\"EntryPoint\",\"urlTemplate\":\"https:\\\/\\\/luzgrandhotel.fr\\\/de\\\/?s={search_term_string}\"},\"query-input\":{\"@type\":\"PropertyValueSpecification\",\"valueRequired\":true,\"valueName\":\"search_term_string\"}}],\"inLanguage\":\"de\"},{\"@type\":\"Organization\",\"@id\":\"https:\\\/\\\/luzgrandhotel.fr\\\/de\\\/#organization\",\"name\":\"Luz Grand Hotel\",\"url\":\"https:\\\/\\\/luzgrandhotel.fr\\\/de\\\/\",\"logo\":{\"@type\":\"ImageObject\",\"inLanguage\":\"de\",\"@id\":\"https:\\\/\\\/luzgrandhotel.fr\\\/de\\\/#\\\/schema\\\/logo\\\/image\\\/\",\"url\":\"https:\\\/\\\/luzgrandhotel.fr\\\/wp-content\\\/uploads\\\/2025\\\/04\\\/logo-grand-hotel-luz.svg\",\"contentUrl\":\"https:\\\/\\\/luzgrandhotel.fr\\\/wp-content\\\/uploads\\\/2025\\\/04\\\/logo-grand-hotel-luz.svg\",\"caption\":\"Luz Grand Hotel\"},\"image\":{\"@id\":\"https:\\\/\\\/luzgrandhotel.fr\\\/de\\\/#\\\/schema\\\/logo\\\/image\\\/\"},\"sameAs\":[\"https:\\\/\\\/www.facebook.com\\\/luzgrandhotel\\\/\",\"https:\\\/\\\/www.instagram.com\\\/luzgrandhotel\\\/\",\"https:\\\/\\\/www.linkedin.com\\\/company\\\/72327768\\\/admin\\\/dashboard\\\/\"]}]}<\/script>\n<!-- \/ Yoast SEO plugin. -->","yoast_head_json":{"title":"5-Sterne-Hotel in Saint-Jean-de-Luz, Baskenland - Luz Grand Hotel","description":"Entdecken Sie das 5-Sterne-Grand-Hotel in Saint-Jean-de-Luz: Luxus, Eleganz und Meerblick im Herzen des Baskenlandes. Ein au\u00dfergew\u00f6hnlicher Ort f\u00fcr Ihren Aufenthalt.","robots":{"index":"index","follow":"follow","max-snippet":"max-snippet:-1","max-image-preview":"max-image-preview:large","max-video-preview":"max-video-preview:-1"},"canonical":"https:\/\/luzgrandhotel.fr\/de\/das-grand-hotel-entdecken\/","og_locale":"de_DE","og_type":"article","og_title":"5-Sterne-Hotel in Saint-Jean-de-Luz, Baskenland - Luz Grand Hotel","og_description":"Entdecken Sie das 5-Sterne-Grand-Hotel in Saint-Jean-de-Luz: Luxus, Eleganz und Meerblick im Herzen des Baskenlandes. Ein au\u00dfergew\u00f6hnlicher Ort f\u00fcr Ihren Aufenthalt.","og_url":"https:\/\/luzgrandhotel.fr\/de\/das-grand-hotel-entdecken\/","og_site_name":"Luz Grand Hotel","article_publisher":"https:\/\/www.facebook.com\/luzgrandhotel\/","article_modified_time":"2026-09-04T13:14:16+00:00","og_image":[{"width":119,"height":15,"url":"https:\/\/luzgrandhotel.fr\/wp-content\/uploads\/2025\/05\/Group-28-_1_.webp","type":"image\/webp"}],"twitter_card":"summary_large_image","twitter_misc":{"Gesch\u00e4tzte Lesezeit":"2 Minuten"},"schema":{"@context":"https:\/\/schema.org","@graph":[{"@type":"WebPage","@id":"https:\/\/luzgrandhotel.fr\/de\/das-grand-hotel-entdecken\/","url":"https:\/\/luzgrandhotel.fr\/de\/das-grand-hotel-entdecken\/","name":"5-Sterne-Hotel in Saint-Jean-de-Luz, Baskenland - Luz Grand Hotel","isPartOf":{"@id":"https:\/\/luzgrandhotel.fr\/de\/#website"},"primaryImageOfPage":{"@id":"https:\/\/luzgrandhotel.fr\/de\/das-grand-hotel-entdecken\/#primaryimage"},"image":{"@id":"https:\/\/luzgrandhotel.fr\/de\/das-grand-hotel-entdecken\/#primaryimage"},"thumbnailUrl":"https:\/\/luzgrandhotel.fr\/wp-content\/uploads\/2025\/05\/Group-28-_1_.webp","datePublished":"2025-04-16T21:45:26+00:00","dateModified":"2026-09-04T13:14:16+00:00","description":"Entdecken Sie das 5-Sterne-Grand-Hotel in Saint-Jean-de-Luz: Luxus, Eleganz und Meerblick im Herzen des Baskenlandes. Ein au\u00dfergew\u00f6hnlicher Ort f\u00fcr Ihren Aufenthalt.","breadcrumb":{"@id":"https:\/\/luzgrandhotel.fr\/de\/das-grand-hotel-entdecken\/#breadcrumb"},"inLanguage":"de","potentialAction":[{"@type":"ReadAction","target":["https:\/\/luzgrandhotel.fr\/de\/das-grand-hotel-entdecken\/"]}]},{"@type":"ImageObject","inLanguage":"de","@id":"https:\/\/luzgrandhotel.fr\/de\/das-grand-hotel-entdecken\/#primaryimage","url":"https:\/\/luzgrandhotel.fr\/wp-content\/uploads\/2025\/05\/Group-28-_1_.webp","contentUrl":"https:\/\/luzgrandhotel.fr\/wp-content\/uploads\/2025\/05\/Group-28-_1_.webp"},{"@type":"BreadcrumbList","@id":"https:\/\/luzgrandhotel.fr\/de\/das-grand-hotel-entdecken\/#breadcrumb","itemListElement":[{"@type":"ListItem","position":1,"name":"Accueil","item":"https:\/\/luzgrandhotel.fr\/de\/startseite\/"},{"@type":"ListItem","position":2,"name":"5-Sterne-Hotel"}]},{"@type":"WebSite","@id":"https:\/\/luzgrandhotel.fr\/de\/#website","url":"https:\/\/luzgrandhotel.fr\/de\/","name":"Luz Grand Hotel","description":"","publisher":{"@id":"https:\/\/luzgrandhotel.fr\/de\/#organization"},"potentialAction":[{"@type":"SearchAction","target":{"@type":"EntryPoint","urlTemplate":"https:\/\/luzgrandhotel.fr\/de\/?s={search_term_string}"},"query-input":{"@type":"PropertyValueSpecification","valueRequired":true,"valueName":"search_term_string"}}],"inLanguage":"de"},{"@type":"Organization","@id":"https:\/\/luzgrandhotel.fr\/de\/#organization","name":"Luz Grand Hotel","url":"https:\/\/luzgrandhotel.fr\/de\/","logo":{"@type":"ImageObject","inLanguage":"de","@id":"https:\/\/luzgrandhotel.fr\/de\/#\/schema\/logo\/image\/","url":"https:\/\/luzgrandhotel.fr\/wp-content\/uploads\/2025\/04\/logo-grand-hotel-luz.svg","contentUrl":"https:\/\/luzgrandhotel.fr\/wp-content\/uploads\/2025\/04\/logo-grand-hotel-luz.svg","caption":"Luz Grand Hotel"},"image":{"@id":"https:\/\/luzgrandhotel.fr\/de\/#\/schema\/logo\/image\/"},"sameAs":["https:\/\/www.facebook.com\/luzgrandhotel\/","https:\/\/www.instagram.com\/luzgrandhotel\/","https:\/\/www.linkedin.com\/company\/72327768\/admin\/dashboard\/"]}]}},"_links":{"self":[{"href":"https:\/\/luzgrandhotel.fr\/de\/wp-json\/wp\/v2\/pages\/8849","targetHints":{"allow":["GET"]}}],"collection":[{"href":"https:\/\/luzgrandhotel.fr\/de\/wp-json\/wp\/v2\/pages"}],"about":[{"href":"https:\/\/luzgrandhotel.fr\/de\/wp-json\/wp\/v2\/types\/page"}],"author":[{"embeddable":true,"href":"https:\/\/luzgrandhotel.fr\/de\/wp-json\/wp\/v2\/users\/2"}],"replies":[{"embeddable":true,"href":"https:\/\/luzgrandhotel.fr\/de\/wp-json\/wp\/v2\/comments?post=8849"}],"version-history":[{"count":1,"href":"https:\/\/luzgrandhotel.fr\/de\/wp-json\/wp\/v2\/pages\/8849\/revisions"}],"predecessor-version":[{"id":8879,"href":"https:\/\/luzgrandhotel.fr\/de\/wp-json\/wp\/v2\/pages\/8849\/revisions\/8879"}],"wp:attachment":[{"href":"https:\/\/luzgrandhotel.fr\/de\/wp-json\/wp\/v2\/media?parent=8849"}],"curies":[{"name":"wp","href":"https:\/\/api.w.org\/{rel}","templated":true}]}}