{"id":8882,"date":"2025-04-18T11:16:17","date_gmt":"2025-04-18T09:16:17","guid":{"rendered":"https:\/\/luzgrandhotel.fr\/sfh-gruppe\/"},"modified":"2026-09-04T15:14:17","modified_gmt":"2026-09-04T13:14:17","slug":"sfh-gruppe","status":"publish","type":"page","link":"https:\/\/luzgrandhotel.fr\/de\/sfh-gruppe\/","title":{"rendered":"Die SFH-Gruppe"},"content":{"rendered":"\t\t<div data-elementor-type=\"wp-page\" data-elementor-id=\"8882\" class=\"elementor elementor-8882 elementor-323\" data-elementor-post-type=\"page\">\n\t\t\t\t<div class=\"elementor-element elementor-element-3593642a e-con-full header-page e-flex e-con e-parent\" data-id=\"3593642a\" data-element_type=\"container\" data-e-type=\"container\" data-settings=\"{&quot;background_background&quot;:&quot;classic&quot;,&quot;background_motion_fx_motion_fx_scrolling&quot;:&quot;yes&quot;,&quot;background_motion_fx_translateY_effect&quot;:&quot;yes&quot;,&quot;background_motion_fx_translateY_speed&quot;:{&quot;unit&quot;:&quot;px&quot;,&quot;size&quot;:4,&quot;sizes&quot;:[]},&quot;background_motion_fx_translateY_affectedRange&quot;:{&quot;unit&quot;:&quot;%&quot;,&quot;size&quot;:&quot;&quot;,&quot;sizes&quot;:{&quot;start&quot;:0,&quot;end&quot;:100}},&quot;background_motion_fx_devices&quot;:[&quot;desktop&quot;,&quot;tablet&quot;,&quot;mobile&quot;]}\">\n\t\t\t\t<\/div>\n\t\t<div class=\"elementor-element elementor-element-1b7def4 e-flex e-con-boxed e-con e-parent\" data-id=\"1b7def4\" data-element_type=\"container\" data-e-type=\"container\">\n\t\t\t\t\t<div class=\"e-con-inner\">\n\t\t\t\t<div class=\"elementor-element elementor-element-f511de2 elementor-align-center elementor-widget elementor-widget-breadcrumbs\" data-id=\"f511de2\" data-element_type=\"widget\" data-e-type=\"widget\" data-widget_type=\"breadcrumbs.default\">\n\t\t\t\t\t<p id=\"breadcrumbs\"><span><span><a href=\"https:\/\/luzgrandhotel.fr\/de\/startseite\/\">Accueil<\/a><\/span><\/span><\/p>\t\t\t\t<\/div>\n\t\t\t\t\t<\/div>\n\t\t\t\t<\/div>\n\t\t<div class=\"elementor-element elementor-element-7cc16be e-flex e-con-boxed e-con e-parent\" data-id=\"7cc16be\" data-element_type=\"container\" data-e-type=\"container\">\n\t\t\t\t\t<div class=\"e-con-inner\">\n\t\t\t\t<div class=\"elementor-element elementor-element-86ce786 elementor-invisible elementor-widget elementor-widget-text-editor\" data-id=\"86ce786\" data-element_type=\"widget\" data-e-type=\"widget\" data-settings=\"{&quot;_animation&quot;:&quot;slideInUp&quot;}\" data-widget_type=\"text-editor.default\">\n\t\t\t\t\t\t\t\t\t<p>SFH ist eine unabh\u00e4ngige franz\u00f6sische Hotelgruppe von \u00fcberschaubarer Gr\u00f6\u00dfe. Wir sind auf die Verwaltung von Hotelimmobilien spezialisiert und decken alle Aspekte des operativen Managements unserer Hotelbetriebe ab. Unser Team besteht aus anerkannten Branchenexperten mit einem gemeinsamen Ziel: die Gewinne zu maximieren und die hohen 4- und 5-Sterne-Standards im Bereich des Kundenerlebnisses zu erreichen.  <\/p><p><a href=\"https:\/\/www.sfh-hotels.com\" target=\"_blank\" rel=\"noopener\">www.sfh-hotels.com<\/a><\/p>\t\t\t\t\t\t\t\t<\/div>\n\t\t\t\t\t<\/div>\n\t\t\t\t<\/div>\n\t\t<div class=\"elementor-element elementor-element-656ee04 e-flex e-con-boxed e-con e-parent\" data-id=\"656ee04\" data-element_type=\"container\" data-e-type=\"container\">\n\t\t\t\t\t<div class=\"e-con-inner\">\n\t\t<div class=\"elementor-element elementor-element-52ead97 e-con-full e-flex e-con e-child\" data-id=\"52ead97\" data-element_type=\"container\" data-e-type=\"container\">\n\t\t\t\t<div class=\"elementor-element elementor-element-28098b9 elementor-widget elementor-widget-image\" data-id=\"28098b9\" data-element_type=\"widget\" data-e-type=\"widget\" data-settings=\"{&quot;motion_fx_motion_fx_scrolling&quot;:&quot;yes&quot;,&quot;motion_fx_translateY_effect&quot;:&quot;yes&quot;,&quot;motion_fx_translateY_speed&quot;:{&quot;unit&quot;:&quot;px&quot;,&quot;size&quot;:4,&quot;sizes&quot;:[]},&quot;motion_fx_translateY_affectedRange&quot;:{&quot;unit&quot;:&quot;%&quot;,&quot;size&quot;:&quot;&quot;,&quot;sizes&quot;:{&quot;start&quot;:0,&quot;end&quot;:100}},&quot;motion_fx_devices&quot;:[&quot;desktop&quot;,&quot;tablet&quot;,&quot;mobile&quot;]}\" data-widget_type=\"image.default\">\n\t\t\t\t\t\t\t\t\t\t\t\t\t\t\t<img fetchpriority=\"high\" decoding=\"async\" width=\"800\" height=\"816\" src=\"https:\/\/luzgrandhotel.fr\/wp-content\/uploads\/2025\/05\/la-vila-haussmann-paris-8e-arrondissement-facade-2-1-1004x1024.jpg\" class=\"attachment-large size-large wp-image-8887\" alt=\"Hausmann-Villa im 8. Arrondissement von Paris\" srcset=\"https:\/\/luzgrandhotel.fr\/wp-content\/uploads\/2025\/05\/la-vila-haussmann-paris-8e-arrondissement-facade-2-1-1004x1024.jpg 1004w, https:\/\/luzgrandhotel.fr\/wp-content\/uploads\/2025\/05\/la-vila-haussmann-paris-8e-arrondissement-facade-2-1-294x300.jpg 294w, https:\/\/luzgrandhotel.fr\/wp-content\/uploads\/2025\/05\/la-vila-haussmann-paris-8e-arrondissement-facade-2-1-768x784.jpg 768w, https:\/\/luzgrandhotel.fr\/wp-content\/uploads\/2025\/05\/la-vila-haussmann-paris-8e-arrondissement-facade-2-1-1505x1536.jpg 1505w, https:\/\/luzgrandhotel.fr\/wp-content\/uploads\/2025\/05\/la-vila-haussmann-paris-8e-arrondissement-facade-2-1-2007x2048.jpg 2007w\" sizes=\"(max-width: 800px) 100vw, 800px\" \/>\t\t\t\t\t\t\t\t\t\t\t\t\t\t\t<\/div>\n\t\t\t\t<\/div>\n\t\t<div class=\"elementor-element elementor-element-6a2082b e-con-full e-flex e-con e-child\" data-id=\"6a2082b\" data-element_type=\"container\" data-e-type=\"container\">\n\t\t\t\t<div class=\"elementor-element elementor-element-9a15895 elementor-invisible elementor-widget elementor-widget-heading\" data-id=\"9a15895\" data-element_type=\"widget\" data-e-type=\"widget\" data-settings=\"{&quot;_animation&quot;:&quot;fadeIn&quot;}\" data-widget_type=\"heading.default\">\n\t\t\t\t\t<h2 class=\"elementor-heading-title elementor-size-default\">Die Villa Haussmann<\/h2>\t\t\t\t<\/div>\n\t\t\t\t<div class=\"elementor-element elementor-element-8ffdb81 elementor-widget elementor-widget-text-editor\" data-id=\"8ffdb81\" data-element_type=\"widget\" data-e-type=\"widget\" data-settings=\"{&quot;_animation&quot;:&quot;none&quot;}\" data-widget_type=\"text-editor.default\">\n\t\t\t\t\t\t\t\t\t<p>\u2605\u2605\u2605\u2605<\/p>\t\t\t\t\t\t\t\t<\/div>\n\t\t\t\t<div class=\"elementor-element elementor-element-65b94ac elementor-invisible elementor-widget elementor-widget-text-editor\" data-id=\"65b94ac\" data-element_type=\"widget\" data-e-type=\"widget\" data-settings=\"{&quot;_animation&quot;:&quot;fadeIn&quot;}\" data-widget_type=\"text-editor.default\">\n\t\t\t\t\t\t\t\t\t<p>Ein Aufenthalt in der Villa Haussmann bedeutet, die Pariser Lebensart mit ihren Traditionen, ihrer Geschichte und ihrer Modernit\u00e4t zu entdecken. Ein symboltr\u00e4chtiger Ort, der Sie in eine andere Epoche entf\u00fchrt und Ihnen zugleich modernste Annehmlichkeiten f\u00fcr einen au\u00dfergew\u00f6hnlichen Aufenthalt in Paris bietet. <\/p><p><a href=\"https:\/\/www.lavillahaussmann.fr\" target=\"_blank\" rel=\"noopener\"><span style=\"white-space-collapse: preserve;\">www.lavillahaussmann.fr<\/span><\/a><\/p>\t\t\t\t\t\t\t\t<\/div>\n\t\t\t\t<div class=\"elementor-element elementor-element-06a312e elementor-mobile-align-center elementor-widget elementor-widget-button\" data-id=\"06a312e\" data-element_type=\"widget\" data-e-type=\"widget\" data-widget_type=\"button.default\">\n\t\t\t\t\t\t\t\t\t\t<a class=\"elementor-button elementor-button-link elementor-size-sm\" href=\"https:\/\/www.lavillahaussmann.fr\" target=\"_blank\">\n\t\t\t\t\t\t<span class=\"elementor-button-content-wrapper\">\n\t\t\t\t\t\t\t\t\t<span class=\"elementor-button-text\">Weitere Informationen<\/span>\n\t\t\t\t\t<\/span>\n\t\t\t\t\t<\/a>\n\t\t\t\t\t\t\t\t<\/div>\n\t\t\t\t<\/div>\n\t\t\t\t\t<\/div>\n\t\t\t\t<\/div>\n\t\t<div class=\"elementor-element elementor-element-60bdf80 e-flex e-con-boxed e-con e-parent\" data-id=\"60bdf80\" data-element_type=\"container\" data-e-type=\"container\">\n\t\t\t\t\t<div class=\"e-con-inner\">\n\t\t<div class=\"elementor-element elementor-element-6ef93f9 e-con-full e-flex e-con e-child\" data-id=\"6ef93f9\" data-element_type=\"container\" data-e-type=\"container\">\n\t\t\t\t<div class=\"elementor-element elementor-element-000db13 elementor-invisible elementor-widget elementor-widget-heading\" data-id=\"000db13\" data-element_type=\"widget\" data-e-type=\"widget\" data-settings=\"{&quot;_animation&quot;:&quot;fadeIn&quot;}\" data-widget_type=\"heading.default\">\n\t\t\t\t\t<h2 class=\"elementor-heading-title elementor-size-default\">Das Anwesen \u201eMas de Pierre\u201c<\/h2>\t\t\t\t<\/div>\n\t\t\t\t<div class=\"elementor-element elementor-element-598a36d elementor-widget elementor-widget-text-editor\" data-id=\"598a36d\" data-element_type=\"widget\" data-e-type=\"widget\" data-widget_type=\"text-editor.default\">\n\t\t\t\t\t\t\t\t\t<p>\u2605\u2605\u2605\u2605\u2605<\/p>\t\t\t\t\t\t\t\t<\/div>\n\t\t\t\t<div class=\"elementor-element elementor-element-c84b594 elementor-invisible elementor-widget elementor-widget-text-editor\" data-id=\"c84b594\" data-element_type=\"widget\" data-e-type=\"widget\" data-settings=\"{&quot;_animation&quot;:&quot;fadeIn&quot;}\" data-widget_type=\"text-editor.default\">\n\t\t\t\t\t\t\t\t\t<p>Ein intimes und luxuri\u00f6ses Refugium, bestehend aus 9 traditionellen Bastiden aus wei\u00dfem Stein, die im Jahr 2021 restauriert wurden. Insgesamt 76 elegante Zimmer und Suiten, von denen jedes \u00fcber eine eigene Terrasse oder Loggia verf\u00fcgt, um sich \u201ewie zu Hause\u201c zu f\u00fchlen \u2013 mit einem Hauch von Grandezza. <\/p><p><a href=\"https:\/\/www.lemasdepierre.com\" target=\"_blank\" rel=\"noopener\" data-wplink-edit=\"true\"><span style=\"white-space-collapse: preserve;\">www.lemasdepierre.com<\/span><\/a><\/p>\t\t\t\t\t\t\t\t<\/div>\n\t\t\t\t<div class=\"elementor-element elementor-element-3ff943e elementor-align-right elementor-mobile-align-center elementor-widget elementor-widget-button\" data-id=\"3ff943e\" data-element_type=\"widget\" data-e-type=\"widget\" data-widget_type=\"button.default\">\n\t\t\t\t\t\t\t\t\t\t<a class=\"elementor-button elementor-button-link elementor-size-sm\" href=\"https:\/\/www.lemasdepierre.com\" target=\"_blank\">\n\t\t\t\t\t\t<span class=\"elementor-button-content-wrapper\">\n\t\t\t\t\t\t\t\t\t<span class=\"elementor-button-text\">Weitere Informationen<\/span>\n\t\t\t\t\t<\/span>\n\t\t\t\t\t<\/a>\n\t\t\t\t\t\t\t\t<\/div>\n\t\t\t\t<\/div>\n\t\t<div class=\"elementor-element elementor-element-53730e4 e-con-full e-flex e-con e-child\" data-id=\"53730e4\" data-element_type=\"container\" data-e-type=\"container\">\n\t\t\t\t<div class=\"elementor-element elementor-element-f155dd8 elementor-widget elementor-widget-image\" data-id=\"f155dd8\" data-element_type=\"widget\" data-e-type=\"widget\" data-settings=\"{&quot;motion_fx_motion_fx_scrolling&quot;:&quot;yes&quot;,&quot;motion_fx_translateY_effect&quot;:&quot;yes&quot;,&quot;motion_fx_translateY_speed&quot;:{&quot;unit&quot;:&quot;px&quot;,&quot;size&quot;:4,&quot;sizes&quot;:[]},&quot;motion_fx_translateY_affectedRange&quot;:{&quot;unit&quot;:&quot;%&quot;,&quot;size&quot;:&quot;&quot;,&quot;sizes&quot;:{&quot;start&quot;:0,&quot;end&quot;:100}},&quot;motion_fx_devices&quot;:[&quot;desktop&quot;,&quot;tablet&quot;,&quot;mobile&quot;]}\" data-widget_type=\"image.default\">\n\t\t\t\t\t\t\t\t\t\t\t\t\t\t\t<img decoding=\"async\" width=\"800\" height=\"800\" src=\"https:\/\/luzgrandhotel.fr\/wp-content\/uploads\/2025\/06\/domaine-du-mas-de-pierre-hotel-sfh.jpg\" class=\"attachment-large size-large wp-image-8890\" alt=\"Anwesen \u201eMas de Pierre\u201c\" srcset=\"https:\/\/luzgrandhotel.fr\/wp-content\/uploads\/2025\/06\/domaine-du-mas-de-pierre-hotel-sfh.jpg 1012w, https:\/\/luzgrandhotel.fr\/wp-content\/uploads\/2025\/06\/domaine-du-mas-de-pierre-hotel-sfh-300x300.jpg 300w, https:\/\/luzgrandhotel.fr\/wp-content\/uploads\/2025\/06\/domaine-du-mas-de-pierre-hotel-sfh-150x150.jpg 150w, https:\/\/luzgrandhotel.fr\/wp-content\/uploads\/2025\/06\/domaine-du-mas-de-pierre-hotel-sfh-768x768.jpg 768w\" sizes=\"(max-width: 800px) 100vw, 800px\" \/>\t\t\t\t\t\t\t\t\t\t\t\t\t\t\t<\/div>\n\t\t\t\t<\/div>\n\t\t\t\t\t<\/div>\n\t\t\t\t<\/div>\n\t\t<div class=\"elementor-element elementor-element-a6fe896 e-flex e-con-boxed e-con e-parent\" data-id=\"a6fe896\" data-element_type=\"container\" data-e-type=\"container\">\n\t\t\t\t\t<div class=\"e-con-inner\">\n\t\t<div class=\"elementor-element elementor-element-a27134f e-con-full e-flex e-con e-child\" data-id=\"a27134f\" data-element_type=\"container\" data-e-type=\"container\">\n\t\t\t\t<div class=\"elementor-element elementor-element-98ba253 elementor-widget elementor-widget-image\" data-id=\"98ba253\" data-element_type=\"widget\" data-e-type=\"widget\" data-settings=\"{&quot;motion_fx_motion_fx_scrolling&quot;:&quot;yes&quot;,&quot;motion_fx_translateY_effect&quot;:&quot;yes&quot;,&quot;motion_fx_translateY_speed&quot;:{&quot;unit&quot;:&quot;px&quot;,&quot;size&quot;:4,&quot;sizes&quot;:[]},&quot;motion_fx_translateY_affectedRange&quot;:{&quot;unit&quot;:&quot;%&quot;,&quot;size&quot;:&quot;&quot;,&quot;sizes&quot;:{&quot;start&quot;:0,&quot;end&quot;:100}},&quot;motion_fx_devices&quot;:[&quot;desktop&quot;,&quot;tablet&quot;,&quot;mobile&quot;]}\" data-widget_type=\"image.default\">\n\t\t\t\t\t\t\t\t\t\t\t\t\t\t\t<img decoding=\"async\" width=\"800\" height=\"800\" src=\"https:\/\/luzgrandhotel.fr\/wp-content\/uploads\/2025\/05\/Bastide_De_Biot_GuilhemCANAL11-1024x1024.jpg\" class=\"attachment-large size-large wp-image-8885\" alt=\"Bastide von Biot\" srcset=\"https:\/\/luzgrandhotel.fr\/wp-content\/uploads\/2025\/05\/Bastide_De_Biot_GuilhemCANAL11-1024x1024.jpg 1024w, https:\/\/luzgrandhotel.fr\/wp-content\/uploads\/2025\/05\/Bastide_De_Biot_GuilhemCANAL11-300x300.jpg 300w, https:\/\/luzgrandhotel.fr\/wp-content\/uploads\/2025\/05\/Bastide_De_Biot_GuilhemCANAL11-150x150.jpg 150w, https:\/\/luzgrandhotel.fr\/wp-content\/uploads\/2025\/05\/Bastide_De_Biot_GuilhemCANAL11-768x768.jpg 768w, https:\/\/luzgrandhotel.fr\/wp-content\/uploads\/2025\/05\/Bastide_De_Biot_GuilhemCANAL11-1536x1536.jpg 1536w, https:\/\/luzgrandhotel.fr\/wp-content\/uploads\/2025\/05\/Bastide_De_Biot_GuilhemCANAL11-2048x2048.jpg 2048w\" sizes=\"(max-width: 800px) 100vw, 800px\" \/>\t\t\t\t\t\t\t\t\t\t\t\t\t\t\t<\/div>\n\t\t\t\t<\/div>\n\t\t<div class=\"elementor-element elementor-element-d3605fd e-con-full e-flex e-con e-child\" data-id=\"d3605fd\" data-element_type=\"container\" data-e-type=\"container\">\n\t\t\t\t<div class=\"elementor-element elementor-element-bc91d1e elementor-invisible elementor-widget elementor-widget-heading\" data-id=\"bc91d1e\" data-element_type=\"widget\" data-e-type=\"widget\" data-settings=\"{&quot;_animation&quot;:&quot;fadeIn&quot;}\" data-widget_type=\"heading.default\">\n\t\t\t\t\t<h2 class=\"elementor-heading-title elementor-size-default\">Die Bastide von Biot<\/h2>\t\t\t\t<\/div>\n\t\t\t\t<div class=\"elementor-element elementor-element-021db60 elementor-widget elementor-widget-text-editor\" data-id=\"021db60\" data-element_type=\"widget\" data-e-type=\"widget\" data-widget_type=\"text-editor.default\">\n\t\t\t\t\t\t\t\t\t<p>\u2605\u2605\u2605\u2605<\/p>\t\t\t\t\t\t\t\t<\/div>\n\t\t\t\t<div class=\"elementor-element elementor-element-01bca4d elementor-invisible elementor-widget elementor-widget-text-editor\" data-id=\"01bca4d\" data-element_type=\"widget\" data-e-type=\"widget\" data-settings=\"{&quot;_animation&quot;:&quot;fadeIn&quot;}\" data-widget_type=\"text-editor.default\">\n\t\t\t\t\t\t\t\t\t<p>Ein Aufenthalt in \u201eLa Bastide de Biot\u201c bedeutet, sich einen provenzalischen R\u00fcckzugsort an der C\u00f4te d\u2019Azur zu g\u00f6nnen: eine raffinierte Oase der Ruhe, ganz in der N\u00e4he der blumengeschm\u00fcckten Stadtmauern von Biot \u2013 ideal, um Entspannung, intimen Charme und s\u00fcdl\u00e4ndische Eleganz miteinander zu verbinden.<\/p><p><a href=\"https:\/\/www.labastidedebiot.fr\" data-wplink-edit=\"true\">www.labastidedebiot.fr<\/a><\/p>\t\t\t\t\t\t\t\t<\/div>\n\t\t\t\t<div class=\"elementor-element elementor-element-491bc5e elementor-mobile-align-center elementor-widget elementor-widget-button\" data-id=\"491bc5e\" data-element_type=\"widget\" data-e-type=\"widget\" data-widget_type=\"button.default\">\n\t\t\t\t\t\t\t\t\t\t<a class=\"elementor-button elementor-button-link elementor-size-sm\" href=\"https:\/\/www.labastidedebiot.fr\" target=\"_blank\">\n\t\t\t\t\t\t<span class=\"elementor-button-content-wrapper\">\n\t\t\t\t\t\t\t\t\t<span class=\"elementor-button-text\">Weitere Informationen<\/span>\n\t\t\t\t\t<\/span>\n\t\t\t\t\t<\/a>\n\t\t\t\t\t\t\t\t<\/div>\n\t\t\t\t<\/div>\n\t\t\t\t\t<\/div>\n\t\t\t\t<\/div>\n\t\t<div class=\"elementor-element elementor-element-1a69093 e-flex e-con-boxed e-con e-parent\" data-id=\"1a69093\" data-element_type=\"container\" data-e-type=\"container\">\n\t\t\t\t\t<div class=\"e-con-inner\">\n\t\t<div class=\"elementor-element elementor-element-d06627a e-con-full e-flex e-con e-child\" data-id=\"d06627a\" data-element_type=\"container\" data-e-type=\"container\">\n\t\t\t\t<div class=\"elementor-element elementor-element-f02a367 elementor-invisible elementor-widget elementor-widget-heading\" data-id=\"f02a367\" data-element_type=\"widget\" data-e-type=\"widget\" data-settings=\"{&quot;_animation&quot;:&quot;fadeIn&quot;}\" data-widget_type=\"heading.default\">\n\t\t\t\t\t<h2 class=\"elementor-heading-title elementor-size-default\">Das Pullman Montpellier Centre<\/h2>\t\t\t\t<\/div>\n\t\t\t\t<div class=\"elementor-element elementor-element-3762ef8 elementor-widget elementor-widget-text-editor\" data-id=\"3762ef8\" data-element_type=\"widget\" data-e-type=\"widget\" data-widget_type=\"text-editor.default\">\n\t\t\t\t\t\t\t\t\t<p>\u2605\u2605\u2605\u2605<\/p>\t\t\t\t\t\t\t\t<\/div>\n\t\t\t\t<div class=\"elementor-element elementor-element-6afbf69 elementor-invisible elementor-widget elementor-widget-text-editor\" data-id=\"6afbf69\" data-element_type=\"widget\" data-e-type=\"widget\" data-settings=\"{&quot;_animation&quot;:&quot;fadeIn&quot;}\" data-widget_type=\"text-editor.default\">\n\t\t\t\t\t\t\t\t\t<p>Ein Aufenthalt im Pullman La Pl\u00e9iade Montpellier Centre bedeutet, ein elegantes und modernes Erlebnis im Herzen der Stadt zu genie\u00dfen. Das vollst\u00e4ndig renovierte 4-Sterne-Hotel vereint Design, Wellness und Gastronomie mit seiner Panorama-Dachterrasse, seinem umfassenden Spa-Bereich und seiner idealen Lage nur wenige Schritte von der Place de la Com\u00e9die entfernt. Eine schicke und lichtdurchflutete Auszeit in der Stadt, zwischen dem Mittelmeer und der Altstadt.  <\/p><p><a href=\"https:\/\/www.hotel-la-pleiade-montpellier.com\" data-wplink-edit=\"true\">www.hotel-la-pleiade-montpellier.com<\/a><\/p>\t\t\t\t\t\t\t\t<\/div>\n\t\t\t\t<div class=\"elementor-element elementor-element-14e11d1 elementor-align-right elementor-mobile-align-center elementor-widget elementor-widget-button\" data-id=\"14e11d1\" data-element_type=\"widget\" data-e-type=\"widget\" data-widget_type=\"button.default\">\n\t\t\t\t\t\t\t\t\t\t<a class=\"elementor-button elementor-button-link elementor-size-sm\" href=\"https:\/\/www.hotel-la-pleiade-montpellier.com\" target=\"_blank\">\n\t\t\t\t\t\t<span class=\"elementor-button-content-wrapper\">\n\t\t\t\t\t\t\t\t\t<span class=\"elementor-button-text\">Weitere Informationen<\/span>\n\t\t\t\t\t<\/span>\n\t\t\t\t\t<\/a>\n\t\t\t\t\t\t\t\t<\/div>\n\t\t\t\t<\/div>\n\t\t<div class=\"elementor-element elementor-element-29c170a e-con-full e-flex e-con e-child\" data-id=\"29c170a\" data-element_type=\"container\" data-e-type=\"container\">\n\t\t\t\t<div class=\"elementor-element elementor-element-c00b23f elementor-widget elementor-widget-image\" data-id=\"c00b23f\" data-element_type=\"widget\" data-e-type=\"widget\" data-settings=\"{&quot;motion_fx_motion_fx_scrolling&quot;:&quot;yes&quot;,&quot;motion_fx_translateY_effect&quot;:&quot;yes&quot;,&quot;motion_fx_translateY_speed&quot;:{&quot;unit&quot;:&quot;px&quot;,&quot;size&quot;:4,&quot;sizes&quot;:[]},&quot;motion_fx_translateY_affectedRange&quot;:{&quot;unit&quot;:&quot;%&quot;,&quot;size&quot;:&quot;&quot;,&quot;sizes&quot;:{&quot;start&quot;:0,&quot;end&quot;:100}},&quot;motion_fx_devices&quot;:[&quot;desktop&quot;,&quot;tablet&quot;,&quot;mobile&quot;]}\" data-widget_type=\"image.default\">\n\t\t\t\t\t\t\t\t\t\t\t\t\t\t\t<img loading=\"lazy\" decoding=\"async\" width=\"800\" height=\"800\" src=\"https:\/\/luzgrandhotel.fr\/wp-content\/uploads\/2025\/06\/hotel-pullman-montpellier-centre-la-pleiade-sfh-1024x1024.jpg\" class=\"attachment-large size-large wp-image-8889\" alt=\"Pullman Montpellier Centre\" srcset=\"https:\/\/luzgrandhotel.fr\/wp-content\/uploads\/2025\/06\/hotel-pullman-montpellier-centre-la-pleiade-sfh-1024x1024.jpg 1024w, https:\/\/luzgrandhotel.fr\/wp-content\/uploads\/2025\/06\/hotel-pullman-montpellier-centre-la-pleiade-sfh-300x300.jpg 300w, https:\/\/luzgrandhotel.fr\/wp-content\/uploads\/2025\/06\/hotel-pullman-montpellier-centre-la-pleiade-sfh-150x150.jpg 150w, https:\/\/luzgrandhotel.fr\/wp-content\/uploads\/2025\/06\/hotel-pullman-montpellier-centre-la-pleiade-sfh-768x768.jpg 768w, https:\/\/luzgrandhotel.fr\/wp-content\/uploads\/2025\/06\/hotel-pullman-montpellier-centre-la-pleiade-sfh-1536x1536.jpg 1536w, https:\/\/luzgrandhotel.fr\/wp-content\/uploads\/2025\/06\/hotel-pullman-montpellier-centre-la-pleiade-sfh.jpg 1920w\" sizes=\"(max-width: 800px) 100vw, 800px\" \/>\t\t\t\t\t\t\t\t\t\t\t\t\t\t\t<\/div>\n\t\t\t\t<\/div>\n\t\t\t\t\t<\/div>\n\t\t\t\t<\/div>\n\t\t\t\t<\/div>\n\t\t","protected":false},"excerpt":{"rendered":"<p>SFH ist eine unabh\u00e4ngige franz\u00f6sische Hotelgruppe von \u00fcberschaubarer Gr\u00f6\u00dfe. Wir sind auf die Verwaltung von Hotelimmobilien spezialisiert und decken alle Aspekte des operativen Managements unserer Hotelbetriebe ab. Unser Team besteht aus anerkannten Branchenexperten mit einem gemeinsamen Ziel: die Gewinne zu maximieren und die hohen 4- und 5-Sterne-Standards im Bereich des Kundenerlebnisses zu erreichen. www.sfh-hotels.com Die [&hellip;]<\/p>\n","protected":false},"author":2,"featured_media":0,"parent":0,"menu_order":0,"comment_status":"closed","ping_status":"closed","template":"elementor_theme","meta":{"_acf_changed":false,"footnotes":"","_members_access_role":[],"_members_access_error":""},"class_list":["post-8882","page","type-page","status-publish","hentry"],"acf":[],"yoast_head":"<!-- This site is optimized with the Yoast SEO plugin v28.4 - https:\/\/yoast.com\/product\/yoast-seo-wordpress\/ -->\n<title>Entdecken Sie die SFH-Hotelgruppe - Luz Grand Hotel<\/title>\n<meta name=\"description\" content=\"Entdecken Sie die SFH-Gruppe, einen f\u00fchrenden Akteur im Wellness- und Hotelbereich, mit ihren au\u00dfergew\u00f6hnlichen H\u00e4usern in Frankreich.\" \/>\n<meta name=\"robots\" content=\"index, follow, max-snippet:-1, max-image-preview:large, max-video-preview:-1\" \/>\n<link rel=\"canonical\" href=\"https:\/\/luzgrandhotel.fr\/de\/sfh-gruppe\/\" \/>\n<meta property=\"og:locale\" content=\"de_DE\" \/>\n<meta property=\"og:type\" content=\"article\" \/>\n<meta property=\"og:title\" content=\"Entdecken Sie die SFH-Hotelgruppe - Luz Grand Hotel\" \/>\n<meta property=\"og:description\" content=\"Entdecken Sie die SFH-Gruppe, einen f\u00fchrenden Akteur im Wellness- und Hotelbereich, mit ihren au\u00dfergew\u00f6hnlichen H\u00e4usern in Frankreich.\" \/>\n<meta property=\"og:url\" content=\"https:\/\/luzgrandhotel.fr\/de\/sfh-gruppe\/\" \/>\n<meta property=\"og:site_name\" content=\"Luz Grand Hotel\" \/>\n<meta property=\"article:publisher\" content=\"https:\/\/www.facebook.com\/luzgrandhotel\/\" \/>\n<meta property=\"article:modified_time\" content=\"2026-09-04T13:14:17+00:00\" \/>\n<meta property=\"og:image\" content=\"https:\/\/luzgrandhotel.fr\/wp-content\/uploads\/2025\/05\/la-vila-haussmann-paris-8e-arrondissement-facade-2-1-scaled.jpg\" \/>\n\t<meta property=\"og:image:width\" content=\"2509\" \/>\n\t<meta property=\"og:image:height\" content=\"2560\" \/>\n\t<meta property=\"og:image:type\" content=\"image\/jpeg\" \/>\n<meta name=\"twitter:card\" content=\"summary_large_image\" \/>\n<meta name=\"twitter:label1\" content=\"Gesch\u00e4tzte Lesezeit\" \/>\n\t<meta name=\"twitter:data1\" content=\"2 Minuten\" \/>\n<script type=\"application\/ld+json\" class=\"yoast-schema-graph\">{\"@context\":\"https:\\\/\\\/schema.org\",\"@graph\":[{\"@type\":\"WebPage\",\"@id\":\"https:\\\/\\\/luzgrandhotel.fr\\\/de\\\/sfh-gruppe\\\/\",\"url\":\"https:\\\/\\\/luzgrandhotel.fr\\\/de\\\/sfh-gruppe\\\/\",\"name\":\"Entdecken Sie die SFH-Hotelgruppe - Luz Grand Hotel\",\"isPartOf\":{\"@id\":\"https:\\\/\\\/luzgrandhotel.fr\\\/de\\\/#website\"},\"primaryImageOfPage\":{\"@id\":\"https:\\\/\\\/luzgrandhotel.fr\\\/de\\\/sfh-gruppe\\\/#primaryimage\"},\"image\":{\"@id\":\"https:\\\/\\\/luzgrandhotel.fr\\\/de\\\/sfh-gruppe\\\/#primaryimage\"},\"thumbnailUrl\":\"https:\\\/\\\/luzgrandhotel.fr\\\/wp-content\\\/uploads\\\/2025\\\/05\\\/la-vila-haussmann-paris-8e-arrondissement-facade-2-1-1004x1024.jpg\",\"datePublished\":\"2025-04-18T09:16:17+00:00\",\"dateModified\":\"2026-09-04T13:14:17+00:00\",\"description\":\"Entdecken Sie die SFH-Gruppe, einen f\u00fchrenden Akteur im Wellness- und Hotelbereich, mit ihren au\u00dfergew\u00f6hnlichen H\u00e4usern in Frankreich.\",\"breadcrumb\":{\"@id\":\"https:\\\/\\\/luzgrandhotel.fr\\\/de\\\/sfh-gruppe\\\/#breadcrumb\"},\"inLanguage\":\"de\",\"potentialAction\":[{\"@type\":\"ReadAction\",\"target\":[\"https:\\\/\\\/luzgrandhotel.fr\\\/de\\\/sfh-gruppe\\\/\"]}]},{\"@type\":\"ImageObject\",\"inLanguage\":\"de\",\"@id\":\"https:\\\/\\\/luzgrandhotel.fr\\\/de\\\/sfh-gruppe\\\/#primaryimage\",\"url\":\"https:\\\/\\\/luzgrandhotel.fr\\\/wp-content\\\/uploads\\\/2025\\\/05\\\/la-vila-haussmann-paris-8e-arrondissement-facade-2-1-1004x1024.jpg\",\"contentUrl\":\"https:\\\/\\\/luzgrandhotel.fr\\\/wp-content\\\/uploads\\\/2025\\\/05\\\/la-vila-haussmann-paris-8e-arrondissement-facade-2-1-1004x1024.jpg\"},{\"@type\":\"BreadcrumbList\",\"@id\":\"https:\\\/\\\/luzgrandhotel.fr\\\/de\\\/sfh-gruppe\\\/#breadcrumb\",\"itemListElement\":[{\"@type\":\"ListItem\",\"position\":1,\"name\":\"Accueil\",\"item\":\"https:\\\/\\\/luzgrandhotel.fr\\\/de\\\/startseite\\\/\"},{\"@type\":\"ListItem\",\"position\":2,\"name\":\"Die SFH-Gruppe\"}]},{\"@type\":\"WebSite\",\"@id\":\"https:\\\/\\\/luzgrandhotel.fr\\\/de\\\/#website\",\"url\":\"https:\\\/\\\/luzgrandhotel.fr\\\/de\\\/\",\"name\":\"Luz Grand Hotel\",\"description\":\"\",\"publisher\":{\"@id\":\"https:\\\/\\\/luzgrandhotel.fr\\\/de\\\/#organization\"},\"potentialAction\":[{\"@type\":\"SearchAction\",\"target\":{\"@type\":\"EntryPoint\",\"urlTemplate\":\"https:\\\/\\\/luzgrandhotel.fr\\\/de\\\/?s={search_term_string}\"},\"query-input\":{\"@type\":\"PropertyValueSpecification\",\"valueRequired\":true,\"valueName\":\"search_term_string\"}}],\"inLanguage\":\"de\"},{\"@type\":\"Organization\",\"@id\":\"https:\\\/\\\/luzgrandhotel.fr\\\/de\\\/#organization\",\"name\":\"Luz Grand Hotel\",\"url\":\"https:\\\/\\\/luzgrandhotel.fr\\\/de\\\/\",\"logo\":{\"@type\":\"ImageObject\",\"inLanguage\":\"de\",\"@id\":\"https:\\\/\\\/luzgrandhotel.fr\\\/de\\\/#\\\/schema\\\/logo\\\/image\\\/\",\"url\":\"https:\\\/\\\/luzgrandhotel.fr\\\/wp-content\\\/uploads\\\/2025\\\/04\\\/logo-grand-hotel-luz.svg\",\"contentUrl\":\"https:\\\/\\\/luzgrandhotel.fr\\\/wp-content\\\/uploads\\\/2025\\\/04\\\/logo-grand-hotel-luz.svg\",\"caption\":\"Luz Grand Hotel\"},\"image\":{\"@id\":\"https:\\\/\\\/luzgrandhotel.fr\\\/de\\\/#\\\/schema\\\/logo\\\/image\\\/\"},\"sameAs\":[\"https:\\\/\\\/www.facebook.com\\\/luzgrandhotel\\\/\",\"https:\\\/\\\/www.instagram.com\\\/luzgrandhotel\\\/\",\"https:\\\/\\\/www.linkedin.com\\\/company\\\/72327768\\\/admin\\\/dashboard\\\/\"]}]}<\/script>\n<!-- \/ Yoast SEO plugin. -->","yoast_head_json":{"title":"Entdecken Sie die SFH-Hotelgruppe - Luz Grand Hotel","description":"Entdecken Sie die SFH-Gruppe, einen f\u00fchrenden Akteur im Wellness- und Hotelbereich, mit ihren au\u00dfergew\u00f6hnlichen H\u00e4usern in Frankreich.","robots":{"index":"index","follow":"follow","max-snippet":"max-snippet:-1","max-image-preview":"max-image-preview:large","max-video-preview":"max-video-preview:-1"},"canonical":"https:\/\/luzgrandhotel.fr\/de\/sfh-gruppe\/","og_locale":"de_DE","og_type":"article","og_title":"Entdecken Sie die SFH-Hotelgruppe - Luz Grand Hotel","og_description":"Entdecken Sie die SFH-Gruppe, einen f\u00fchrenden Akteur im Wellness- und Hotelbereich, mit ihren au\u00dfergew\u00f6hnlichen H\u00e4usern in Frankreich.","og_url":"https:\/\/luzgrandhotel.fr\/de\/sfh-gruppe\/","og_site_name":"Luz Grand Hotel","article_publisher":"https:\/\/www.facebook.com\/luzgrandhotel\/","article_modified_time":"2026-09-04T13:14:17+00:00","og_image":[{"width":2509,"height":2560,"url":"https:\/\/luzgrandhotel.fr\/wp-content\/uploads\/2025\/05\/la-vila-haussmann-paris-8e-arrondissement-facade-2-1-scaled.jpg","type":"image\/jpeg"}],"twitter_card":"summary_large_image","twitter_misc":{"Gesch\u00e4tzte Lesezeit":"2 Minuten"},"schema":{"@context":"https:\/\/schema.org","@graph":[{"@type":"WebPage","@id":"https:\/\/luzgrandhotel.fr\/de\/sfh-gruppe\/","url":"https:\/\/luzgrandhotel.fr\/de\/sfh-gruppe\/","name":"Entdecken Sie die SFH-Hotelgruppe - Luz Grand Hotel","isPartOf":{"@id":"https:\/\/luzgrandhotel.fr\/de\/#website"},"primaryImageOfPage":{"@id":"https:\/\/luzgrandhotel.fr\/de\/sfh-gruppe\/#primaryimage"},"image":{"@id":"https:\/\/luzgrandhotel.fr\/de\/sfh-gruppe\/#primaryimage"},"thumbnailUrl":"https:\/\/luzgrandhotel.fr\/wp-content\/uploads\/2025\/05\/la-vila-haussmann-paris-8e-arrondissement-facade-2-1-1004x1024.jpg","datePublished":"2025-04-18T09:16:17+00:00","dateModified":"2026-09-04T13:14:17+00:00","description":"Entdecken Sie die SFH-Gruppe, einen f\u00fchrenden Akteur im Wellness- und Hotelbereich, mit ihren au\u00dfergew\u00f6hnlichen H\u00e4usern in Frankreich.","breadcrumb":{"@id":"https:\/\/luzgrandhotel.fr\/de\/sfh-gruppe\/#breadcrumb"},"inLanguage":"de","potentialAction":[{"@type":"ReadAction","target":["https:\/\/luzgrandhotel.fr\/de\/sfh-gruppe\/"]}]},{"@type":"ImageObject","inLanguage":"de","@id":"https:\/\/luzgrandhotel.fr\/de\/sfh-gruppe\/#primaryimage","url":"https:\/\/luzgrandhotel.fr\/wp-content\/uploads\/2025\/05\/la-vila-haussmann-paris-8e-arrondissement-facade-2-1-1004x1024.jpg","contentUrl":"https:\/\/luzgrandhotel.fr\/wp-content\/uploads\/2025\/05\/la-vila-haussmann-paris-8e-arrondissement-facade-2-1-1004x1024.jpg"},{"@type":"BreadcrumbList","@id":"https:\/\/luzgrandhotel.fr\/de\/sfh-gruppe\/#breadcrumb","itemListElement":[{"@type":"ListItem","position":1,"name":"Accueil","item":"https:\/\/luzgrandhotel.fr\/de\/startseite\/"},{"@type":"ListItem","position":2,"name":"Die SFH-Gruppe"}]},{"@type":"WebSite","@id":"https:\/\/luzgrandhotel.fr\/de\/#website","url":"https:\/\/luzgrandhotel.fr\/de\/","name":"Luz Grand Hotel","description":"","publisher":{"@id":"https:\/\/luzgrandhotel.fr\/de\/#organization"},"potentialAction":[{"@type":"SearchAction","target":{"@type":"EntryPoint","urlTemplate":"https:\/\/luzgrandhotel.fr\/de\/?s={search_term_string}"},"query-input":{"@type":"PropertyValueSpecification","valueRequired":true,"valueName":"search_term_string"}}],"inLanguage":"de"},{"@type":"Organization","@id":"https:\/\/luzgrandhotel.fr\/de\/#organization","name":"Luz Grand Hotel","url":"https:\/\/luzgrandhotel.fr\/de\/","logo":{"@type":"ImageObject","inLanguage":"de","@id":"https:\/\/luzgrandhotel.fr\/de\/#\/schema\/logo\/image\/","url":"https:\/\/luzgrandhotel.fr\/wp-content\/uploads\/2025\/04\/logo-grand-hotel-luz.svg","contentUrl":"https:\/\/luzgrandhotel.fr\/wp-content\/uploads\/2025\/04\/logo-grand-hotel-luz.svg","caption":"Luz Grand Hotel"},"image":{"@id":"https:\/\/luzgrandhotel.fr\/de\/#\/schema\/logo\/image\/"},"sameAs":["https:\/\/www.facebook.com\/luzgrandhotel\/","https:\/\/www.instagram.com\/luzgrandhotel\/","https:\/\/www.linkedin.com\/company\/72327768\/admin\/dashboard\/"]}]}},"_links":{"self":[{"href":"https:\/\/luzgrandhotel.fr\/de\/wp-json\/wp\/v2\/pages\/8882","targetHints":{"allow":["GET"]}}],"collection":[{"href":"https:\/\/luzgrandhotel.fr\/de\/wp-json\/wp\/v2\/pages"}],"about":[{"href":"https:\/\/luzgrandhotel.fr\/de\/wp-json\/wp\/v2\/types\/page"}],"author":[{"embeddable":true,"href":"https:\/\/luzgrandhotel.fr\/de\/wp-json\/wp\/v2\/users\/2"}],"replies":[{"embeddable":true,"href":"https:\/\/luzgrandhotel.fr\/de\/wp-json\/wp\/v2\/comments?post=8882"}],"version-history":[{"count":1,"href":"https:\/\/luzgrandhotel.fr\/de\/wp-json\/wp\/v2\/pages\/8882\/revisions"}],"predecessor-version":[{"id":8896,"href":"https:\/\/luzgrandhotel.fr\/de\/wp-json\/wp\/v2\/pages\/8882\/revisions\/8896"}],"wp:attachment":[{"href":"https:\/\/luzgrandhotel.fr\/de\/wp-json\/wp\/v2\/media?parent=8882"}],"curies":[{"name":"wp","href":"https:\/\/api.w.org\/{rel}","templated":true}]}}