{"id":8905,"date":"2025-09-10T14:20:10","date_gmt":"2025-09-10T12:20:10","guid":{"rendered":"https:\/\/luzgrandhotel.fr\/zimmer\/"},"modified":"2026-09-04T15:14:28","modified_gmt":"2026-09-04T13:14:28","slug":"zimmer","status":"publish","type":"page","link":"https:\/\/luzgrandhotel.fr\/de\/zimmer\/","title":{"rendered":"Zimmer"},"content":{"rendered":"\t\t<div data-elementor-type=\"wp-page\" data-elementor-id=\"8905\" class=\"elementor elementor-8905 elementor-5506\" data-elementor-post-type=\"page\">\n\t\t\t\t<div class=\"elementor-element elementor-element-6eb7f9d0 e-con-full header-page e-flex e-con e-parent\" data-id=\"6eb7f9d0\" data-element_type=\"container\" data-e-type=\"container\" data-settings=\"{&quot;background_background&quot;:&quot;classic&quot;,&quot;background_motion_fx_motion_fx_scrolling&quot;:&quot;yes&quot;,&quot;background_motion_fx_translateY_effect&quot;:&quot;yes&quot;,&quot;background_motion_fx_translateY_speed&quot;:{&quot;unit&quot;:&quot;px&quot;,&quot;size&quot;:4,&quot;sizes&quot;:[]},&quot;background_motion_fx_translateY_affectedRange&quot;:{&quot;unit&quot;:&quot;%&quot;,&quot;size&quot;:&quot;&quot;,&quot;sizes&quot;:{&quot;start&quot;:0,&quot;end&quot;:100}},&quot;background_motion_fx_devices&quot;:[&quot;desktop&quot;,&quot;tablet&quot;,&quot;mobile&quot;]}\">\n\t\t\t\t<\/div>\n\t\t<section class=\"elementor-element elementor-element-34f9aa3a e-con-full e-flex e-con e-parent\" data-id=\"34f9aa3a\" data-element_type=\"container\" data-e-type=\"container\">\n\t\t<div class=\"elementor-element elementor-element-09a038e e-con-full e-flex e-con e-child\" data-id=\"09a038e\" data-element_type=\"container\" data-e-type=\"container\" data-settings=\"{&quot;background_background&quot;:&quot;classic&quot;}\">\n\t\t\t\t<div class=\"elementor-element elementor-element-304e8b1a elementor-align-center elementor-widget elementor-widget-breadcrumbs\" data-id=\"304e8b1a\" data-element_type=\"widget\" data-e-type=\"widget\" data-widget_type=\"breadcrumbs.default\">\n\t\t\t\t\t<p id=\"breadcrumbs\"><span><span><a href=\"https:\/\/luzgrandhotel.fr\/de\/startseite\/\">Accueil<\/a><\/span><\/span><\/p>\t\t\t\t<\/div>\n\t\t<div class=\"elementor-element elementor-element-2fe1cab e-con-full e-flex e-con e-child\" data-id=\"2fe1cab\" data-element_type=\"container\" data-e-type=\"container\">\n\t\t\t\t<div class=\"elementor-element elementor-element-7547232 elementor-invisible elementor-widget elementor-widget-text-editor\" data-id=\"7547232\" data-element_type=\"widget\" data-e-type=\"widget\" data-settings=\"{&quot;_animation&quot;:&quot;slideInUp&quot;}\" data-widget_type=\"text-editor.default\">\n\t\t\t\t\t\t\t\t\t<p>Tauchen Sie ein in die elegante Welt des Grand H\u00f4tel Spa &#038; Thalasso, des legend\u00e4ren 5-Sterne-Hotels in Saint-Jean-de-Luz, und entdecken Sie eine exklusive Auswahl an Zimmern und Suiten, die ganz auf Ihren Komfort und Ihr Wohlbefinden ausgerichtet sind.<\/p>\t\t\t\t\t\t\t\t<\/div>\n\t\t\t\t<\/div>\n\t\t<div class=\"elementor-element elementor-element-c37a448 e-con-full e-flex e-con e-child\" data-id=\"c37a448\" data-element_type=\"container\" data-e-type=\"container\">\n\t\t<div class=\"elementor-element elementor-element-fa8d403 e-con-full rooms-slider-galerie e-flex elementor-invisible e-con e-child\" data-id=\"fa8d403\" data-element_type=\"container\" data-e-type=\"container\" data-settings=\"{&quot;animation&quot;:&quot;slideInUp&quot;}\">\n\t\t<div class=\"elementor-element elementor-element-b050993 e-con-full room e-flex e-con e-child\" data-id=\"b050993\" data-element_type=\"container\" data-e-type=\"container\">\n\t\t<div class=\"elementor-element elementor-element-f4a3e7b e-con-full e-flex e-con e-child\" data-id=\"f4a3e7b\" data-element_type=\"container\" data-e-type=\"container\">\n\t\t\t\t<div class=\"elementor-element elementor-element-c777c02 elementor-pagination-position-outside elementor-widget elementor-widget-image-carousel\" data-id=\"c777c02\" data-element_type=\"widget\" data-e-type=\"widget\" data-settings=\"{&quot;slides_to_show&quot;:&quot;1&quot;,&quot;navigation&quot;:&quot;dots&quot;,&quot;infinite&quot;:&quot;yes&quot;,&quot;effect&quot;:&quot;slide&quot;,&quot;speed&quot;:500}\" data-widget_type=\"image-carousel.default\">\n\t\t\t\t\t\t\t<div class=\"elementor-image-carousel-wrapper swiper\" role=\"region\" aria-roledescription=\"carousel\" aria-label=\"Carrousel d\u2019images\" dir=\"ltr\">\n\t\t\t<div class=\"elementor-image-carousel swiper-wrapper\" aria-live=\"polite\">\n\t\t\t\t\t\t\t\t<div class=\"swiper-slide\" role=\"group\" aria-roledescription=\"slide\" aria-label=\"1 von 5\"><a data-elementor-open-lightbox=\"yes\" data-elementor-lightbox-slideshow=\"c777c02\" data-elementor-lightbox-title=\"Klassisches Zimmer mit Blick auf die Stadt \u2013 Luz Grand Hotel (1)\" data-e-action-hash=\"#elementor-action%3Aaction%3Dlightbox%26settings%3DeyJpZCI6ODkwOCwidXJsIjoiaHR0cHM6XC9cL2x1emdyYW5kaG90ZWwuZnJcL3dwLWNvbnRlbnRcL3VwbG9hZHNcLzIwMjVcLzA3XC9jaGFtYnJlLWNsYXNzaXF1ZS12dWUtdmlsbGUtbHV6LWdyYW5kLWhvdGVsLTEuanBnIiwic2xpZGVzaG93IjoiYzc3N2MwMiJ9\" href=\"https:\/\/luzgrandhotel.fr\/wp-content\/uploads\/2025\/07\/chambre-classique-vue-ville-luz-grand-hotel-1.jpg\"><figure class=\"swiper-slide-inner\"><img decoding=\"async\" class=\"swiper-slide-image\" src=\"https:\/\/luzgrandhotel.fr\/wp-content\/uploads\/2025\/07\/chambre-classique-vue-ville-luz-grand-hotel-1-1152x1536.jpg\" alt=\"Zimmer im Grand Hotel Saint-Jean-de-Luz\u200b\" \/><\/figure><\/a><\/div><div class=\"swiper-slide\" role=\"group\" aria-roledescription=\"slide\" aria-label=\"2 von 5\"><a data-elementor-open-lightbox=\"yes\" data-elementor-lightbox-slideshow=\"c777c02\" data-elementor-lightbox-title=\"Klassisches Zimmer mit Blick auf die Stadt \u2013 Luz Grand Hotel (2)\" data-e-action-hash=\"#elementor-action%3Aaction%3Dlightbox%26settings%3DeyJpZCI6ODkwOSwidXJsIjoiaHR0cHM6XC9cL2x1emdyYW5kaG90ZWwuZnJcL3dwLWNvbnRlbnRcL3VwbG9hZHNcLzIwMjVcLzA3XC9jaGFtYnJlLWNsYXNzaXF1ZS12dWUtdmlsbGUtbHV6LWdyYW5kLWhvdGVsLTIuanBnIiwic2xpZGVzaG93IjoiYzc3N2MwMiJ9\" href=\"https:\/\/luzgrandhotel.fr\/wp-content\/uploads\/2025\/07\/chambre-classique-vue-ville-luz-grand-hotel-2.jpg\"><figure class=\"swiper-slide-inner\"><img decoding=\"async\" class=\"swiper-slide-image\" src=\"https:\/\/luzgrandhotel.fr\/wp-content\/uploads\/2025\/07\/chambre-classique-vue-ville-luz-grand-hotel-2-1152x1536.jpg\" alt=\"Zimmer im Grand Hotel Saint-Jean-de-Luz\u200b\" \/><\/figure><\/a><\/div><div class=\"swiper-slide\" role=\"group\" aria-roledescription=\"slide\" aria-label=\"3 von 5\"><a data-elementor-open-lightbox=\"yes\" data-elementor-lightbox-slideshow=\"c777c02\" data-elementor-lightbox-title=\"Klassisches Zimmer mit Blick auf die Stadt \u2013 Luz Grand Hotel (3)\" data-e-action-hash=\"#elementor-action%3Aaction%3Dlightbox%26settings%3DeyJpZCI6ODkxMCwidXJsIjoiaHR0cHM6XC9cL2x1emdyYW5kaG90ZWwuZnJcL3dwLWNvbnRlbnRcL3VwbG9hZHNcLzIwMjVcLzA3XC9jaGFtYnJlLWNsYXNzaXF1ZS12dWUtdmlsbGUtbHV6LWdyYW5kLWhvdGVsLTMuanBnIiwic2xpZGVzaG93IjoiYzc3N2MwMiJ9\" href=\"https:\/\/luzgrandhotel.fr\/wp-content\/uploads\/2025\/07\/chambre-classique-vue-ville-luz-grand-hotel-3.jpg\"><figure class=\"swiper-slide-inner\"><img decoding=\"async\" class=\"swiper-slide-image\" src=\"https:\/\/luzgrandhotel.fr\/wp-content\/uploads\/2025\/07\/chambre-classique-vue-ville-luz-grand-hotel-3-1152x1536.jpg\" alt=\"Zimmer im Grand Hotel Saint-Jean-de-Luz\u200b\" \/><\/figure><\/a><\/div><div class=\"swiper-slide\" role=\"group\" aria-roledescription=\"slide\" aria-label=\"4 von 5\"><a data-elementor-open-lightbox=\"yes\" data-elementor-lightbox-slideshow=\"c777c02\" data-elementor-lightbox-title=\"Klassisches Zimmer mit Blick auf die Stadt \u2013 Luz Grand Hotel (4)\" data-e-action-hash=\"#elementor-action%3Aaction%3Dlightbox%26settings%3DeyJpZCI6ODkxMSwidXJsIjoiaHR0cHM6XC9cL2x1emdyYW5kaG90ZWwuZnJcL3dwLWNvbnRlbnRcL3VwbG9hZHNcLzIwMjVcLzA3XC9jaGFtYnJlLWNsYXNzaXF1ZS12dWUtdmlsbGUtbHV6LWdyYW5kLWhvdGVsLTQuanBnIiwic2xpZGVzaG93IjoiYzc3N2MwMiJ9\" href=\"https:\/\/luzgrandhotel.fr\/wp-content\/uploads\/2025\/07\/chambre-classique-vue-ville-luz-grand-hotel-4.jpg\"><figure class=\"swiper-slide-inner\"><img decoding=\"async\" class=\"swiper-slide-image\" src=\"https:\/\/luzgrandhotel.fr\/wp-content\/uploads\/2025\/07\/chambre-classique-vue-ville-luz-grand-hotel-4-1152x1536.jpg\" alt=\"Zimmer im Grand Hotel Saint-Jean-de-Luz\u200b\" \/><\/figure><\/a><\/div><div class=\"swiper-slide\" role=\"group\" aria-roledescription=\"slide\" aria-label=\"5 von 5\"><a data-elementor-open-lightbox=\"yes\" data-elementor-lightbox-slideshow=\"c777c02\" data-elementor-lightbox-title=\"Klassisches Zimmer mit Blick auf die Stadt \u2013 Luz Grand Hotel (5)\" data-e-action-hash=\"#elementor-action%3Aaction%3Dlightbox%26settings%3DeyJpZCI6ODkxMiwidXJsIjoiaHR0cHM6XC9cL2x1emdyYW5kaG90ZWwuZnJcL3dwLWNvbnRlbnRcL3VwbG9hZHNcLzIwMjVcLzA3XC9jaGFtYnJlLWNsYXNzaXF1ZS12dWUtdmlsbGUtbHV6LWdyYW5kLWhvdGVsLTUuanBnIiwic2xpZGVzaG93IjoiYzc3N2MwMiJ9\" href=\"https:\/\/luzgrandhotel.fr\/wp-content\/uploads\/2025\/07\/chambre-classique-vue-ville-luz-grand-hotel-5.jpg\"><figure class=\"swiper-slide-inner\"><img decoding=\"async\" class=\"swiper-slide-image\" src=\"https:\/\/luzgrandhotel.fr\/wp-content\/uploads\/2025\/07\/chambre-classique-vue-ville-luz-grand-hotel-5-1152x1536.jpg\" alt=\"Zimmer im Grand Hotel Saint-Jean-de-Luz\u200b\" \/><\/figure><\/a><\/div>\t\t\t<\/div>\n\t\t\t\t\t\t\t\n\t\t\t\t\t\t\t\t\t<div class=\"swiper-pagination\"><\/div>\n\t\t\t\t\t\t\t\t\t<\/div>\n\t\t\t\t\t\t<\/div>\n\t\t\t\t<\/div>\n\t\t<div class=\"elementor-element elementor-element-daee8df e-con-full e-flex e-con e-child\" data-id=\"daee8df\" data-element_type=\"container\" data-e-type=\"container\" data-settings=\"{&quot;background_background&quot;:&quot;classic&quot;}\">\n\t\t<div class=\"elementor-element elementor-element-c734755 e-con-full e-flex e-con e-child\" data-id=\"c734755\" data-element_type=\"container\" data-e-type=\"container\">\n\t\t\t\t<div class=\"elementor-element elementor-element-c0ffdda elementor-widget elementor-widget-heading\" data-id=\"c0ffdda\" data-element_type=\"widget\" data-e-type=\"widget\" data-widget_type=\"heading.default\">\n\t\t\t\t\t<h2 class=\"elementor-heading-title elementor-size-default\">Klassisches Zimmer<\/h2>\t\t\t\t<\/div>\n\t\t\t\t<div class=\"elementor-element elementor-element-bccfc30 elementor-widget elementor-widget-text-editor\" data-id=\"bccfc30\" data-element_type=\"widget\" data-e-type=\"widget\" data-widget_type=\"text-editor.default\">\n\t\t\t\t\t\t\t\t\t<p>Die \u201eClassique\u201c-Zimmer mit einer Fl\u00e4che von 22 m\u00b2 bieten einen Blick auf die Stadt. Sie sind sorgf\u00e4ltig in einem modernen und gem\u00fctlichen Stil eingerichtet und zeichnen sich durch Funktionalit\u00e4t und hohen Komfort aus.<\/p>\t\t\t\t\t\t\t\t<\/div>\n\t\t\t\t<\/div>\n\t\t<div class=\"elementor-element elementor-element-9b0c6c9 e-con-full e-flex e-con e-child\" data-id=\"9b0c6c9\" data-element_type=\"container\" data-e-type=\"container\">\n\t\t\t\t<div class=\"elementor-element elementor-element-8f4fbd9 elementor-align-center elementor-widget elementor-widget-button\" data-id=\"8f4fbd9\" data-element_type=\"widget\" data-e-type=\"widget\" data-widget_type=\"button.default\">\n\t\t\t\t\t\t\t\t\t\t<a class=\"elementor-button elementor-button-link elementor-size-sm\" href=\"#elementor-action%3Aaction%3Dpopup%3Aopen%26settings%3DeyJpZCI6OTAxNSwidG9nZ2xlIjpmYWxzZX0%3D\" target=\"_blank\">\n\t\t\t\t\t\t<span class=\"elementor-button-content-wrapper\">\n\t\t\t\t\t\t\t\t\t<span class=\"elementor-button-text\">Buchen<\/span>\n\t\t\t\t\t<\/span>\n\t\t\t\t\t<\/a>\n\t\t\t\t\t\t\t\t<\/div>\n\t\t\t\t<\/div>\n\t\t\t\t<\/div>\n\t\t\t\t<\/div>\n\t\t<div class=\"elementor-element elementor-element-5cbc345 e-con-full room e-flex e-con e-child\" data-id=\"5cbc345\" data-element_type=\"container\" data-e-type=\"container\">\n\t\t<div class=\"elementor-element elementor-element-be9ca2a e-con-full e-flex e-con e-child\" data-id=\"be9ca2a\" data-element_type=\"container\" data-e-type=\"container\">\n\t\t\t\t<div class=\"elementor-element elementor-element-012fcdc elementor-pagination-position-outside elementor-widget elementor-widget-image-carousel\" data-id=\"012fcdc\" data-element_type=\"widget\" data-e-type=\"widget\" data-settings=\"{&quot;slides_to_show&quot;:&quot;1&quot;,&quot;navigation&quot;:&quot;dots&quot;,&quot;infinite&quot;:&quot;yes&quot;,&quot;effect&quot;:&quot;slide&quot;,&quot;speed&quot;:500}\" data-widget_type=\"image-carousel.default\">\n\t\t\t\t\t\t\t<div class=\"elementor-image-carousel-wrapper swiper\" role=\"region\" aria-roledescription=\"carousel\" aria-label=\"Carrousel d\u2019images\" dir=\"ltr\">\n\t\t\t<div class=\"elementor-image-carousel swiper-wrapper\" aria-live=\"polite\">\n\t\t\t\t\t\t\t\t<div class=\"swiper-slide\" role=\"group\" aria-roledescription=\"slide\" aria-label=\"1 von 3\"><a data-elementor-open-lightbox=\"yes\" data-elementor-lightbox-slideshow=\"012fcdc\" data-elementor-lightbox-title=\"Luftaufnahme-Stadt-Luz-Grand-Hotel (1)\" data-e-action-hash=\"#elementor-action%3Aaction%3Dlightbox%26settings%3DeyJpZCI6ODkxMywidXJsIjoiaHR0cHM6XC9cL2x1emdyYW5kaG90ZWwuZnJcL3dwLWNvbnRlbnRcL3VwbG9hZHNcLzIwMjVcLzA3XC9zdXBlcmlldXJlLXZ1ZS12aWxsZS1sdXotZ3JhbmQtaG90ZWwtMS5qcGciLCJzbGlkZXNob3ciOiIwMTJmY2RjIn0%3D\" href=\"https:\/\/luzgrandhotel.fr\/wp-content\/uploads\/2025\/07\/superieure-vue-ville-luz-grand-hotel-1.jpg\"><figure class=\"swiper-slide-inner\"><img decoding=\"async\" class=\"swiper-slide-image\" src=\"https:\/\/luzgrandhotel.fr\/wp-content\/uploads\/2025\/07\/superieure-vue-ville-luz-grand-hotel-1-1152x1536.jpg\" alt=\"Zimmer im Grand Hotel Saint-Jean-de-Luz\u200b\" \/><\/figure><\/a><\/div><div class=\"swiper-slide\" role=\"group\" aria-roledescription=\"slide\" aria-label=\"2 von 3\"><a data-elementor-open-lightbox=\"yes\" data-elementor-lightbox-slideshow=\"012fcdc\" data-elementor-lightbox-title=\"Luftaufnahme-Stadt-Luz-Grand-Hotel (2)\" data-e-action-hash=\"#elementor-action%3Aaction%3Dlightbox%26settings%3DeyJpZCI6ODkxNCwidXJsIjoiaHR0cHM6XC9cL2x1emdyYW5kaG90ZWwuZnJcL3dwLWNvbnRlbnRcL3VwbG9hZHNcLzIwMjVcLzA3XC9zdXBlcmlldXJlLXZ1ZS12aWxsZS1sdXotZ3JhbmQtaG90ZWwtMi5qcGciLCJzbGlkZXNob3ciOiIwMTJmY2RjIn0%3D\" href=\"https:\/\/luzgrandhotel.fr\/wp-content\/uploads\/2025\/07\/superieure-vue-ville-luz-grand-hotel-2.jpg\"><figure class=\"swiper-slide-inner\"><img decoding=\"async\" class=\"swiper-slide-image\" src=\"https:\/\/luzgrandhotel.fr\/wp-content\/uploads\/2025\/07\/superieure-vue-ville-luz-grand-hotel-2-1152x1536.jpg\" alt=\"Zimmer im Grand Hotel Saint-Jean-de-Luz\u200b\" \/><\/figure><\/a><\/div><div class=\"swiper-slide\" role=\"group\" aria-roledescription=\"slide\" aria-label=\"3 von 3\"><a data-elementor-open-lightbox=\"yes\" data-elementor-lightbox-slideshow=\"012fcdc\" data-elementor-lightbox-title=\"Luftaufnahme-Stadt-Luz-Grand-Hotel (3)\" data-e-action-hash=\"#elementor-action%3Aaction%3Dlightbox%26settings%3DeyJpZCI6ODkxNSwidXJsIjoiaHR0cHM6XC9cL2x1emdyYW5kaG90ZWwuZnJcL3dwLWNvbnRlbnRcL3VwbG9hZHNcLzIwMjVcLzA3XC9zdXBlcmlldXJlLXZ1ZS12aWxsZS1sdXotZ3JhbmQtaG90ZWwtMy5qcGciLCJzbGlkZXNob3ciOiIwMTJmY2RjIn0%3D\" href=\"https:\/\/luzgrandhotel.fr\/wp-content\/uploads\/2025\/07\/superieure-vue-ville-luz-grand-hotel-3.jpg\"><figure class=\"swiper-slide-inner\"><img decoding=\"async\" class=\"swiper-slide-image\" src=\"https:\/\/luzgrandhotel.fr\/wp-content\/uploads\/2025\/07\/superieure-vue-ville-luz-grand-hotel-3-1152x1536.jpg\" alt=\"Zimmer im Grand Hotel Saint-Jean-de-Luz\u200b\" \/><\/figure><\/a><\/div>\t\t\t<\/div>\n\t\t\t\t\t\t\t\n\t\t\t\t\t\t\t\t\t<div class=\"swiper-pagination\"><\/div>\n\t\t\t\t\t\t\t\t\t<\/div>\n\t\t\t\t\t\t<\/div>\n\t\t\t\t<\/div>\n\t\t<div class=\"elementor-element elementor-element-0015d17 e-con-full e-flex e-con e-child\" data-id=\"0015d17\" data-element_type=\"container\" data-e-type=\"container\" data-settings=\"{&quot;background_background&quot;:&quot;classic&quot;}\">\n\t\t<div class=\"elementor-element elementor-element-6d94a4d e-con-full e-flex e-con e-child\" data-id=\"6d94a4d\" data-element_type=\"container\" data-e-type=\"container\">\n\t\t\t\t<div class=\"elementor-element elementor-element-b83391a elementor-widget elementor-widget-heading\" data-id=\"b83391a\" data-element_type=\"widget\" data-e-type=\"widget\" data-widget_type=\"heading.default\">\n\t\t\t\t\t<h2 class=\"elementor-heading-title elementor-size-default\">Superior-Zimmer<\/h2>\t\t\t\t<\/div>\n\t\t\t\t<div class=\"elementor-element elementor-element-ee78247 elementor-widget elementor-widget-text-editor\" data-id=\"ee78247\" data-element_type=\"widget\" data-e-type=\"widget\" data-widget_type=\"text-editor.default\">\n\t\t\t\t\t\t\t\t\t<p>Die \u201eSuperior\u201c-Zimmer mit einer Fl\u00e4che von 23 bis 40 m\u00b2 bieten vom 1. bis zum 3. Stock einen freien Blick auf die Stadt.\u2028Sie sind eine Oase der Behaglichkeit und elegant eingerichtet, wodurch eine sehr entspannende Atmosph\u00e4re entsteht.<\/p>\t\t\t\t\t\t\t\t<\/div>\n\t\t\t\t<\/div>\n\t\t<div class=\"elementor-element elementor-element-b67843c e-con-full e-flex e-con e-child\" data-id=\"b67843c\" data-element_type=\"container\" data-e-type=\"container\">\n\t\t\t\t<div class=\"elementor-element elementor-element-7d7ef6e elementor-align-center elementor-widget elementor-widget-button\" data-id=\"7d7ef6e\" data-element_type=\"widget\" data-e-type=\"widget\" data-widget_type=\"button.default\">\n\t\t\t\t\t\t\t\t\t\t<a class=\"elementor-button elementor-button-link elementor-size-sm\" href=\"#elementor-action%3Aaction%3Dpopup%3Aopen%26settings%3DeyJpZCI6OTAxNSwidG9nZ2xlIjpmYWxzZX0%3D\" target=\"_blank\">\n\t\t\t\t\t\t<span class=\"elementor-button-content-wrapper\">\n\t\t\t\t\t\t\t\t\t<span class=\"elementor-button-text\">Buchen<\/span>\n\t\t\t\t\t<\/span>\n\t\t\t\t\t<\/a>\n\t\t\t\t\t\t\t\t<\/div>\n\t\t\t\t<\/div>\n\t\t\t\t<\/div>\n\t\t\t\t<\/div>\n\t\t<div class=\"elementor-element elementor-element-bd061dc e-con-full room e-flex e-con e-child\" data-id=\"bd061dc\" data-element_type=\"container\" data-e-type=\"container\">\n\t\t<div class=\"elementor-element elementor-element-96c78e6 e-con-full e-flex e-con e-child\" data-id=\"96c78e6\" data-element_type=\"container\" data-e-type=\"container\">\n\t\t\t\t<div class=\"elementor-element elementor-element-e13ec59 elementor-pagination-position-outside elementor-widget elementor-widget-image-carousel\" data-id=\"e13ec59\" data-element_type=\"widget\" data-e-type=\"widget\" data-settings=\"{&quot;slides_to_show&quot;:&quot;1&quot;,&quot;navigation&quot;:&quot;dots&quot;,&quot;infinite&quot;:&quot;yes&quot;,&quot;effect&quot;:&quot;slide&quot;,&quot;speed&quot;:500}\" data-widget_type=\"image-carousel.default\">\n\t\t\t\t\t\t\t<div class=\"elementor-image-carousel-wrapper swiper\" role=\"region\" aria-roledescription=\"carousel\" aria-label=\"Carrousel d\u2019images\" dir=\"ltr\">\n\t\t\t<div class=\"elementor-image-carousel swiper-wrapper\" aria-live=\"polite\">\n\t\t\t\t\t\t\t\t<div class=\"swiper-slide\" role=\"group\" aria-roledescription=\"slide\" aria-label=\"1 von 6\"><a data-elementor-open-lightbox=\"yes\" data-elementor-lightbox-slideshow=\"e13ec59\" data-elementor-lightbox-title=\"Superior-Zimmer mit Meerblick (4)\" data-e-action-hash=\"#elementor-action%3Aaction%3Dlightbox%26settings%3DeyJpZCI6ODkxNiwidXJsIjoiaHR0cHM6XC9cL2x1emdyYW5kaG90ZWwuZnJcL3dwLWNvbnRlbnRcL3VwbG9hZHNcLzIwMjVcLzA3XC9DaGFtYnJlLVN1cGVyaWV1cmUtT2NlYW4tNC1zY2FsZWQud2VicCIsInNsaWRlc2hvdyI6ImUxM2VjNTkifQ%3D%3D\" href=\"https:\/\/luzgrandhotel.fr\/wp-content\/uploads\/2025\/07\/Chambre-Superieure-Ocean-4-scaled.webp\"><figure class=\"swiper-slide-inner\"><img decoding=\"async\" class=\"swiper-slide-image\" src=\"https:\/\/luzgrandhotel.fr\/wp-content\/uploads\/2025\/07\/Chambre-Superieure-Ocean-4-1536x1024.webp\" alt=\"Hotelzimmer in Saint-Jean-de-Luz\u200b\" \/><\/figure><\/a><\/div><div class=\"swiper-slide\" role=\"group\" aria-roledescription=\"slide\" aria-label=\"2 von 6\"><a data-elementor-open-lightbox=\"yes\" data-elementor-lightbox-slideshow=\"e13ec59\" data-elementor-lightbox-title=\"Superior-Zimmer mit Meerblick (5)\" data-e-action-hash=\"#elementor-action%3Aaction%3Dlightbox%26settings%3DeyJpZCI6ODkxNywidXJsIjoiaHR0cHM6XC9cL2x1emdyYW5kaG90ZWwuZnJcL3dwLWNvbnRlbnRcL3VwbG9hZHNcLzIwMjVcLzA3XC9DaGFtYnJlLVN1cGVyaWV1cmUtT2NlYW4tNS1zY2FsZWQud2VicCIsInNsaWRlc2hvdyI6ImUxM2VjNTkifQ%3D%3D\" href=\"https:\/\/luzgrandhotel.fr\/wp-content\/uploads\/2025\/07\/Chambre-Superieure-Ocean-5-scaled.webp\"><figure class=\"swiper-slide-inner\"><img decoding=\"async\" class=\"swiper-slide-image\" src=\"https:\/\/luzgrandhotel.fr\/wp-content\/uploads\/2025\/07\/Chambre-Superieure-Ocean-5-1536x1006.webp\" alt=\"Hotelzimmer in Saint-Jean-de-Luz\u200b\" \/><\/figure><\/a><\/div><div class=\"swiper-slide\" role=\"group\" aria-roledescription=\"slide\" aria-label=\"3 von 6\"><a data-elementor-open-lightbox=\"yes\" data-elementor-lightbox-slideshow=\"e13ec59\" data-elementor-lightbox-title=\"Superior-Zimmer mit Meerblick (6)\" data-e-action-hash=\"#elementor-action%3Aaction%3Dlightbox%26settings%3DeyJpZCI6ODkxOCwidXJsIjoiaHR0cHM6XC9cL2x1emdyYW5kaG90ZWwuZnJcL3dwLWNvbnRlbnRcL3VwbG9hZHNcLzIwMjVcLzA3XC9DaGFtYnJlLVN1cGVyaWV1cmUtT2NlYW4tNi1zY2FsZWQud2VicCIsInNsaWRlc2hvdyI6ImUxM2VjNTkifQ%3D%3D\" href=\"https:\/\/luzgrandhotel.fr\/wp-content\/uploads\/2025\/07\/Chambre-Superieure-Ocean-6-scaled.webp\"><figure class=\"swiper-slide-inner\"><img decoding=\"async\" class=\"swiper-slide-image\" src=\"https:\/\/luzgrandhotel.fr\/wp-content\/uploads\/2025\/07\/Chambre-Superieure-Ocean-6-1536x1013.webp\" alt=\"Hotelzimmer in Saint-Jean-de-Luz\u200b\" \/><\/figure><\/a><\/div><div class=\"swiper-slide\" role=\"group\" aria-roledescription=\"slide\" aria-label=\"4 von 6\"><a data-elementor-open-lightbox=\"yes\" data-elementor-lightbox-slideshow=\"e13ec59\" data-elementor-lightbox-title=\"Superior-Zimmer mit Meerblick (3)\" data-e-action-hash=\"#elementor-action%3Aaction%3Dlightbox%26settings%3DeyJpZCI6ODkxOSwidXJsIjoiaHR0cHM6XC9cL2x1emdyYW5kaG90ZWwuZnJcL3dwLWNvbnRlbnRcL3VwbG9hZHNcLzIwMjVcLzA3XC9DaGFtYnJlLVN1cGVyaWV1cmUtT2NlYW4tMy5qcGciLCJzbGlkZXNob3ciOiJlMTNlYzU5In0%3D\" href=\"https:\/\/luzgrandhotel.fr\/wp-content\/uploads\/2025\/07\/Chambre-Superieure-Ocean-3.jpg\"><figure class=\"swiper-slide-inner\"><img decoding=\"async\" class=\"swiper-slide-image\" src=\"https:\/\/luzgrandhotel.fr\/wp-content\/uploads\/2025\/07\/Chambre-Superieure-Ocean-3-1152x1536.jpg\" alt=\"Hotelzimmer in Saint-Jean-de-Luz\u200b\" \/><\/figure><\/a><\/div><div class=\"swiper-slide\" role=\"group\" aria-roledescription=\"slide\" aria-label=\"5 von 6\"><a data-elementor-open-lightbox=\"yes\" data-elementor-lightbox-slideshow=\"e13ec59\" data-elementor-lightbox-title=\"Superior-Zimmer mit Meerblick (2)\" data-e-action-hash=\"#elementor-action%3Aaction%3Dlightbox%26settings%3DeyJpZCI6ODkyMCwidXJsIjoiaHR0cHM6XC9cL2x1emdyYW5kaG90ZWwuZnJcL3dwLWNvbnRlbnRcL3VwbG9hZHNcLzIwMjVcLzA3XC9DaGFtYnJlLVN1cGVyaWV1cmUtT2NlYW4tMi53ZWJwIiwic2xpZGVzaG93IjoiZTEzZWM1OSJ9\" href=\"https:\/\/luzgrandhotel.fr\/wp-content\/uploads\/2025\/07\/Chambre-Superieure-Ocean-2.webp\"><figure class=\"swiper-slide-inner\"><img decoding=\"async\" class=\"swiper-slide-image\" src=\"https:\/\/luzgrandhotel.fr\/wp-content\/uploads\/2025\/07\/Chambre-Superieure-Ocean-2-1152x1536.webp\" alt=\"Hotelzimmer in Saint-Jean-de-Luz\u200b\" \/><\/figure><\/a><\/div><div class=\"swiper-slide\" role=\"group\" aria-roledescription=\"slide\" aria-label=\"6 von 6\"><a data-elementor-open-lightbox=\"yes\" data-elementor-lightbox-slideshow=\"e13ec59\" data-elementor-lightbox-title=\"Superior-Zimmer mit Meerblick (1)\" data-e-action-hash=\"#elementor-action%3Aaction%3Dlightbox%26settings%3DeyJpZCI6ODkyMSwidXJsIjoiaHR0cHM6XC9cL2x1emdyYW5kaG90ZWwuZnJcL3dwLWNvbnRlbnRcL3VwbG9hZHNcLzIwMjVcLzA3XC9DaGFtYnJlLVN1cGVyaWV1cmUtT2NlYW4tMS53ZWJwIiwic2xpZGVzaG93IjoiZTEzZWM1OSJ9\" href=\"https:\/\/luzgrandhotel.fr\/wp-content\/uploads\/2025\/07\/Chambre-Superieure-Ocean-1.webp\"><figure class=\"swiper-slide-inner\"><img decoding=\"async\" class=\"swiper-slide-image\" src=\"https:\/\/luzgrandhotel.fr\/wp-content\/uploads\/2025\/07\/Chambre-Superieure-Ocean-1-1152x1536.webp\" alt=\"Saint-Jean-de-Luz\" \/><\/figure><\/a><\/div>\t\t\t<\/div>\n\t\t\t\t\t\t\t\n\t\t\t\t\t\t\t\t\t<div class=\"swiper-pagination\"><\/div>\n\t\t\t\t\t\t\t\t\t<\/div>\n\t\t\t\t\t\t<\/div>\n\t\t\t\t<\/div>\n\t\t<div class=\"elementor-element elementor-element-a48f07a e-con-full e-flex e-con e-child\" data-id=\"a48f07a\" data-element_type=\"container\" data-e-type=\"container\" data-settings=\"{&quot;background_background&quot;:&quot;classic&quot;}\">\n\t\t<div class=\"elementor-element elementor-element-361b04e e-con-full e-flex e-con e-child\" data-id=\"361b04e\" data-element_type=\"container\" data-e-type=\"container\">\n\t\t\t\t<div class=\"elementor-element elementor-element-c65f78a elementor-widget elementor-widget-heading\" data-id=\"c65f78a\" data-element_type=\"widget\" data-e-type=\"widget\" data-widget_type=\"heading.default\">\n\t\t\t\t\t<h2 class=\"elementor-heading-title elementor-size-default\">Superior-Zimmer mit Meerblick<\/h2>\t\t\t\t<\/div>\n\t\t\t\t<div class=\"elementor-element elementor-element-bbb1aa9 elementor-widget elementor-widget-text-editor\" data-id=\"bbb1aa9\" data-element_type=\"widget\" data-e-type=\"widget\" data-widget_type=\"text-editor.default\">\n\t\t\t\t\t\t\t\t\t<p>Die \u201eSup\u00e9rieure Oc\u00e9an\u201c-Zimmer mit einer Fl\u00e4che von 22 m\u00b2 bieten einen atemberaubenden Blick auf den Ozean. In dieser perfekten Kombination aus Raffinesse und Eleganz k\u00f6nnen Sie sich vom sanften Rauschen der Wellen wiegen lassen. <\/p>\t\t\t\t\t\t\t\t<\/div>\n\t\t\t\t<\/div>\n\t\t<div class=\"elementor-element elementor-element-691f3c2 e-con-full e-flex e-con e-child\" data-id=\"691f3c2\" data-element_type=\"container\" data-e-type=\"container\">\n\t\t\t\t<div class=\"elementor-element elementor-element-77a57c5 elementor-align-center elementor-widget elementor-widget-button\" data-id=\"77a57c5\" data-element_type=\"widget\" data-e-type=\"widget\" data-widget_type=\"button.default\">\n\t\t\t\t\t\t\t\t\t\t<a class=\"elementor-button elementor-button-link elementor-size-sm\" href=\"#elementor-action%3Aaction%3Dpopup%3Aopen%26settings%3DeyJpZCI6OTAxNSwidG9nZ2xlIjpmYWxzZX0%3D\" target=\"_blank\">\n\t\t\t\t\t\t<span class=\"elementor-button-content-wrapper\">\n\t\t\t\t\t\t\t\t\t<span class=\"elementor-button-text\">Buchen<\/span>\n\t\t\t\t\t<\/span>\n\t\t\t\t\t<\/a>\n\t\t\t\t\t\t\t\t<\/div>\n\t\t\t\t<\/div>\n\t\t\t\t<\/div>\n\t\t\t\t<\/div>\n\t\t<div class=\"elementor-element elementor-element-cf61347 e-con-full room e-flex e-con e-child\" data-id=\"cf61347\" data-element_type=\"container\" data-e-type=\"container\">\n\t\t<div class=\"elementor-element elementor-element-2a6ac2e e-con-full e-flex e-con e-child\" data-id=\"2a6ac2e\" data-element_type=\"container\" data-e-type=\"container\">\n\t\t\t\t<div class=\"elementor-element elementor-element-634a3d0 elementor-pagination-position-outside elementor-widget elementor-widget-image-carousel\" data-id=\"634a3d0\" data-element_type=\"widget\" data-e-type=\"widget\" data-settings=\"{&quot;slides_to_show&quot;:&quot;1&quot;,&quot;navigation&quot;:&quot;dots&quot;,&quot;infinite&quot;:&quot;yes&quot;,&quot;effect&quot;:&quot;slide&quot;,&quot;speed&quot;:500}\" data-widget_type=\"image-carousel.default\">\n\t\t\t\t\t\t\t<div class=\"elementor-image-carousel-wrapper swiper\" role=\"region\" aria-roledescription=\"carousel\" aria-label=\"Carrousel d\u2019images\" dir=\"ltr\">\n\t\t\t<div class=\"elementor-image-carousel swiper-wrapper\" aria-live=\"polite\">\n\t\t\t\t\t\t\t\t<div class=\"swiper-slide\" role=\"group\" aria-roledescription=\"slide\" aria-label=\"1 von 5\"><a data-elementor-open-lightbox=\"yes\" data-elementor-lightbox-slideshow=\"634a3d0\" data-elementor-lightbox-title=\"deluxe-ocean-luz-grand-hotel (3)\" data-e-action-hash=\"#elementor-action%3Aaction%3Dlightbox%26settings%3DeyJpZCI6ODkyMiwidXJsIjoiaHR0cHM6XC9cL2x1emdyYW5kaG90ZWwuZnJcL3dwLWNvbnRlbnRcL3VwbG9hZHNcLzIwMjVcLzA3XC9kZWx1eGUtb2NlYW4tbHV6LWdyYW5kLWhvdGVsLTMud2VicCIsInNsaWRlc2hvdyI6IjYzNGEzZDAifQ%3D%3D\" href=\"https:\/\/luzgrandhotel.fr\/wp-content\/uploads\/2025\/07\/deluxe-ocean-luz-grand-hotel-3.webp\"><figure class=\"swiper-slide-inner\"><img decoding=\"async\" class=\"swiper-slide-image\" src=\"https:\/\/luzgrandhotel.fr\/wp-content\/uploads\/2025\/07\/deluxe-ocean-luz-grand-hotel-3.webp\" alt=\"Zimmer im Grand Hotel Saint-Jean-de-Luz\u200b\" \/><\/figure><\/a><\/div><div class=\"swiper-slide\" role=\"group\" aria-roledescription=\"slide\" aria-label=\"2 von 5\"><a data-elementor-open-lightbox=\"yes\" data-elementor-lightbox-slideshow=\"634a3d0\" data-elementor-lightbox-title=\"deluxe-ocean-luz-grand-hotel (4)\" data-e-action-hash=\"#elementor-action%3Aaction%3Dlightbox%26settings%3DeyJpZCI6ODkyMywidXJsIjoiaHR0cHM6XC9cL2x1emdyYW5kaG90ZWwuZnJcL3dwLWNvbnRlbnRcL3VwbG9hZHNcLzIwMjVcLzA3XC9kZWx1eGUtb2NlYW4tbHV6LWdyYW5kLWhvdGVsLTQud2VicCIsInNsaWRlc2hvdyI6IjYzNGEzZDAifQ%3D%3D\" href=\"https:\/\/luzgrandhotel.fr\/wp-content\/uploads\/2025\/07\/deluxe-ocean-luz-grand-hotel-4.webp\"><figure class=\"swiper-slide-inner\"><img decoding=\"async\" class=\"swiper-slide-image\" src=\"https:\/\/luzgrandhotel.fr\/wp-content\/uploads\/2025\/07\/deluxe-ocean-luz-grand-hotel-4.webp\" alt=\"Zimmer im Grand Hotel Saint-Jean-de-Luz\u200b\" \/><\/figure><\/a><\/div><div class=\"swiper-slide\" role=\"group\" aria-roledescription=\"slide\" aria-label=\"3 von 5\"><a data-elementor-open-lightbox=\"yes\" data-elementor-lightbox-slideshow=\"634a3d0\" data-elementor-lightbox-title=\"deluxe-ocean-luz-grand-hotel (5)\" data-e-action-hash=\"#elementor-action%3Aaction%3Dlightbox%26settings%3DeyJpZCI6ODkyNCwidXJsIjoiaHR0cHM6XC9cL2x1emdyYW5kaG90ZWwuZnJcL3dwLWNvbnRlbnRcL3VwbG9hZHNcLzIwMjVcLzA3XC9kZWx1eGUtb2NlYW4tbHV6LWdyYW5kLWhvdGVsLTUud2VicCIsInNsaWRlc2hvdyI6IjYzNGEzZDAifQ%3D%3D\" href=\"https:\/\/luzgrandhotel.fr\/wp-content\/uploads\/2025\/07\/deluxe-ocean-luz-grand-hotel-5.webp\"><figure class=\"swiper-slide-inner\"><img decoding=\"async\" class=\"swiper-slide-image\" src=\"https:\/\/luzgrandhotel.fr\/wp-content\/uploads\/2025\/07\/deluxe-ocean-luz-grand-hotel-5.webp\" alt=\"Zimmer im Grand Hotel Saint-Jean-de-Luz\u200b\" \/><\/figure><\/a><\/div><div class=\"swiper-slide\" role=\"group\" aria-roledescription=\"slide\" aria-label=\"4 von 5\"><a data-elementor-open-lightbox=\"yes\" data-elementor-lightbox-slideshow=\"634a3d0\" data-elementor-lightbox-title=\"deluxe-ocean-luz-grand-hotel (1)\" data-e-action-hash=\"#elementor-action%3Aaction%3Dlightbox%26settings%3DeyJpZCI6ODkyNSwidXJsIjoiaHR0cHM6XC9cL2x1emdyYW5kaG90ZWwuZnJcL3dwLWNvbnRlbnRcL3VwbG9hZHNcLzIwMjVcLzA3XC9kZWx1eGUtb2NlYW4tbHV6LWdyYW5kLWhvdGVsLTEud2VicCIsInNsaWRlc2hvdyI6IjYzNGEzZDAifQ%3D%3D\" href=\"https:\/\/luzgrandhotel.fr\/wp-content\/uploads\/2025\/07\/deluxe-ocean-luz-grand-hotel-1.webp\"><figure class=\"swiper-slide-inner\"><img decoding=\"async\" class=\"swiper-slide-image\" src=\"https:\/\/luzgrandhotel.fr\/wp-content\/uploads\/2025\/07\/deluxe-ocean-luz-grand-hotel-1.webp\" alt=\"Zimmer im Grand Hotel Saint-Jean-de-Luz\u200b\" \/><\/figure><\/a><\/div><div class=\"swiper-slide\" role=\"group\" aria-roledescription=\"slide\" aria-label=\"5 von 5\"><a data-elementor-open-lightbox=\"yes\" data-elementor-lightbox-slideshow=\"634a3d0\" data-elementor-lightbox-title=\"deluxe-ocean-luz-grand-hotel (2)\" data-e-action-hash=\"#elementor-action%3Aaction%3Dlightbox%26settings%3DeyJpZCI6ODkyNiwidXJsIjoiaHR0cHM6XC9cL2x1emdyYW5kaG90ZWwuZnJcL3dwLWNvbnRlbnRcL3VwbG9hZHNcLzIwMjVcLzA3XC9kZWx1eGUtb2NlYW4tbHV6LWdyYW5kLWhvdGVsLTIud2VicCIsInNsaWRlc2hvdyI6IjYzNGEzZDAifQ%3D%3D\" href=\"https:\/\/luzgrandhotel.fr\/wp-content\/uploads\/2025\/07\/deluxe-ocean-luz-grand-hotel-2.webp\"><figure class=\"swiper-slide-inner\"><img decoding=\"async\" class=\"swiper-slide-image\" src=\"https:\/\/luzgrandhotel.fr\/wp-content\/uploads\/2025\/07\/deluxe-ocean-luz-grand-hotel-2.webp\" alt=\"Zimmer im Grand Hotel Saint-Jean-de-Luz\u200b\" \/><\/figure><\/a><\/div>\t\t\t<\/div>\n\t\t\t\t\t\t\t\n\t\t\t\t\t\t\t\t\t<div class=\"swiper-pagination\"><\/div>\n\t\t\t\t\t\t\t\t\t<\/div>\n\t\t\t\t\t\t<\/div>\n\t\t\t\t<\/div>\n\t\t<div class=\"elementor-element elementor-element-771abc7 e-con-full e-flex e-con e-child\" data-id=\"771abc7\" data-element_type=\"container\" data-e-type=\"container\" data-settings=\"{&quot;background_background&quot;:&quot;classic&quot;}\">\n\t\t<div class=\"elementor-element elementor-element-d996d39 e-con-full e-flex e-con e-child\" data-id=\"d996d39\" data-element_type=\"container\" data-e-type=\"container\">\n\t\t\t\t<div class=\"elementor-element elementor-element-ce51b8c elementor-widget elementor-widget-heading\" data-id=\"ce51b8c\" data-element_type=\"widget\" data-e-type=\"widget\" data-widget_type=\"heading.default\">\n\t\t\t\t\t<h2 class=\"elementor-heading-title elementor-size-default\">Deluxe-Zimmer mit Meerblick<\/h2>\t\t\t\t<\/div>\n\t\t\t\t<div class=\"elementor-element elementor-element-d8c72d9 elementor-widget elementor-widget-text-editor\" data-id=\"d8c72d9\" data-element_type=\"widget\" data-e-type=\"widget\" data-widget_type=\"text-editor.default\">\n\t\t\t\t\t\t\t\t\t<p>Die \u201eDeluxe Oc\u00e9an\u201c-Zimmer mit einer Fl\u00e4che von 24 bis 30 m\u00b2 bieten einen uneingeschr\u00e4nkten Blick auf den Ozean. Sie sind hell, ruhig und beruhigend gestaltet und bringen den Raum sowie den unglaublichen Blick auf den Ozean besonders gut zur Geltung. <\/p>\t\t\t\t\t\t\t\t<\/div>\n\t\t\t\t<\/div>\n\t\t<div class=\"elementor-element elementor-element-27a8fe6 e-con-full e-flex e-con e-child\" data-id=\"27a8fe6\" data-element_type=\"container\" data-e-type=\"container\">\n\t\t\t\t<div class=\"elementor-element elementor-element-8e8539a elementor-align-center elementor-widget elementor-widget-button\" data-id=\"8e8539a\" data-element_type=\"widget\" data-e-type=\"widget\" data-widget_type=\"button.default\">\n\t\t\t\t\t\t\t\t\t\t<a class=\"elementor-button elementor-button-link elementor-size-sm\" href=\"#elementor-action%3Aaction%3Dpopup%3Aopen%26settings%3DeyJpZCI6OTAxNSwidG9nZ2xlIjpmYWxzZX0%3D\" target=\"_blank\">\n\t\t\t\t\t\t<span class=\"elementor-button-content-wrapper\">\n\t\t\t\t\t\t\t\t\t<span class=\"elementor-button-text\">Buchen<\/span>\n\t\t\t\t\t<\/span>\n\t\t\t\t\t<\/a>\n\t\t\t\t\t\t\t\t<\/div>\n\t\t\t\t<\/div>\n\t\t\t\t<\/div>\n\t\t\t\t<\/div>\n\t\t<div class=\"elementor-element elementor-element-680c8e5 e-con-full room e-flex e-con e-child\" data-id=\"680c8e5\" data-element_type=\"container\" data-e-type=\"container\">\n\t\t<div class=\"elementor-element elementor-element-7b9efaf e-con-full e-flex e-con e-child\" data-id=\"7b9efaf\" data-element_type=\"container\" data-e-type=\"container\">\n\t\t\t\t<div class=\"elementor-element elementor-element-a0a0b16 elementor-pagination-position-outside elementor-widget elementor-widget-image-carousel\" data-id=\"a0a0b16\" data-element_type=\"widget\" data-e-type=\"widget\" data-settings=\"{&quot;slides_to_show&quot;:&quot;1&quot;,&quot;navigation&quot;:&quot;dots&quot;,&quot;infinite&quot;:&quot;yes&quot;,&quot;effect&quot;:&quot;slide&quot;,&quot;speed&quot;:500}\" data-widget_type=\"image-carousel.default\">\n\t\t\t\t\t\t\t<div class=\"elementor-image-carousel-wrapper swiper\" role=\"region\" aria-roledescription=\"carousel\" aria-label=\"Carrousel d\u2019images\" dir=\"ltr\">\n\t\t\t<div class=\"elementor-image-carousel swiper-wrapper\" aria-live=\"polite\">\n\t\t\t\t\t\t\t\t<div class=\"swiper-slide\" role=\"group\" aria-roledescription=\"slide\" aria-label=\"1 von 6\"><a data-elementor-open-lightbox=\"yes\" data-elementor-lightbox-slideshow=\"a0a0b16\" data-elementor-lightbox-title=\"Familienzimmer-2\" data-e-action-hash=\"#elementor-action%3Aaction%3Dlightbox%26settings%3DeyJpZCI6ODkyNywidXJsIjoiaHR0cHM6XC9cL2x1emdyYW5kaG90ZWwuZnJcL3dwLWNvbnRlbnRcL3VwbG9hZHNcLzIwMjVcLzA3XC9DaGFtYnJlLUZhbWlsbGUtMi53ZWJwIiwic2xpZGVzaG93IjoiYTBhMGIxNiJ9\" href=\"https:\/\/luzgrandhotel.fr\/wp-content\/uploads\/2025\/07\/Chambre-Famille-2.webp\"><figure class=\"swiper-slide-inner\"><img decoding=\"async\" class=\"swiper-slide-image\" src=\"https:\/\/luzgrandhotel.fr\/wp-content\/uploads\/2025\/07\/Chambre-Famille-2.webp\" alt=\"Hotel Saint-Jean-de-Luz \u2013 Familienzimmer\u200b\" \/><\/figure><\/a><\/div><div class=\"swiper-slide\" role=\"group\" aria-roledescription=\"slide\" aria-label=\"2 von 6\"><a data-elementor-open-lightbox=\"yes\" data-elementor-lightbox-slideshow=\"a0a0b16\" data-elementor-lightbox-title=\"Familienzimmer-Luz-Grand-Hotel (4)-2\" data-e-action-hash=\"#elementor-action%3Aaction%3Dlightbox%26settings%3DeyJpZCI6ODkyOCwidXJsIjoiaHR0cHM6XC9cL2x1emdyYW5kaG90ZWwuZnJcL3dwLWNvbnRlbnRcL3VwbG9hZHNcLzIwMjVcLzA3XC9jaGFtYnJlcy1mYW1pbGxlLWx1ei1ncmFuZC1ob3RlbC00LTIud2VicCIsInNsaWRlc2hvdyI6ImEwYTBiMTYifQ%3D%3D\" href=\"https:\/\/luzgrandhotel.fr\/wp-content\/uploads\/2025\/07\/chambres-famille-luz-grand-hotel-4-2.webp\"><figure class=\"swiper-slide-inner\"><img decoding=\"async\" class=\"swiper-slide-image\" src=\"https:\/\/luzgrandhotel.fr\/wp-content\/uploads\/2025\/07\/chambres-famille-luz-grand-hotel-4-2.webp\" alt=\"Hotel Saint-Jean-de-Luz \u2013 Familienzimmer\u200b\" \/><\/figure><\/a><\/div><div class=\"swiper-slide\" role=\"group\" aria-roledescription=\"slide\" aria-label=\"3 von 6\"><a data-elementor-open-lightbox=\"yes\" data-elementor-lightbox-slideshow=\"a0a0b16\" data-elementor-lightbox-title=\"Familienzimmer-Luz-Grand-Hotel (1)-2\" data-e-action-hash=\"#elementor-action%3Aaction%3Dlightbox%26settings%3DeyJpZCI6ODkyOSwidXJsIjoiaHR0cHM6XC9cL2x1emdyYW5kaG90ZWwuZnJcL3dwLWNvbnRlbnRcL3VwbG9hZHNcLzIwMjVcLzA3XC9jaGFtYnJlcy1mYW1pbGxlLWx1ei1ncmFuZC1ob3RlbC0xLTIud2VicCIsInNsaWRlc2hvdyI6ImEwYTBiMTYifQ%3D%3D\" href=\"https:\/\/luzgrandhotel.fr\/wp-content\/uploads\/2025\/07\/chambres-famille-luz-grand-hotel-1-2.webp\"><figure class=\"swiper-slide-inner\"><img decoding=\"async\" class=\"swiper-slide-image\" src=\"https:\/\/luzgrandhotel.fr\/wp-content\/uploads\/2025\/07\/chambres-famille-luz-grand-hotel-1-2.webp\" alt=\"Hotel Saint-Jean-de-Luz \u2013 Familienzimmer\u200b\" \/><\/figure><\/a><\/div><div class=\"swiper-slide\" role=\"group\" aria-roledescription=\"slide\" aria-label=\"4 von 6\"><a data-elementor-open-lightbox=\"yes\" data-elementor-lightbox-slideshow=\"a0a0b16\" data-elementor-lightbox-title=\"Familienzimmer-Luz-Grand-Hotel (5)-2\" data-e-action-hash=\"#elementor-action%3Aaction%3Dlightbox%26settings%3DeyJpZCI6ODkzMCwidXJsIjoiaHR0cHM6XC9cL2x1emdyYW5kaG90ZWwuZnJcL3dwLWNvbnRlbnRcL3VwbG9hZHNcLzIwMjVcLzA3XC9jaGFtYnJlcy1mYW1pbGxlLWx1ei1ncmFuZC1ob3RlbC01LTIud2VicCIsInNsaWRlc2hvdyI6ImEwYTBiMTYifQ%3D%3D\" href=\"https:\/\/luzgrandhotel.fr\/wp-content\/uploads\/2025\/07\/chambres-famille-luz-grand-hotel-5-2.webp\"><figure class=\"swiper-slide-inner\"><img decoding=\"async\" class=\"swiper-slide-image\" src=\"https:\/\/luzgrandhotel.fr\/wp-content\/uploads\/2025\/07\/chambres-famille-luz-grand-hotel-5-2.webp\" alt=\"Hotel Saint-Jean-de-Luz \u2013 Familienzimmer\u200b\" \/><\/figure><\/a><\/div><div class=\"swiper-slide\" role=\"group\" aria-roledescription=\"slide\" aria-label=\"5 von 6\"><a data-elementor-open-lightbox=\"yes\" data-elementor-lightbox-slideshow=\"a0a0b16\" data-elementor-lightbox-title=\"Familienzimmer-Luz-Grand-Hotel (2)-2\" data-e-action-hash=\"#elementor-action%3Aaction%3Dlightbox%26settings%3DeyJpZCI6ODkzMSwidXJsIjoiaHR0cHM6XC9cL2x1emdyYW5kaG90ZWwuZnJcL3dwLWNvbnRlbnRcL3VwbG9hZHNcLzIwMjVcLzA3XC9jaGFtYnJlcy1mYW1pbGxlLWx1ei1ncmFuZC1ob3RlbC0yLTIud2VicCIsInNsaWRlc2hvdyI6ImEwYTBiMTYifQ%3D%3D\" href=\"https:\/\/luzgrandhotel.fr\/wp-content\/uploads\/2025\/07\/chambres-famille-luz-grand-hotel-2-2.webp\"><figure class=\"swiper-slide-inner\"><img decoding=\"async\" class=\"swiper-slide-image\" src=\"https:\/\/luzgrandhotel.fr\/wp-content\/uploads\/2025\/07\/chambres-famille-luz-grand-hotel-2-2.webp\" alt=\"Hotel Saint-Jean-de-Luz \u2013 Familienzimmer\u200b\" \/><\/figure><\/a><\/div><div class=\"swiper-slide\" role=\"group\" aria-roledescription=\"slide\" aria-label=\"6 von 6\"><a data-elementor-open-lightbox=\"yes\" data-elementor-lightbox-slideshow=\"a0a0b16\" data-elementor-lightbox-title=\"Familienzimmer im Luz Grand Hotel (6)\" data-e-action-hash=\"#elementor-action%3Aaction%3Dlightbox%26settings%3DeyJpZCI6ODkzMiwidXJsIjoiaHR0cHM6XC9cL2x1emdyYW5kaG90ZWwuZnJcL3dwLWNvbnRlbnRcL3VwbG9hZHNcLzIwMjVcLzA3XC9jaGFtYnJlcy1mYW1pbGxlLWx1ei1ncmFuZC1ob3RlbC02LndlYnAiLCJzbGlkZXNob3ciOiJhMGEwYjE2In0%3D\" href=\"https:\/\/luzgrandhotel.fr\/wp-content\/uploads\/2025\/07\/chambres-famille-luz-grand-hotel-6.webp\"><figure class=\"swiper-slide-inner\"><img decoding=\"async\" class=\"swiper-slide-image\" src=\"https:\/\/luzgrandhotel.fr\/wp-content\/uploads\/2025\/07\/chambres-famille-luz-grand-hotel-6-1152x1536.webp\" alt=\"Hotel Saint-Jean-de-Luz \u2013 Familienzimmer\u200b\" \/><\/figure><\/a><\/div>\t\t\t<\/div>\n\t\t\t\t\t\t\t\n\t\t\t\t\t\t\t\t\t<div class=\"swiper-pagination\"><\/div>\n\t\t\t\t\t\t\t\t\t<\/div>\n\t\t\t\t\t\t<\/div>\n\t\t\t\t<\/div>\n\t\t<div class=\"elementor-element elementor-element-dd1f300 e-con-full e-flex e-con e-child\" data-id=\"dd1f300\" data-element_type=\"container\" data-e-type=\"container\" data-settings=\"{&quot;background_background&quot;:&quot;classic&quot;}\">\n\t\t<div class=\"elementor-element elementor-element-f778a31 e-con-full e-flex e-con e-child\" data-id=\"f778a31\" data-element_type=\"container\" data-e-type=\"container\">\n\t\t\t\t<div class=\"elementor-element elementor-element-b5055d3 elementor-widget elementor-widget-heading\" data-id=\"b5055d3\" data-element_type=\"widget\" data-e-type=\"widget\" data-widget_type=\"heading.default\">\n\t\t\t\t\t<h2 class=\"elementor-heading-title elementor-size-default\">Familienzimmer<\/h2>\t\t\t\t<\/div>\n\t\t\t\t<div class=\"elementor-element elementor-element-ce593d1 elementor-widget elementor-widget-text-editor\" data-id=\"ce593d1\" data-element_type=\"widget\" data-e-type=\"widget\" data-widget_type=\"text-editor.default\">\n\t\t\t\t\t\t\t\t\t<p>Die \u201eFamilienzimmer\u201c mit einer Fl\u00e4che von 40 m\u00b2 liegen im 1. Stock und bieten einen Blick auf die Stadt. Sie sind ideal f\u00fcr ein Paar mit 1 oder 2 Kindern eingerichtet und verf\u00fcgen \u00fcber ein Schlafzimmer sowie einen separaten Wohnbereich mit Schlafsofa. Sie sind elegant und sehr komfortabel und eignen sich ideal f\u00fcr einen Familienaufenthalt, bei dem dennoch ein gewisses Ma\u00df an Unabh\u00e4ngigkeit gewahrt bleibt.<\/p>\t\t\t\t\t\t\t\t<\/div>\n\t\t\t\t<\/div>\n\t\t<div class=\"elementor-element elementor-element-9502add e-con-full e-flex e-con e-child\" data-id=\"9502add\" data-element_type=\"container\" data-e-type=\"container\">\n\t\t\t\t<div class=\"elementor-element elementor-element-9a7d2eb elementor-align-center elementor-widget elementor-widget-button\" data-id=\"9a7d2eb\" data-element_type=\"widget\" data-e-type=\"widget\" data-widget_type=\"button.default\">\n\t\t\t\t\t\t\t\t\t\t<a class=\"elementor-button elementor-button-link elementor-size-sm\" href=\"#elementor-action%3Aaction%3Dpopup%3Aopen%26settings%3DeyJpZCI6OTAxNSwidG9nZ2xlIjpmYWxzZX0%3D\" target=\"_blank\">\n\t\t\t\t\t\t<span class=\"elementor-button-content-wrapper\">\n\t\t\t\t\t\t\t\t\t<span class=\"elementor-button-text\">Buchen<\/span>\n\t\t\t\t\t<\/span>\n\t\t\t\t\t<\/a>\n\t\t\t\t\t\t\t\t<\/div>\n\t\t\t\t<\/div>\n\t\t\t\t<\/div>\n\t\t\t\t<\/div>\n\t\t\t\t<\/div>\n\t\t\t\t<\/div>\n\t\t\t\t<\/div>\n\t\t\t\t<div class=\"elementor-element elementor-element-d50657b elementor-invisible elementor-widget elementor-widget-heading\" data-id=\"d50657b\" data-element_type=\"widget\" data-e-type=\"widget\" data-settings=\"{&quot;_animation&quot;:&quot;slideInUp&quot;}\" data-widget_type=\"heading.default\">\n\t\t\t\t\t<h2 class=\"elementor-heading-title elementor-size-default\">Ausstattung und Service in unseren Zimmern<\/h2>\t\t\t\t<\/div>\n\t\t\t\t<div class=\"elementor-element elementor-element-7633f6e elementor-invisible elementor-widget elementor-widget-n-accordion\" data-id=\"7633f6e\" data-element_type=\"widget\" data-e-type=\"widget\" data-settings=\"{&quot;_animation&quot;:&quot;fadeIn&quot;,&quot;default_state&quot;:&quot;expanded&quot;,&quot;max_items_expended&quot;:&quot;one&quot;,&quot;n_accordion_animation_duration&quot;:{&quot;unit&quot;:&quot;ms&quot;,&quot;size&quot;:400,&quot;sizes&quot;:[]}}\" data-widget_type=\"nested-accordion.default\">\n\t\t\t\t\t\t\t<div class=\"e-n-accordion\" aria-label=\"Accordion. Open links with Enter or Space, close with Escape, and navigate with Arrow Keys\">\n\t\t\t\t\t\t<details id=\"e-n-accordion-item-1230\" class=\"e-n-accordion-item\" open>\n\t\t\t\t<summary class=\"e-n-accordion-item-title\" data-accordion-index=\"1\" tabindex=\"0\" aria-expanded=\"true\" aria-controls=\"e-n-accordion-item-1230\" >\n\t\t\t\t\t<span class='e-n-accordion-item-title-header'><div class=\"e-n-accordion-item-title-text\"> Die Bettw\u00e4sche <\/div><\/span>\n\t\t\t\t\t\t\t<span class='e-n-accordion-item-title-icon'>\n\t\t\t<span class='e-opened' ><svg aria-hidden=\"true\" class=\"e-font-icon-svg e-fas-minus\" viewBox=\"0 0 448 512\" xmlns=\"http:\/\/www.w3.org\/2000\/svg\"><path d=\"M416 208H32c-17.67 0-32 14.33-32 32v32c0 17.67 14.33 32 32 32h384c17.67 0 32-14.33 32-32v-32c0-17.67-14.33-32-32-32z\"><\/path><\/svg><\/span>\n\t\t\t<span class='e-closed'><svg aria-hidden=\"true\" class=\"e-font-icon-svg e-fas-plus\" viewBox=\"0 0 448 512\" xmlns=\"http:\/\/www.w3.org\/2000\/svg\"><path d=\"M416 208H272V64c0-17.67-14.33-32-32-32h-32c-17.67 0-32 14.33-32 32v144H32c-17.67 0-32 14.33-32 32v32c0 17.67 14.33 32 32 32h144v144c0 17.67 14.33 32 32 32h32c17.67 0 32-14.33 32-32V304h144c17.67 0 32-14.33 32-32v-32c0-17.67-14.33-32-32-32z\"><\/path><\/svg><\/span>\n\t\t<\/span>\n\n\t\t\t\t\t\t<\/summary>\n\t\t\t\t<div role=\"region\" aria-labelledby=\"e-n-accordion-item-1230\" class=\"elementor-element elementor-element-64999d8 e-con-full e-flex e-con e-child\" data-id=\"64999d8\" data-element_type=\"container\" data-e-type=\"container\">\n\t\t<div role=\"region\" aria-labelledby=\"e-n-accordion-item-1230\" class=\"elementor-element elementor-element-59cc049 e-flex e-con-boxed e-con e-child\" data-id=\"59cc049\" data-element_type=\"container\" data-e-type=\"container\">\n\t\t\t\t\t<div class=\"e-con-inner\">\n\t\t\t\t<div class=\"elementor-element elementor-element-f22ce59 elementor-widget elementor-widget-text-editor\" data-id=\"f22ce59\" data-element_type=\"widget\" data-e-type=\"widget\" data-widget_type=\"text-editor.default\">\n\t\t\t\t\t\t\t\t\t<ul><li>Epeda-Bettwaren mit integrierter Matratzenauflage<\/li><li>Twin-Bett (2 \u00d7 100), Queen-Size-Bett (160 \u00d7 200) oder King-Size-Bett (200 \u00d7 200)<\/li><li>\u00dcbersicht \u00fcber antiallergische Kissen und Bettdecken<\/li><\/ul>\t\t\t\t\t\t\t\t<\/div>\n\t\t\t\t\t<\/div>\n\t\t\t\t<\/div>\n\t\t\t\t<\/div>\n\t\t\t\t\t<\/details>\n\t\t\t\t\t\t<details id=\"e-n-accordion-item-1231\" class=\"e-n-accordion-item\" >\n\t\t\t\t<summary class=\"e-n-accordion-item-title\" data-accordion-index=\"2\" tabindex=\"-1\" aria-expanded=\"false\" aria-controls=\"e-n-accordion-item-1231\" >\n\t\t\t\t\t<span class='e-n-accordion-item-title-header'><div class=\"e-n-accordion-item-title-text\"> Das Badezimmer <\/div><\/span>\n\t\t\t\t\t\t\t<span class='e-n-accordion-item-title-icon'>\n\t\t\t<span class='e-opened' ><svg aria-hidden=\"true\" class=\"e-font-icon-svg e-fas-minus\" viewBox=\"0 0 448 512\" xmlns=\"http:\/\/www.w3.org\/2000\/svg\"><path d=\"M416 208H32c-17.67 0-32 14.33-32 32v32c0 17.67 14.33 32 32 32h384c17.67 0 32-14.33 32-32v-32c0-17.67-14.33-32-32-32z\"><\/path><\/svg><\/span>\n\t\t\t<span class='e-closed'><svg aria-hidden=\"true\" class=\"e-font-icon-svg e-fas-plus\" viewBox=\"0 0 448 512\" xmlns=\"http:\/\/www.w3.org\/2000\/svg\"><path d=\"M416 208H272V64c0-17.67-14.33-32-32-32h-32c-17.67 0-32 14.33-32 32v144H32c-17.67 0-32 14.33-32 32v32c0 17.67 14.33 32 32 32h144v144c0 17.67 14.33 32 32 32h32c17.67 0 32-14.33 32-32V304h144c17.67 0 32-14.33 32-32v-32c0-17.67-14.33-32-32-32z\"><\/path><\/svg><\/span>\n\t\t<\/span>\n\n\t\t\t\t\t\t<\/summary>\n\t\t\t\t<div role=\"region\" aria-labelledby=\"e-n-accordion-item-1231\" class=\"elementor-element elementor-element-4fac5dc e-con-full e-flex e-con e-child\" data-id=\"4fac5dc\" data-element_type=\"container\" data-e-type=\"container\">\n\t\t<div role=\"region\" aria-labelledby=\"e-n-accordion-item-1231\" class=\"elementor-element elementor-element-0648c77 e-flex e-con-boxed e-con e-child\" data-id=\"0648c77\" data-element_type=\"container\" data-e-type=\"container\">\n\t\t\t\t\t<div class=\"e-con-inner\">\n\t\t\t\t<div class=\"elementor-element elementor-element-ff65fd6 elementor-widget elementor-widget-text-editor\" data-id=\"ff65fd6\" data-element_type=\"widget\" data-e-type=\"widget\" data-widget_type=\"text-editor.default\">\n\t\t\t\t\t\t\t\t\t<ul><li>Badewanne mit integrierter Dusche oder ebenerdige Dusche (mit Stufe)<\/li><li>Haartrockner<\/li><li>Frottee-Badem\u00e4ntel\/-Hausschuhe<\/li><li>Handtuchw\u00e4rmer<\/li><\/ul>\t\t\t\t\t\t\t\t<\/div>\n\t\t\t\t\t<\/div>\n\t\t\t\t<\/div>\n\t\t\t\t<\/div>\n\t\t\t\t\t<\/details>\n\t\t\t\t\t\t<details id=\"e-n-accordion-item-1232\" class=\"e-n-accordion-item\" >\n\t\t\t\t<summary class=\"e-n-accordion-item-title\" data-accordion-index=\"3\" tabindex=\"-1\" aria-expanded=\"false\" aria-controls=\"e-n-accordion-item-1232\" >\n\t\t\t\t\t<span class='e-n-accordion-item-title-header'><div class=\"e-n-accordion-item-title-text\"> Dienstleistungen &amp; Ausstattung <\/div><\/span>\n\t\t\t\t\t\t\t<span class='e-n-accordion-item-title-icon'>\n\t\t\t<span class='e-opened' ><svg aria-hidden=\"true\" class=\"e-font-icon-svg e-fas-minus\" viewBox=\"0 0 448 512\" xmlns=\"http:\/\/www.w3.org\/2000\/svg\"><path d=\"M416 208H32c-17.67 0-32 14.33-32 32v32c0 17.67 14.33 32 32 32h384c17.67 0 32-14.33 32-32v-32c0-17.67-14.33-32-32-32z\"><\/path><\/svg><\/span>\n\t\t\t<span class='e-closed'><svg aria-hidden=\"true\" class=\"e-font-icon-svg e-fas-plus\" viewBox=\"0 0 448 512\" xmlns=\"http:\/\/www.w3.org\/2000\/svg\"><path d=\"M416 208H272V64c0-17.67-14.33-32-32-32h-32c-17.67 0-32 14.33-32 32v144H32c-17.67 0-32 14.33-32 32v32c0 17.67 14.33 32 32 32h144v144c0 17.67 14.33 32 32 32h32c17.67 0 32-14.33 32-32V304h144c17.67 0 32-14.33 32-32v-32c0-17.67-14.33-32-32-32z\"><\/path><\/svg><\/span>\n\t\t<\/span>\n\n\t\t\t\t\t\t<\/summary>\n\t\t\t\t<div role=\"region\" aria-labelledby=\"e-n-accordion-item-1232\" class=\"elementor-element elementor-element-62c7f73 e-con-full e-flex e-con e-child\" data-id=\"62c7f73\" data-element_type=\"container\" data-e-type=\"container\">\n\t\t<div role=\"region\" aria-labelledby=\"e-n-accordion-item-1232\" class=\"elementor-element elementor-element-9d0aec0 e-flex e-con-boxed e-con e-child\" data-id=\"9d0aec0\" data-element_type=\"container\" data-e-type=\"container\">\n\t\t\t\t\t<div class=\"e-con-inner\">\n\t\t\t\t<div class=\"elementor-element elementor-element-21e81db elementor-widget elementor-widget-text-editor\" data-id=\"21e81db\" data-element_type=\"widget\" data-e-type=\"widget\" data-widget_type=\"text-editor.default\">\n\t\t\t\t\t\t\t\t\t<ul><li>Kostenloses WLAN<\/li><li>Zimmerservice rund um die Uhr<\/li><li>Frisches Wasser<\/li><li>B\u00fcgeleisen und B\u00fcgelbretter auf Anfrage<\/li><li>Hausmeisterdienst<\/li><li>Reinigung<\/li><li>Dienstleistungen und Einrichtungen f\u00fcr Kinder<\/li><li>Ihre Tageszeitung t\u00e4glich auf Ihr Zimmer (auf Anfrage)<\/li><li>Haushaltsf\u00fchrung<\/li><\/ul>\t\t\t\t\t\t\t\t<\/div>\n\t\t\t\t\t<\/div>\n\t\t\t\t<\/div>\n\t\t\t\t<\/div>\n\t\t\t\t\t<\/details>\n\t\t\t\t\t\t<details id=\"e-n-accordion-item-1233\" class=\"e-n-accordion-item\" >\n\t\t\t\t<summary class=\"e-n-accordion-item-title\" data-accordion-index=\"4\" tabindex=\"-1\" aria-expanded=\"false\" aria-controls=\"e-n-accordion-item-1233\" >\n\t\t\t\t\t<span class='e-n-accordion-item-title-header'><div class=\"e-n-accordion-item-title-text\"> Unterhaltung <\/div><\/span>\n\t\t\t\t\t\t\t<span class='e-n-accordion-item-title-icon'>\n\t\t\t<span class='e-opened' ><svg aria-hidden=\"true\" class=\"e-font-icon-svg e-fas-minus\" viewBox=\"0 0 448 512\" xmlns=\"http:\/\/www.w3.org\/2000\/svg\"><path d=\"M416 208H32c-17.67 0-32 14.33-32 32v32c0 17.67 14.33 32 32 32h384c17.67 0 32-14.33 32-32v-32c0-17.67-14.33-32-32-32z\"><\/path><\/svg><\/span>\n\t\t\t<span class='e-closed'><svg aria-hidden=\"true\" class=\"e-font-icon-svg e-fas-plus\" viewBox=\"0 0 448 512\" xmlns=\"http:\/\/www.w3.org\/2000\/svg\"><path d=\"M416 208H272V64c0-17.67-14.33-32-32-32h-32c-17.67 0-32 14.33-32 32v144H32c-17.67 0-32 14.33-32 32v32c0 17.67 14.33 32 32 32h144v144c0 17.67 14.33 32 32 32h32c17.67 0 32-14.33 32-32V304h144c17.67 0 32-14.33 32-32v-32c0-17.67-14.33-32-32-32z\"><\/path><\/svg><\/span>\n\t\t<\/span>\n\n\t\t\t\t\t\t<\/summary>\n\t\t\t\t<div role=\"region\" aria-labelledby=\"e-n-accordion-item-1233\" class=\"elementor-element elementor-element-ef604ca e-con-full e-flex e-con e-child\" data-id=\"ef604ca\" data-element_type=\"container\" data-e-type=\"container\">\n\t\t<div role=\"region\" aria-labelledby=\"e-n-accordion-item-1233\" class=\"elementor-element elementor-element-b33a3cf e-flex e-con-boxed e-con e-child\" data-id=\"b33a3cf\" data-element_type=\"container\" data-e-type=\"container\">\n\t\t\t\t\t<div class=\"e-con-inner\">\n\t\t\t\t<div class=\"elementor-element elementor-element-f34fa75 elementor-widget elementor-widget-text-editor\" data-id=\"f34fa75\" data-element_type=\"widget\" data-e-type=\"widget\" data-widget_type=\"text-editor.default\">\n\t\t\t\t\t\t\t\t\t<ul><li>LED-Flachbildschirm, 46 Zoll<\/li><li>Multimedia-Zentrum \u2013 Hightech-Anschl\u00fcsse<\/li><li>Satellitenfernsehen mit internationalen Sendern<\/li><\/ul>\t\t\t\t\t\t\t\t<\/div>\n\t\t\t\t\t<\/div>\n\t\t\t\t<\/div>\n\t\t\t\t<\/div>\n\t\t\t\t\t<\/details>\n\t\t\t\t\t\t<details id=\"e-n-accordion-item-1234\" class=\"e-n-accordion-item\" >\n\t\t\t\t<summary class=\"e-n-accordion-item-title\" data-accordion-index=\"5\" tabindex=\"-1\" aria-expanded=\"false\" aria-controls=\"e-n-accordion-item-1234\" >\n\t\t\t\t\t<span class='e-n-accordion-item-title-header'><div class=\"e-n-accordion-item-title-text\"> Im Schlafzimmer <\/div><\/span>\n\t\t\t\t\t\t\t<span class='e-n-accordion-item-title-icon'>\n\t\t\t<span class='e-opened' ><svg aria-hidden=\"true\" class=\"e-font-icon-svg e-fas-minus\" viewBox=\"0 0 448 512\" xmlns=\"http:\/\/www.w3.org\/2000\/svg\"><path d=\"M416 208H32c-17.67 0-32 14.33-32 32v32c0 17.67 14.33 32 32 32h384c17.67 0 32-14.33 32-32v-32c0-17.67-14.33-32-32-32z\"><\/path><\/svg><\/span>\n\t\t\t<span class='e-closed'><svg aria-hidden=\"true\" class=\"e-font-icon-svg e-fas-plus\" viewBox=\"0 0 448 512\" xmlns=\"http:\/\/www.w3.org\/2000\/svg\"><path d=\"M416 208H272V64c0-17.67-14.33-32-32-32h-32c-17.67 0-32 14.33-32 32v144H32c-17.67 0-32 14.33-32 32v32c0 17.67 14.33 32 32 32h144v144c0 17.67 14.33 32 32 32h32c17.67 0 32-14.33 32-32V304h144c17.67 0 32-14.33 32-32v-32c0-17.67-14.33-32-32-32z\"><\/path><\/svg><\/span>\n\t\t<\/span>\n\n\t\t\t\t\t\t<\/summary>\n\t\t\t\t<div role=\"region\" aria-labelledby=\"e-n-accordion-item-1234\" class=\"elementor-element elementor-element-422dd40 e-con-full e-flex e-con e-child\" data-id=\"422dd40\" data-element_type=\"container\" data-e-type=\"container\">\n\t\t<div role=\"region\" aria-labelledby=\"e-n-accordion-item-1234\" class=\"elementor-element elementor-element-3e32391 e-flex e-con-boxed e-con e-child\" data-id=\"3e32391\" data-element_type=\"container\" data-e-type=\"container\">\n\t\t\t\t\t<div class=\"e-con-inner\">\n\t\t\t\t<div class=\"elementor-element elementor-element-8f5a6fe elementor-widget elementor-widget-text-editor\" data-id=\"8f5a6fe\" data-element_type=\"widget\" data-e-type=\"widget\" data-widget_type=\"text-editor.default\">\n\t\t\t\t\t\t\t\t\t<ul><li>Willkommensauswahl (Nespresso, Tee, Kr\u00e4utertees)<\/li><li>Minibar<\/li><li>Individueller Safe<\/li><li>Individuell regulierbare Klimaanlage<\/li><\/ul>\t\t\t\t\t\t\t\t<\/div>\n\t\t\t\t\t<\/div>\n\t\t\t\t<\/div>\n\t\t\t\t<\/div>\n\t\t\t\t\t<\/details>\n\t\t\t\t\t\t<details id=\"e-n-accordion-item-1235\" class=\"e-n-accordion-item\" >\n\t\t\t\t<summary class=\"e-n-accordion-item-title\" data-accordion-index=\"6\" tabindex=\"-1\" aria-expanded=\"false\" aria-controls=\"e-n-accordion-item-1235\" >\n\t\t\t\t\t<span class='e-n-accordion-item-title-header'><div class=\"e-n-accordion-item-title-text\"> Anreise \/ Abreise <\/div><\/span>\n\t\t\t\t\t\t\t<span class='e-n-accordion-item-title-icon'>\n\t\t\t<span class='e-opened' ><svg aria-hidden=\"true\" class=\"e-font-icon-svg e-fas-minus\" viewBox=\"0 0 448 512\" xmlns=\"http:\/\/www.w3.org\/2000\/svg\"><path d=\"M416 208H32c-17.67 0-32 14.33-32 32v32c0 17.67 14.33 32 32 32h384c17.67 0 32-14.33 32-32v-32c0-17.67-14.33-32-32-32z\"><\/path><\/svg><\/span>\n\t\t\t<span class='e-closed'><svg aria-hidden=\"true\" class=\"e-font-icon-svg e-fas-plus\" viewBox=\"0 0 448 512\" xmlns=\"http:\/\/www.w3.org\/2000\/svg\"><path d=\"M416 208H272V64c0-17.67-14.33-32-32-32h-32c-17.67 0-32 14.33-32 32v144H32c-17.67 0-32 14.33-32 32v32c0 17.67 14.33 32 32 32h144v144c0 17.67 14.33 32 32 32h32c17.67 0 32-14.33 32-32V304h144c17.67 0 32-14.33 32-32v-32c0-17.67-14.33-32-32-32z\"><\/path><\/svg><\/span>\n\t\t<\/span>\n\n\t\t\t\t\t\t<\/summary>\n\t\t\t\t<div role=\"region\" aria-labelledby=\"e-n-accordion-item-1235\" class=\"elementor-element elementor-element-8b0e767 e-con-full e-flex e-con e-child\" data-id=\"8b0e767\" data-element_type=\"container\" data-e-type=\"container\">\n\t\t<div role=\"region\" aria-labelledby=\"e-n-accordion-item-1235\" class=\"elementor-element elementor-element-8c83771 e-flex e-con-boxed e-con e-child\" data-id=\"8c83771\" data-element_type=\"container\" data-e-type=\"container\">\n\t\t\t\t\t<div class=\"e-con-inner\">\n\t\t\t\t<div class=\"elementor-element elementor-element-668818c elementor-widget elementor-widget-text-editor\" data-id=\"668818c\" data-element_type=\"widget\" data-e-type=\"widget\" data-widget_type=\"text-editor.default\">\n\t\t\t\t\t\t\t\t\t<ul><li>Check-in: 16:00 Uhr<\/li><li>Check-out: 12:00 Uhr<\/li><\/ul>\t\t\t\t\t\t\t\t<\/div>\n\t\t\t\t\t<\/div>\n\t\t\t\t<\/div>\n\t\t\t\t<\/div>\n\t\t\t\t\t<\/details>\n\t\t\t\t\t<\/div>\n\t\t\t\t\t\t<\/div>\n\t\t\t\t<\/section>\n\t\t\t\t<\/div>\n\t\t","protected":false},"excerpt":{"rendered":"<p>Tauchen Sie ein in die elegante Welt des Grand H\u00f4tel Spa &#038; Thalasso, des legend\u00e4ren 5-Sterne-Hotels in Saint-Jean-de-Luz, und entdecken Sie eine exklusive Auswahl an Zimmern und Suiten, die ganz auf Ihren Komfort und Ihr Wohlbefinden ausgerichtet sind. Klassisches Zimmer Die \u201eClassique\u201c-Zimmer mit einer Fl\u00e4che von 22 m\u00b2 bieten einen Blick auf die Stadt. Sie [&hellip;]<\/p>\n","protected":false},"author":2,"featured_media":0,"parent":0,"menu_order":0,"comment_status":"closed","ping_status":"closed","template":"elementor_theme","meta":{"_acf_changed":false,"footnotes":"","_members_access_role":[],"_members_access_error":""},"class_list":["post-8905","page","type-page","status-publish","hentry"],"acf":[],"yoast_head":"<!-- This site is optimized with the Yoast SEO plugin v28.4 - https:\/\/yoast.com\/product\/yoast-seo-wordpress\/ -->\n<title>Zimmer im Grand H\u00f4tel in Saint-Jean-de-Luz - Luz Grand Hotel<\/title>\n<meta name=\"description\" content=\"Entdecken Sie die Zimmer des Grand H\u00f4tel in Saint-Jean-de-Luz: Eleganz, Komfort und ein atemberaubender Blick auf den Ozean f\u00fcr einen au\u00dfergew\u00f6hnlichen Aufenthalt.\" \/>\n<meta name=\"robots\" content=\"index, follow, max-snippet:-1, max-image-preview:large, max-video-preview:-1\" \/>\n<link rel=\"canonical\" href=\"https:\/\/luzgrandhotel.fr\/de\/zimmer\/\" \/>\n<meta property=\"og:locale\" content=\"de_DE\" \/>\n<meta property=\"og:type\" content=\"article\" \/>\n<meta property=\"og:title\" content=\"Zimmer im Grand H\u00f4tel in Saint-Jean-de-Luz - Luz Grand Hotel\" \/>\n<meta property=\"og:description\" content=\"Entdecken Sie die Zimmer des Grand H\u00f4tel in Saint-Jean-de-Luz: Eleganz, Komfort und ein atemberaubender Blick auf den Ozean f\u00fcr einen au\u00dfergew\u00f6hnlichen Aufenthalt.\" \/>\n<meta property=\"og:url\" content=\"https:\/\/luzgrandhotel.fr\/de\/zimmer\/\" \/>\n<meta property=\"og:site_name\" content=\"Luz Grand Hotel\" \/>\n<meta property=\"article:publisher\" content=\"https:\/\/www.facebook.com\/luzgrandhotel\/\" \/>\n<meta property=\"article:modified_time\" content=\"2026-09-04T13:14:28+00:00\" \/>\n<meta property=\"og:image\" content=\"https:\/\/luzgrandhotel.fr\/wp-content\/uploads\/2025\/07\/chambre-classique-vue-ville-luz-grand-hotel-1-1152x1536.jpg\" \/>\n<meta name=\"twitter:card\" content=\"summary_large_image\" \/>\n<meta name=\"twitter:label1\" content=\"Gesch\u00e4tzte Lesezeit\" \/>\n\t<meta name=\"twitter:data1\" content=\"2 Minuten\" \/>\n<script type=\"application\/ld+json\" class=\"yoast-schema-graph\">{\"@context\":\"https:\\\/\\\/schema.org\",\"@graph\":[{\"@type\":\"WebPage\",\"@id\":\"https:\\\/\\\/luzgrandhotel.fr\\\/de\\\/zimmer\\\/\",\"url\":\"https:\\\/\\\/luzgrandhotel.fr\\\/de\\\/zimmer\\\/\",\"name\":\"Zimmer im Grand H\u00f4tel in Saint-Jean-de-Luz - Luz Grand Hotel\",\"isPartOf\":{\"@id\":\"https:\\\/\\\/luzgrandhotel.fr\\\/de\\\/#website\"},\"primaryImageOfPage\":{\"@id\":\"https:\\\/\\\/luzgrandhotel.fr\\\/de\\\/zimmer\\\/#primaryimage\"},\"image\":{\"@id\":\"https:\\\/\\\/luzgrandhotel.fr\\\/de\\\/zimmer\\\/#primaryimage\"},\"thumbnailUrl\":\"https:\\\/\\\/luzgrandhotel.fr\\\/wp-content\\\/uploads\\\/2025\\\/07\\\/chambre-classique-vue-ville-luz-grand-hotel-1-1152x1536.jpg\",\"datePublished\":\"2025-09-10T12:20:10+00:00\",\"dateModified\":\"2026-09-04T13:14:28+00:00\",\"description\":\"Entdecken Sie die Zimmer des Grand H\u00f4tel in Saint-Jean-de-Luz: Eleganz, Komfort und ein atemberaubender Blick auf den Ozean f\u00fcr einen au\u00dfergew\u00f6hnlichen Aufenthalt.\",\"breadcrumb\":{\"@id\":\"https:\\\/\\\/luzgrandhotel.fr\\\/de\\\/zimmer\\\/#breadcrumb\"},\"inLanguage\":\"de\",\"potentialAction\":[{\"@type\":\"ReadAction\",\"target\":[\"https:\\\/\\\/luzgrandhotel.fr\\\/de\\\/zimmer\\\/\"]}]},{\"@type\":\"ImageObject\",\"inLanguage\":\"de\",\"@id\":\"https:\\\/\\\/luzgrandhotel.fr\\\/de\\\/zimmer\\\/#primaryimage\",\"url\":\"https:\\\/\\\/luzgrandhotel.fr\\\/wp-content\\\/uploads\\\/2025\\\/07\\\/chambre-classique-vue-ville-luz-grand-hotel-1-1152x1536.jpg\",\"contentUrl\":\"https:\\\/\\\/luzgrandhotel.fr\\\/wp-content\\\/uploads\\\/2025\\\/07\\\/chambre-classique-vue-ville-luz-grand-hotel-1-1152x1536.jpg\"},{\"@type\":\"BreadcrumbList\",\"@id\":\"https:\\\/\\\/luzgrandhotel.fr\\\/de\\\/zimmer\\\/#breadcrumb\",\"itemListElement\":[{\"@type\":\"ListItem\",\"position\":1,\"name\":\"Accueil\",\"item\":\"https:\\\/\\\/luzgrandhotel.fr\\\/de\\\/startseite\\\/\"},{\"@type\":\"ListItem\",\"position\":2,\"name\":\"Zimmer\"}]},{\"@type\":\"WebSite\",\"@id\":\"https:\\\/\\\/luzgrandhotel.fr\\\/de\\\/#website\",\"url\":\"https:\\\/\\\/luzgrandhotel.fr\\\/de\\\/\",\"name\":\"Luz Grand Hotel\",\"description\":\"\",\"publisher\":{\"@id\":\"https:\\\/\\\/luzgrandhotel.fr\\\/de\\\/#organization\"},\"potentialAction\":[{\"@type\":\"SearchAction\",\"target\":{\"@type\":\"EntryPoint\",\"urlTemplate\":\"https:\\\/\\\/luzgrandhotel.fr\\\/de\\\/?s={search_term_string}\"},\"query-input\":{\"@type\":\"PropertyValueSpecification\",\"valueRequired\":true,\"valueName\":\"search_term_string\"}}],\"inLanguage\":\"de\"},{\"@type\":\"Organization\",\"@id\":\"https:\\\/\\\/luzgrandhotel.fr\\\/de\\\/#organization\",\"name\":\"Luz Grand Hotel\",\"url\":\"https:\\\/\\\/luzgrandhotel.fr\\\/de\\\/\",\"logo\":{\"@type\":\"ImageObject\",\"inLanguage\":\"de\",\"@id\":\"https:\\\/\\\/luzgrandhotel.fr\\\/de\\\/#\\\/schema\\\/logo\\\/image\\\/\",\"url\":\"https:\\\/\\\/luzgrandhotel.fr\\\/wp-content\\\/uploads\\\/2025\\\/04\\\/logo-grand-hotel-luz.svg\",\"contentUrl\":\"https:\\\/\\\/luzgrandhotel.fr\\\/wp-content\\\/uploads\\\/2025\\\/04\\\/logo-grand-hotel-luz.svg\",\"caption\":\"Luz Grand Hotel\"},\"image\":{\"@id\":\"https:\\\/\\\/luzgrandhotel.fr\\\/de\\\/#\\\/schema\\\/logo\\\/image\\\/\"},\"sameAs\":[\"https:\\\/\\\/www.facebook.com\\\/luzgrandhotel\\\/\",\"https:\\\/\\\/www.instagram.com\\\/luzgrandhotel\\\/\",\"https:\\\/\\\/www.linkedin.com\\\/company\\\/72327768\\\/admin\\\/dashboard\\\/\"]}]}<\/script>\n<!-- \/ Yoast SEO plugin. -->","yoast_head_json":{"title":"Zimmer im Grand H\u00f4tel in Saint-Jean-de-Luz - Luz Grand Hotel","description":"Entdecken Sie die Zimmer des Grand H\u00f4tel in Saint-Jean-de-Luz: Eleganz, Komfort und ein atemberaubender Blick auf den Ozean f\u00fcr einen au\u00dfergew\u00f6hnlichen Aufenthalt.","robots":{"index":"index","follow":"follow","max-snippet":"max-snippet:-1","max-image-preview":"max-image-preview:large","max-video-preview":"max-video-preview:-1"},"canonical":"https:\/\/luzgrandhotel.fr\/de\/zimmer\/","og_locale":"de_DE","og_type":"article","og_title":"Zimmer im Grand H\u00f4tel in Saint-Jean-de-Luz - Luz Grand Hotel","og_description":"Entdecken Sie die Zimmer des Grand H\u00f4tel in Saint-Jean-de-Luz: Eleganz, Komfort und ein atemberaubender Blick auf den Ozean f\u00fcr einen au\u00dfergew\u00f6hnlichen Aufenthalt.","og_url":"https:\/\/luzgrandhotel.fr\/de\/zimmer\/","og_site_name":"Luz Grand Hotel","article_publisher":"https:\/\/www.facebook.com\/luzgrandhotel\/","article_modified_time":"2026-09-04T13:14:28+00:00","og_image":[{"url":"https:\/\/luzgrandhotel.fr\/wp-content\/uploads\/2025\/07\/chambre-classique-vue-ville-luz-grand-hotel-1-1152x1536.jpg","type":"","width":"","height":""}],"twitter_card":"summary_large_image","twitter_misc":{"Gesch\u00e4tzte Lesezeit":"2 Minuten"},"schema":{"@context":"https:\/\/schema.org","@graph":[{"@type":"WebPage","@id":"https:\/\/luzgrandhotel.fr\/de\/zimmer\/","url":"https:\/\/luzgrandhotel.fr\/de\/zimmer\/","name":"Zimmer im Grand H\u00f4tel in Saint-Jean-de-Luz - Luz Grand Hotel","isPartOf":{"@id":"https:\/\/luzgrandhotel.fr\/de\/#website"},"primaryImageOfPage":{"@id":"https:\/\/luzgrandhotel.fr\/de\/zimmer\/#primaryimage"},"image":{"@id":"https:\/\/luzgrandhotel.fr\/de\/zimmer\/#primaryimage"},"thumbnailUrl":"https:\/\/luzgrandhotel.fr\/wp-content\/uploads\/2025\/07\/chambre-classique-vue-ville-luz-grand-hotel-1-1152x1536.jpg","datePublished":"2025-09-10T12:20:10+00:00","dateModified":"2026-09-04T13:14:28+00:00","description":"Entdecken Sie die Zimmer des Grand H\u00f4tel in Saint-Jean-de-Luz: Eleganz, Komfort und ein atemberaubender Blick auf den Ozean f\u00fcr einen au\u00dfergew\u00f6hnlichen Aufenthalt.","breadcrumb":{"@id":"https:\/\/luzgrandhotel.fr\/de\/zimmer\/#breadcrumb"},"inLanguage":"de","potentialAction":[{"@type":"ReadAction","target":["https:\/\/luzgrandhotel.fr\/de\/zimmer\/"]}]},{"@type":"ImageObject","inLanguage":"de","@id":"https:\/\/luzgrandhotel.fr\/de\/zimmer\/#primaryimage","url":"https:\/\/luzgrandhotel.fr\/wp-content\/uploads\/2025\/07\/chambre-classique-vue-ville-luz-grand-hotel-1-1152x1536.jpg","contentUrl":"https:\/\/luzgrandhotel.fr\/wp-content\/uploads\/2025\/07\/chambre-classique-vue-ville-luz-grand-hotel-1-1152x1536.jpg"},{"@type":"BreadcrumbList","@id":"https:\/\/luzgrandhotel.fr\/de\/zimmer\/#breadcrumb","itemListElement":[{"@type":"ListItem","position":1,"name":"Accueil","item":"https:\/\/luzgrandhotel.fr\/de\/startseite\/"},{"@type":"ListItem","position":2,"name":"Zimmer"}]},{"@type":"WebSite","@id":"https:\/\/luzgrandhotel.fr\/de\/#website","url":"https:\/\/luzgrandhotel.fr\/de\/","name":"Luz Grand Hotel","description":"","publisher":{"@id":"https:\/\/luzgrandhotel.fr\/de\/#organization"},"potentialAction":[{"@type":"SearchAction","target":{"@type":"EntryPoint","urlTemplate":"https:\/\/luzgrandhotel.fr\/de\/?s={search_term_string}"},"query-input":{"@type":"PropertyValueSpecification","valueRequired":true,"valueName":"search_term_string"}}],"inLanguage":"de"},{"@type":"Organization","@id":"https:\/\/luzgrandhotel.fr\/de\/#organization","name":"Luz Grand Hotel","url":"https:\/\/luzgrandhotel.fr\/de\/","logo":{"@type":"ImageObject","inLanguage":"de","@id":"https:\/\/luzgrandhotel.fr\/de\/#\/schema\/logo\/image\/","url":"https:\/\/luzgrandhotel.fr\/wp-content\/uploads\/2025\/04\/logo-grand-hotel-luz.svg","contentUrl":"https:\/\/luzgrandhotel.fr\/wp-content\/uploads\/2025\/04\/logo-grand-hotel-luz.svg","caption":"Luz Grand Hotel"},"image":{"@id":"https:\/\/luzgrandhotel.fr\/de\/#\/schema\/logo\/image\/"},"sameAs":["https:\/\/www.facebook.com\/luzgrandhotel\/","https:\/\/www.instagram.com\/luzgrandhotel\/","https:\/\/www.linkedin.com\/company\/72327768\/admin\/dashboard\/"]}]}},"_links":{"self":[{"href":"https:\/\/luzgrandhotel.fr\/de\/wp-json\/wp\/v2\/pages\/8905","targetHints":{"allow":["GET"]}}],"collection":[{"href":"https:\/\/luzgrandhotel.fr\/de\/wp-json\/wp\/v2\/pages"}],"about":[{"href":"https:\/\/luzgrandhotel.fr\/de\/wp-json\/wp\/v2\/types\/page"}],"author":[{"embeddable":true,"href":"https:\/\/luzgrandhotel.fr\/de\/wp-json\/wp\/v2\/users\/2"}],"replies":[{"embeddable":true,"href":"https:\/\/luzgrandhotel.fr\/de\/wp-json\/wp\/v2\/comments?post=8905"}],"version-history":[{"count":1,"href":"https:\/\/luzgrandhotel.fr\/de\/wp-json\/wp\/v2\/pages\/8905\/revisions"}],"predecessor-version":[{"id":8933,"href":"https:\/\/luzgrandhotel.fr\/de\/wp-json\/wp\/v2\/pages\/8905\/revisions\/8933"}],"wp:attachment":[{"href":"https:\/\/luzgrandhotel.fr\/de\/wp-json\/wp\/v2\/media?parent=8905"}],"curies":[{"name":"wp","href":"https:\/\/api.w.org\/{rel}","templated":true}]}}