{"id":8940,"date":"2025-09-10T14:25:38","date_gmt":"2025-09-10T12:25:38","guid":{"rendered":"https:\/\/luzgrandhotel.fr\/folgen\/"},"modified":"2026-09-04T15:14:29","modified_gmt":"2026-09-04T13:14:29","slug":"folgen","status":"publish","type":"page","link":"https:\/\/luzgrandhotel.fr\/de\/folgen\/","title":{"rendered":"Fortsetzungen"},"content":{"rendered":"\t\t<div data-elementor-type=\"wp-page\" data-elementor-id=\"8940\" class=\"elementor elementor-8940 elementor-5513\" data-elementor-post-type=\"page\">\n\t\t\t\t<div class=\"elementor-element elementor-element-6eb7f9d0 e-con-full header-page e-flex e-con e-parent\" data-id=\"6eb7f9d0\" data-element_type=\"container\" data-e-type=\"container\" data-settings=\"{&quot;background_background&quot;:&quot;classic&quot;,&quot;background_motion_fx_motion_fx_scrolling&quot;:&quot;yes&quot;,&quot;background_motion_fx_translateY_effect&quot;:&quot;yes&quot;,&quot;background_motion_fx_translateY_speed&quot;:{&quot;unit&quot;:&quot;px&quot;,&quot;size&quot;:4,&quot;sizes&quot;:[]},&quot;background_motion_fx_translateY_affectedRange&quot;:{&quot;unit&quot;:&quot;%&quot;,&quot;size&quot;:&quot;&quot;,&quot;sizes&quot;:{&quot;start&quot;:0,&quot;end&quot;:100}},&quot;background_motion_fx_devices&quot;:[&quot;desktop&quot;,&quot;tablet&quot;,&quot;mobile&quot;]}\">\n\t\t\t\t<\/div>\n\t\t<section class=\"elementor-element elementor-element-34f9aa3a e-con-full e-flex e-con e-parent\" data-id=\"34f9aa3a\" data-element_type=\"container\" data-e-type=\"container\">\n\t\t<div class=\"elementor-element elementor-element-09a038e e-con-full e-flex e-con e-child\" data-id=\"09a038e\" data-element_type=\"container\" data-e-type=\"container\" data-settings=\"{&quot;background_background&quot;:&quot;classic&quot;}\">\n\t\t\t\t<div class=\"elementor-element elementor-element-304e8b1a elementor-align-center elementor-widget elementor-widget-breadcrumbs\" data-id=\"304e8b1a\" data-element_type=\"widget\" data-e-type=\"widget\" data-widget_type=\"breadcrumbs.default\">\n\t\t\t\t\t<p id=\"breadcrumbs\"><span><span><a href=\"https:\/\/luzgrandhotel.fr\/de\/startseite\/\">Accueil<\/a><\/span><\/span><\/p>\t\t\t\t<\/div>\n\t\t<div class=\"elementor-element elementor-element-2fe1cab e-con-full e-flex e-con e-child\" data-id=\"2fe1cab\" data-element_type=\"container\" data-e-type=\"container\">\n\t\t\t\t<div class=\"elementor-element elementor-element-7547232 elementor-invisible elementor-widget elementor-widget-text-editor\" data-id=\"7547232\" data-element_type=\"widget\" data-e-type=\"widget\" data-settings=\"{&quot;_animation&quot;:&quot;slideInUp&quot;}\" data-widget_type=\"text-editor.default\">\n\t\t\t\t\t\t\t\t\t<p>Tauchen Sie ein in die elegante Welt des Grand H\u00f4tel Thalasso &#038; Spa, des legend\u00e4ren 5-Sterne-Hotels in Saint-Jean-de-Luz, und entdecken Sie eine exklusive Auswahl an Zimmern und Suiten, die ganz auf Ihren Komfort und Ihr Wohlbefinden ausgerichtet sind.<\/p>\t\t\t\t\t\t\t\t<\/div>\n\t\t\t\t<\/div>\n\t\t<div class=\"elementor-element elementor-element-c37a448 e-con-full e-flex e-con e-child\" data-id=\"c37a448\" data-element_type=\"container\" data-e-type=\"container\">\n\t\t<div class=\"elementor-element elementor-element-d4fa8a8 e-con-full rooms-slider-galerie e-flex elementor-invisible e-con e-child\" data-id=\"d4fa8a8\" data-element_type=\"container\" data-e-type=\"container\" data-settings=\"{&quot;animation&quot;:&quot;slideInUp&quot;}\">\n\t\t<div class=\"elementor-element elementor-element-93d5043 e-con-full room e-flex e-con e-child\" data-id=\"93d5043\" data-element_type=\"container\" data-e-type=\"container\">\n\t\t<div class=\"elementor-element elementor-element-b6d645e e-con-full e-flex e-con e-child\" data-id=\"b6d645e\" data-element_type=\"container\" data-e-type=\"container\">\n\t\t\t\t<div class=\"elementor-element elementor-element-7668cca elementor-pagination-position-outside elementor-widget elementor-widget-image-carousel\" data-id=\"7668cca\" data-element_type=\"widget\" data-e-type=\"widget\" data-settings=\"{&quot;slides_to_show&quot;:&quot;1&quot;,&quot;navigation&quot;:&quot;dots&quot;,&quot;infinite&quot;:&quot;yes&quot;,&quot;effect&quot;:&quot;slide&quot;,&quot;speed&quot;:500}\" data-widget_type=\"image-carousel.default\">\n\t\t\t\t\t\t\t<div class=\"elementor-image-carousel-wrapper swiper\" role=\"region\" aria-roledescription=\"carousel\" aria-label=\"Carrousel d\u2019images\" dir=\"ltr\">\n\t\t\t<div class=\"elementor-image-carousel swiper-wrapper\" aria-live=\"polite\">\n\t\t\t\t\t\t\t\t<div class=\"swiper-slide\" role=\"group\" aria-roledescription=\"slide\" aria-label=\"1 von 8\"><a data-elementor-open-lightbox=\"yes\" data-elementor-lightbox-slideshow=\"7668cca\" data-elementor-lightbox-title=\"Junior-Suite Sainte Barbe 311\" data-e-action-hash=\"#elementor-action%3Aaction%3Dlightbox%26settings%3DeyJpZCI6ODk0MywidXJsIjoiaHR0cHM6XC9cL2x1emdyYW5kaG90ZWwuZnJcL3dwLWNvbnRlbnRcL3VwbG9hZHNcLzIwMjVcLzA3XC9KdW5pb3ItU3VpdGUtU2FpbnRlLUJhcmJlLTMxMS53ZWJwIiwic2xpZGVzaG93IjoiNzY2OGNjYSJ9\" href=\"https:\/\/luzgrandhotel.fr\/wp-content\/uploads\/2025\/07\/Junior-Suite-Sainte-Barbe-311.webp\"><figure class=\"swiper-slide-inner\"><img decoding=\"async\" class=\"swiper-slide-image\" src=\"https:\/\/luzgrandhotel.fr\/wp-content\/uploads\/2025\/07\/Junior-Suite-Sainte-Barbe-311-1536x1203.webp\" alt=\"Hotelzimmer in Saint-Jean-de-Luz\u200b\" \/><\/figure><\/a><\/div><div class=\"swiper-slide\" role=\"group\" aria-roledescription=\"slide\" aria-label=\"2 von 8\"><a data-elementor-open-lightbox=\"yes\" data-elementor-lightbox-slideshow=\"7668cca\" data-elementor-lightbox-title=\"Junior-Suite \u201eSte Barbe\u201c 311\" data-e-action-hash=\"#elementor-action%3Aaction%3Dlightbox%26settings%3DeyJpZCI6ODk0NCwidXJsIjoiaHR0cHM6XC9cL2x1emdyYW5kaG90ZWwuZnJcL3dwLWNvbnRlbnRcL3VwbG9hZHNcLzIwMjVcLzA3XC9TYWxvbi1KdW5pb3ItU3VpdGUtU3RlLUJhcmJlLTMxMS53ZWJwIiwic2xpZGVzaG93IjoiNzY2OGNjYSJ9\" href=\"https:\/\/luzgrandhotel.fr\/wp-content\/uploads\/2025\/07\/Salon-Junior-Suite-Ste-Barbe-311.webp\"><figure class=\"swiper-slide-inner\"><img decoding=\"async\" class=\"swiper-slide-image\" src=\"https:\/\/luzgrandhotel.fr\/wp-content\/uploads\/2025\/07\/Salon-Junior-Suite-Ste-Barbe-311-1536x1043.webp\" alt=\"Hotelzimmer in Saint-Jean-de-Luz\u200b\" \/><\/figure><\/a><\/div><div class=\"swiper-slide\" role=\"group\" aria-roledescription=\"slide\" aria-label=\"3 von 8\"><a data-elementor-open-lightbox=\"yes\" data-elementor-lightbox-slideshow=\"7668cca\" data-elementor-lightbox-title=\"Wohnzimmer JSB 312\" data-e-action-hash=\"#elementor-action%3Aaction%3Dlightbox%26settings%3DeyJpZCI6ODk0NSwidXJsIjoiaHR0cHM6XC9cL2x1emdyYW5kaG90ZWwuZnJcL3dwLWNvbnRlbnRcL3VwbG9hZHNcLzIwMjVcLzA3XC9TYWxvbi1KU0ItMzEyLndlYnAiLCJzbGlkZXNob3ciOiI3NjY4Y2NhIn0%3D\" href=\"https:\/\/luzgrandhotel.fr\/wp-content\/uploads\/2025\/07\/Salon-JSB-312.webp\"><figure class=\"swiper-slide-inner\"><img decoding=\"async\" class=\"swiper-slide-image\" src=\"https:\/\/luzgrandhotel.fr\/wp-content\/uploads\/2025\/07\/Salon-JSB-312-1536x1032.webp\" alt=\"Zimmer im Grand Hotel Saint-Jean-de-Luz\u200b\" \/><\/figure><\/a><\/div><div class=\"swiper-slide\" role=\"group\" aria-roledescription=\"slide\" aria-label=\"4 von 8\"><a data-elementor-open-lightbox=\"yes\" data-elementor-lightbox-slideshow=\"7668cca\" data-elementor-lightbox-title=\"Junior-Suite \u201eSte Barbe\u201c 311\" data-e-action-hash=\"#elementor-action%3Aaction%3Dlightbox%26settings%3DeyJpZCI6ODk0NiwidXJsIjoiaHR0cHM6XC9cL2x1emdyYW5kaG90ZWwuZnJcL3dwLWNvbnRlbnRcL3VwbG9hZHNcLzIwMjVcLzA3XC9KdW5pb3ItU3VpdGUtU3RlLUJhcmJlLTMxMS53ZWJwIiwic2xpZGVzaG93IjoiNzY2OGNjYSJ9\" href=\"https:\/\/luzgrandhotel.fr\/wp-content\/uploads\/2025\/07\/Junior-Suite-Ste-Barbe-311.webp\"><figure class=\"swiper-slide-inner\"><img decoding=\"async\" class=\"swiper-slide-image\" src=\"https:\/\/luzgrandhotel.fr\/wp-content\/uploads\/2025\/07\/Junior-Suite-Ste-Barbe-311-1536x1021.webp\" alt=\"Hotelzimmer in Saint-Jean-de-Luz\u200b\" \/><\/figure><\/a><\/div><div class=\"swiper-slide\" role=\"group\" aria-roledescription=\"slide\" aria-label=\"5 von 8\"><a data-elementor-open-lightbox=\"yes\" data-elementor-lightbox-slideshow=\"7668cca\" data-elementor-lightbox-title=\"Junior-Suite \u201eSte Barbe\u201c 311 \u2013 2\" data-e-action-hash=\"#elementor-action%3Aaction%3Dlightbox%26settings%3DeyJpZCI6ODk0NywidXJsIjoiaHR0cHM6XC9cL2x1emdyYW5kaG90ZWwuZnJcL3dwLWNvbnRlbnRcL3VwbG9hZHNcLzIwMjVcLzA3XC9KdW5pb3ItU3VpdGUtU3RlLUJhcmJlLTMxMS0yLndlYnAiLCJzbGlkZXNob3ciOiI3NjY4Y2NhIn0%3D\" href=\"https:\/\/luzgrandhotel.fr\/wp-content\/uploads\/2025\/07\/Junior-Suite-Ste-Barbe-311-2.webp\"><figure class=\"swiper-slide-inner\"><img decoding=\"async\" class=\"swiper-slide-image\" src=\"https:\/\/luzgrandhotel.fr\/wp-content\/uploads\/2025\/07\/Junior-Suite-Ste-Barbe-311-2-998x1536.webp\" alt=\"Zimmer im Grand Hotel Saint-Jean-de-Luz\u200b\" \/><\/figure><\/a><\/div><div class=\"swiper-slide\" role=\"group\" aria-roledescription=\"slide\" aria-label=\"6 von 8\"><a data-elementor-open-lightbox=\"yes\" data-elementor-lightbox-slideshow=\"7668cca\" data-elementor-lightbox-title=\"Junior-Suite \u201eSte Barbe\u201c 311 mit Badezimmer\" data-e-action-hash=\"#elementor-action%3Aaction%3Dlightbox%26settings%3DeyJpZCI6ODk0OCwidXJsIjoiaHR0cHM6XC9cL2x1emdyYW5kaG90ZWwuZnJcL3dwLWNvbnRlbnRcL3VwbG9hZHNcLzIwMjVcLzA3XC9KdW5pb3ItU3VpdGUtU3RlLUJhcmJlLTMxMS1zYWxsZS1kZS1iYWluLndlYnAiLCJzbGlkZXNob3ciOiI3NjY4Y2NhIn0%3D\" href=\"https:\/\/luzgrandhotel.fr\/wp-content\/uploads\/2025\/07\/Junior-Suite-Ste-Barbe-311-salle-de-bain.webp\"><figure class=\"swiper-slide-inner\"><img decoding=\"async\" class=\"swiper-slide-image\" src=\"https:\/\/luzgrandhotel.fr\/wp-content\/uploads\/2025\/07\/Junior-Suite-Ste-Barbe-311-salle-de-bain-1536x994.webp\" alt=\"Zimmer im Grand Hotel Saint-Jean-de-Luz\u200b\" \/><\/figure><\/a><\/div><div class=\"swiper-slide\" role=\"group\" aria-roledescription=\"slide\" aria-label=\"7 von 8\"><a data-elementor-open-lightbox=\"yes\" data-elementor-lightbox-slideshow=\"7668cca\" data-elementor-lightbox-title=\"Junior-Suite \u201eSte Barbe\u201c 311, Badezimmer 2\" data-e-action-hash=\"#elementor-action%3Aaction%3Dlightbox%26settings%3DeyJpZCI6ODk0OSwidXJsIjoiaHR0cHM6XC9cL2x1emdyYW5kaG90ZWwuZnJcL3dwLWNvbnRlbnRcL3VwbG9hZHNcLzIwMjVcLzA3XC9KdW5pb3ItU3VpdGUtU3RlLUJhcmJlLTMxMS1zYWxsZS1kZS1iYWluMi53ZWJwIiwic2xpZGVzaG93IjoiNzY2OGNjYSJ9\" href=\"https:\/\/luzgrandhotel.fr\/wp-content\/uploads\/2025\/07\/Junior-Suite-Ste-Barbe-311-salle-de-bain2.webp\"><figure class=\"swiper-slide-inner\"><img decoding=\"async\" class=\"swiper-slide-image\" src=\"https:\/\/luzgrandhotel.fr\/wp-content\/uploads\/2025\/07\/Junior-Suite-Ste-Barbe-311-salle-de-bain2-1536x1007.webp\" alt=\"Hotelzimmer in Saint-Jean-de-Luz\u200b\" \/><\/figure><\/a><\/div><div class=\"swiper-slide\" role=\"group\" aria-roledescription=\"slide\" aria-label=\"8 von 8\"><a data-elementor-open-lightbox=\"yes\" data-elementor-lightbox-slideshow=\"7668cca\" data-elementor-lightbox-title=\"Junior-Suite \u201eSte Barbe\u201c (Maisonette), Schlafzimmer 2\" data-e-action-hash=\"#elementor-action%3Aaction%3Dlightbox%26settings%3DeyJpZCI6ODk1MCwidXJsIjoiaHR0cHM6XC9cL2x1emdyYW5kaG90ZWwuZnJcL3dwLWNvbnRlbnRcL3VwbG9hZHNcLzIwMjVcLzA3XC9KdW5pb3ItU3VpdGUtU3RlLUJhcmJlLWR1cGxleC1jaGFtYnJlMi53ZWJwIiwic2xpZGVzaG93IjoiNzY2OGNjYSJ9\" href=\"https:\/\/luzgrandhotel.fr\/wp-content\/uploads\/2025\/07\/Junior-Suite-Ste-Barbe-duplex-chambre2.webp\"><figure class=\"swiper-slide-inner\"><img decoding=\"async\" class=\"swiper-slide-image\" src=\"https:\/\/luzgrandhotel.fr\/wp-content\/uploads\/2025\/07\/Junior-Suite-Ste-Barbe-duplex-chambre2-1536x1024.webp\" alt=\"Zimmer im Grand Hotel Saint-Jean-de-Luz\u200b\" \/><\/figure><\/a><\/div>\t\t\t<\/div>\n\t\t\t\t\t\t\t\n\t\t\t\t\t\t\t\t\t<div class=\"swiper-pagination\"><\/div>\n\t\t\t\t\t\t\t\t\t<\/div>\n\t\t\t\t\t\t<\/div>\n\t\t\t\t<\/div>\n\t\t<div class=\"elementor-element elementor-element-ecc2465 e-con-full e-flex e-con e-child\" data-id=\"ecc2465\" data-element_type=\"container\" data-e-type=\"container\" data-settings=\"{&quot;background_background&quot;:&quot;classic&quot;}\">\n\t\t<div class=\"elementor-element elementor-element-7a035bc e-con-full e-flex e-con e-child\" data-id=\"7a035bc\" data-element_type=\"container\" data-e-type=\"container\">\n\t\t\t\t<div class=\"elementor-element elementor-element-2e22777 elementor-widget elementor-widget-heading\" data-id=\"2e22777\" data-element_type=\"widget\" data-e-type=\"widget\" data-widget_type=\"heading.default\">\n\t\t\t\t\t<h2 class=\"elementor-heading-title elementor-size-default\">Junior-Suite \u201eSainte Barbe\u201c<\/h2>\t\t\t\t<\/div>\n\t\t\t\t<div class=\"elementor-element elementor-element-e6909f6 elementor-widget elementor-widget-text-editor\" data-id=\"e6909f6\" data-element_type=\"widget\" data-e-type=\"widget\" data-widget_type=\"text-editor.default\">\n\t\t\t\t\t\t\t\t\t<p>Die Juniorsuiten \u201eSainte Barbe\u201c mit einer Fl\u00e4che von 36 m\u00b2 befinden sich im 3. Stock und bieten von ihren schmiedeeisernen Balkonen aus einen herrlichen Blick auf den H\u00fcgel Sainte Barbe, der steil zum Atlantik abf\u00e4llt, sowie einen freien Blick auf die Stadt. Eine elegante Einrichtung und viel Tageslicht schaffen ein raffiniertes, einladendes und ruhiges Ambiente. <\/p>\t\t\t\t\t\t\t\t<\/div>\n\t\t\t\t<\/div>\n\t\t<div class=\"elementor-element elementor-element-a077bad e-con-full e-flex e-con e-child\" data-id=\"a077bad\" data-element_type=\"container\" data-e-type=\"container\">\n\t\t\t\t<div class=\"elementor-element elementor-element-88494b9 elementor-align-center elementor-widget elementor-widget-button\" data-id=\"88494b9\" data-element_type=\"widget\" data-e-type=\"widget\" data-widget_type=\"button.default\">\n\t\t\t\t\t\t\t\t\t\t<a class=\"elementor-button elementor-button-link elementor-size-sm\" href=\"#elementor-action%3Aaction%3Dpopup%3Aopen%26settings%3DeyJpZCI6OTAxNSwidG9nZ2xlIjpmYWxzZX0%3D\" target=\"_blank\">\n\t\t\t\t\t\t<span class=\"elementor-button-content-wrapper\">\n\t\t\t\t\t\t\t\t\t<span class=\"elementor-button-text\">Buchen<\/span>\n\t\t\t\t\t<\/span>\n\t\t\t\t\t<\/a>\n\t\t\t\t\t\t\t\t<\/div>\n\t\t\t\t<\/div>\n\t\t\t\t<\/div>\n\t\t\t\t<\/div>\n\t\t<div class=\"elementor-element elementor-element-f89a373 e-con-full room e-flex e-con e-child\" data-id=\"f89a373\" data-element_type=\"container\" data-e-type=\"container\">\n\t\t<div class=\"elementor-element elementor-element-44c704f e-con-full e-flex e-con e-child\" data-id=\"44c704f\" data-element_type=\"container\" data-e-type=\"container\">\n\t\t\t\t<div class=\"elementor-element elementor-element-fba1e28 elementor-pagination-position-outside elementor-widget elementor-widget-image-carousel\" data-id=\"fba1e28\" data-element_type=\"widget\" data-e-type=\"widget\" data-settings=\"{&quot;slides_to_show&quot;:&quot;1&quot;,&quot;navigation&quot;:&quot;dots&quot;,&quot;infinite&quot;:&quot;yes&quot;,&quot;effect&quot;:&quot;slide&quot;,&quot;speed&quot;:500}\" data-widget_type=\"image-carousel.default\">\n\t\t\t\t\t\t\t<div class=\"elementor-image-carousel-wrapper swiper\" role=\"region\" aria-roledescription=\"carousel\" aria-label=\"Carrousel d\u2019images\" dir=\"ltr\">\n\t\t\t<div class=\"elementor-image-carousel swiper-wrapper\" aria-live=\"polite\">\n\t\t\t\t\t\t\t\t<div class=\"swiper-slide\" role=\"group\" aria-roledescription=\"slide\" aria-label=\"1 von 5\"><a data-elementor-open-lightbox=\"yes\" data-elementor-lightbox-slideshow=\"fba1e28\" data-elementor-lightbox-title=\"Junior-Suite mit Terrasse\" data-e-action-hash=\"#elementor-action%3Aaction%3Dlightbox%26settings%3DeyJpZCI6ODk1MSwidXJsIjoiaHR0cHM6XC9cL2x1emdyYW5kaG90ZWwuZnJcL3dwLWNvbnRlbnRcL3VwbG9hZHNcLzIwMjZcLzA2XC9qdW5pb3Itc3VpdGUtdGVycmFzc2UuanBnIiwic2xpZGVzaG93IjoiZmJhMWUyOCJ9\" href=\"https:\/\/luzgrandhotel.fr\/wp-content\/uploads\/2026\/06\/junior-suite-terrasse.jpg\"><figure class=\"swiper-slide-inner\"><img decoding=\"async\" class=\"swiper-slide-image\" src=\"https:\/\/luzgrandhotel.fr\/wp-content\/uploads\/2026\/06\/junior-suite-terrasse.jpg\" alt=\"Junior-Suite mit Terrasse\" \/><\/figure><\/a><\/div><div class=\"swiper-slide\" role=\"group\" aria-roledescription=\"slide\" aria-label=\"2 von 5\"><a data-elementor-open-lightbox=\"yes\" data-elementor-lightbox-slideshow=\"fba1e28\" data-elementor-lightbox-title=\"Junior-Suite-Zimmer\" data-e-action-hash=\"#elementor-action%3Aaction%3Dlightbox%26settings%3DeyJpZCI6ODk1MiwidXJsIjoiaHR0cHM6XC9cL2x1emdyYW5kaG90ZWwuZnJcL3dwLWNvbnRlbnRcL3VwbG9hZHNcLzIwMjZcLzA2XC9KdW5pb3ItU3VpdGUtQ2hhbWJyZS5qcGciLCJzbGlkZXNob3ciOiJmYmExZTI4In0%3D\" href=\"https:\/\/luzgrandhotel.fr\/wp-content\/uploads\/2026\/06\/Junior-Suite-Chambre.jpg\"><figure class=\"swiper-slide-inner\"><img decoding=\"async\" class=\"swiper-slide-image\" src=\"https:\/\/luzgrandhotel.fr\/wp-content\/uploads\/2026\/06\/Junior-Suite-Chambre.jpg\" alt=\"Junior-Suite mit Einzelbett\" \/><\/figure><\/a><\/div><div class=\"swiper-slide\" role=\"group\" aria-roledescription=\"slide\" aria-label=\"3 von 5\"><a data-elementor-open-lightbox=\"yes\" data-elementor-lightbox-slideshow=\"fba1e28\" data-elementor-lightbox-title=\"Junior-Suite mit Wohnzimmer\" data-e-action-hash=\"#elementor-action%3Aaction%3Dlightbox%26settings%3DeyJpZCI6ODk1MywidXJsIjoiaHR0cHM6XC9cL2x1emdyYW5kaG90ZWwuZnJcL3dwLWNvbnRlbnRcL3VwbG9hZHNcLzIwMjZcLzA2XC9KdW5pb3ItU3VpdGUtU2Fsb24uanBnIiwic2xpZGVzaG93IjoiZmJhMWUyOCJ9\" href=\"https:\/\/luzgrandhotel.fr\/wp-content\/uploads\/2026\/06\/Junior-Suite-Salon.jpg\"><figure class=\"swiper-slide-inner\"><img decoding=\"async\" class=\"swiper-slide-image\" src=\"https:\/\/luzgrandhotel.fr\/wp-content\/uploads\/2026\/06\/Junior-Suite-Salon.jpg\" alt=\"Junior-Suite mit Wohnzimmer\" \/><\/figure><\/a><\/div><div class=\"swiper-slide\" role=\"group\" aria-roledescription=\"slide\" aria-label=\"4 von 5\"><a data-elementor-open-lightbox=\"yes\" data-elementor-lightbox-slideshow=\"fba1e28\" data-elementor-lightbox-title=\"Badezimmer der Junior-Suite\" data-e-action-hash=\"#elementor-action%3Aaction%3Dlightbox%26settings%3DeyJpZCI6ODk1NCwidXJsIjoiaHR0cHM6XC9cL2x1emdyYW5kaG90ZWwuZnJcL3dwLWNvbnRlbnRcL3VwbG9hZHNcLzIwMjZcLzA2XC9TYWxsZS1kZS1CYWluLUp1bmlvci1TdWl0ZS5wbmciLCJzbGlkZXNob3ciOiJmYmExZTI4In0%3D\" href=\"https:\/\/luzgrandhotel.fr\/wp-content\/uploads\/2026\/06\/Salle-de-Bain-Junior-Suite.png\"><figure class=\"swiper-slide-inner\"><img decoding=\"async\" class=\"swiper-slide-image\" src=\"https:\/\/luzgrandhotel.fr\/wp-content\/uploads\/2026\/06\/Salle-de-Bain-Junior-Suite.png\" alt=\"Badezimmer der Junior-Suite\" \/><\/figure><\/a><\/div><div class=\"swiper-slide\" role=\"group\" aria-roledescription=\"slide\" aria-label=\"5 von 5\"><a data-elementor-open-lightbox=\"yes\" data-elementor-lightbox-slideshow=\"fba1e28\" data-elementor-lightbox-title=\"Junior-Suite mit 2 Badezimmern\" data-e-action-hash=\"#elementor-action%3Aaction%3Dlightbox%26settings%3DeyJpZCI6ODk1NSwidXJsIjoiaHR0cHM6XC9cL2x1emdyYW5kaG90ZWwuZnJcL3dwLWNvbnRlbnRcL3VwbG9hZHNcLzIwMjZcLzA2XC9KdW5pb3ItU3VpdGUtc2FsbGUtZGUtYmFpbi0yLmpwZyIsInNsaWRlc2hvdyI6ImZiYTFlMjgifQ%3D%3D\" href=\"https:\/\/luzgrandhotel.fr\/wp-content\/uploads\/2026\/06\/Junior-Suite-salle-de-bain-2.jpg\"><figure class=\"swiper-slide-inner\"><img decoding=\"async\" class=\"swiper-slide-image\" src=\"https:\/\/luzgrandhotel.fr\/wp-content\/uploads\/2026\/06\/Junior-Suite-salle-de-bain-2.jpg\" alt=\"Junior-Suite mit 2 Badezimmern\" \/><\/figure><\/a><\/div>\t\t\t<\/div>\n\t\t\t\t\t\t\t\n\t\t\t\t\t\t\t\t\t<div class=\"swiper-pagination\"><\/div>\n\t\t\t\t\t\t\t\t\t<\/div>\n\t\t\t\t\t\t<\/div>\n\t\t\t\t<\/div>\n\t\t<div class=\"elementor-element elementor-element-d35b3ed e-con-full e-flex e-con e-child\" data-id=\"d35b3ed\" data-element_type=\"container\" data-e-type=\"container\" data-settings=\"{&quot;background_background&quot;:&quot;classic&quot;}\">\n\t\t<div class=\"elementor-element elementor-element-2692201 e-con-full e-flex e-con e-child\" data-id=\"2692201\" data-element_type=\"container\" data-e-type=\"container\">\n\t\t\t\t<div class=\"elementor-element elementor-element-4040056 elementor-widget elementor-widget-heading\" data-id=\"4040056\" data-element_type=\"widget\" data-e-type=\"widget\" data-widget_type=\"heading.default\">\n\t\t\t\t\t<h2 class=\"elementor-heading-title elementor-size-default\">Junior-Suite mit Terrasse und Meerblick<\/h2>\t\t\t\t<\/div>\n\t\t\t\t<div class=\"elementor-element elementor-element-4c2a5c5 elementor-widget elementor-widget-text-editor\" data-id=\"4c2a5c5\" data-element_type=\"widget\" data-e-type=\"widget\" data-widget_type=\"text-editor.default\">\n\t\t\t\t\t\t\t\t\t<p>Die Junior-Suiten \u201eTerrasse Oc\u00e9an\u201c mit einer Fl\u00e4che von 35 bis 45 m\u00b2 befinden sich im 1. Stock und bieten von ihrer Terrasse aus einen atemberaubenden Blick auf den Ozean und die Bucht.<br\/>Eine raffinierte Einrichtung, Eichenparkett und gro\u00dfz\u00fcgige Raumverh\u00e4ltnisse laden zu erholsamen N\u00e4chten ein.<\/p>\t\t\t\t\t\t\t\t<\/div>\n\t\t\t\t<\/div>\n\t\t<div class=\"elementor-element elementor-element-d17c79b e-con-full e-flex e-con e-child\" data-id=\"d17c79b\" data-element_type=\"container\" data-e-type=\"container\">\n\t\t\t\t<div class=\"elementor-element elementor-element-b00ecf4 elementor-align-center elementor-widget elementor-widget-button\" data-id=\"b00ecf4\" data-element_type=\"widget\" data-e-type=\"widget\" data-widget_type=\"button.default\">\n\t\t\t\t\t\t\t\t\t\t<a class=\"elementor-button elementor-button-link elementor-size-sm\" href=\"#elementor-action%3Aaction%3Dpopup%3Aopen%26settings%3DeyJpZCI6OTAxNSwidG9nZ2xlIjpmYWxzZX0%3D\" target=\"_blank\">\n\t\t\t\t\t\t<span class=\"elementor-button-content-wrapper\">\n\t\t\t\t\t\t\t\t\t<span class=\"elementor-button-text\">Buchen<\/span>\n\t\t\t\t\t<\/span>\n\t\t\t\t\t<\/a>\n\t\t\t\t\t\t\t\t<\/div>\n\t\t\t\t<\/div>\n\t\t\t\t<\/div>\n\t\t\t\t<\/div>\n\t\t<div class=\"elementor-element elementor-element-5790bca e-con-full room e-flex e-con e-child\" data-id=\"5790bca\" data-element_type=\"container\" data-e-type=\"container\">\n\t\t<div class=\"elementor-element elementor-element-8a31f81 e-con-full e-flex e-con e-child\" data-id=\"8a31f81\" data-element_type=\"container\" data-e-type=\"container\">\n\t\t\t\t<div class=\"elementor-element elementor-element-91ea469 elementor-pagination-position-outside elementor-widget elementor-widget-image-carousel\" data-id=\"91ea469\" data-element_type=\"widget\" data-e-type=\"widget\" data-settings=\"{&quot;slides_to_show&quot;:&quot;1&quot;,&quot;navigation&quot;:&quot;dots&quot;,&quot;infinite&quot;:&quot;yes&quot;,&quot;effect&quot;:&quot;slide&quot;,&quot;speed&quot;:500}\" data-widget_type=\"image-carousel.default\">\n\t\t\t\t\t\t\t<div class=\"elementor-image-carousel-wrapper swiper\" role=\"region\" aria-roledescription=\"carousel\" aria-label=\"Carrousel d\u2019images\" dir=\"ltr\">\n\t\t\t<div class=\"elementor-image-carousel swiper-wrapper\" aria-live=\"polite\">\n\t\t\t\t\t\t\t\t<div class=\"swiper-slide\" role=\"group\" aria-roledescription=\"slide\" aria-label=\"1 von 3\"><a data-elementor-open-lightbox=\"yes\" data-elementor-lightbox-slideshow=\"91ea469\" data-elementor-lightbox-title=\"Suite mit Terrasse \u2013 Luz Grand Hotel (2)\" data-e-action-hash=\"#elementor-action%3Aaction%3Dlightbox%26settings%3DeyJpZCI6ODk1NiwidXJsIjoiaHR0cHM6XC9cL2x1emdyYW5kaG90ZWwuZnJcL3dwLWNvbnRlbnRcL3VwbG9hZHNcLzIwMjVcLzA3XC9zdWl0ZS10ZXJyYXNzZS1sdXotZ3JhbmQtaG90ZWwtMi53ZWJwIiwic2xpZGVzaG93IjoiOTFlYTQ2OSJ9\" href=\"https:\/\/luzgrandhotel.fr\/wp-content\/uploads\/2025\/07\/suite-terrasse-luz-grand-hotel-2.webp\"><figure class=\"swiper-slide-inner\"><img decoding=\"async\" class=\"swiper-slide-image\" src=\"https:\/\/luzgrandhotel.fr\/wp-content\/uploads\/2025\/07\/suite-terrasse-luz-grand-hotel-2-1536x1024.webp\" alt=\"Suite mit Terrasse im Luz Grand Hotel\" \/><\/figure><\/a><\/div><div class=\"swiper-slide\" role=\"group\" aria-roledescription=\"slide\" aria-label=\"2 von 3\"><a data-elementor-open-lightbox=\"yes\" data-elementor-lightbox-slideshow=\"91ea469\" data-elementor-lightbox-title=\"Suite mit Terrasse \u2013 Luz Grand Hotel (1)\" data-e-action-hash=\"#elementor-action%3Aaction%3Dlightbox%26settings%3DeyJpZCI6ODk1NywidXJsIjoiaHR0cHM6XC9cL2x1emdyYW5kaG90ZWwuZnJcL3dwLWNvbnRlbnRcL3VwbG9hZHNcLzIwMjVcLzA3XC9zdWl0ZS10ZXJyYXNzZS1sdXotZ3JhbmQtaG90ZWwtMS53ZWJwIiwic2xpZGVzaG93IjoiOTFlYTQ2OSJ9\" href=\"https:\/\/luzgrandhotel.fr\/wp-content\/uploads\/2025\/07\/suite-terrasse-luz-grand-hotel-1.webp\"><figure class=\"swiper-slide-inner\"><img decoding=\"async\" class=\"swiper-slide-image\" src=\"https:\/\/luzgrandhotel.fr\/wp-content\/uploads\/2025\/07\/suite-terrasse-luz-grand-hotel-1-1536x1024.webp\" alt=\"Zimmer im Grand Hotel Saint-Jean-de-Luz\u200b\" \/><\/figure><\/a><\/div><div class=\"swiper-slide\" role=\"group\" aria-roledescription=\"slide\" aria-label=\"3 von 3\"><a data-elementor-open-lightbox=\"yes\" data-elementor-lightbox-slideshow=\"91ea469\" data-elementor-lightbox-title=\"Suite mit Terrasse im Luz Grand Hotel (3)\" data-e-action-hash=\"#elementor-action%3Aaction%3Dlightbox%26settings%3DeyJpZCI6ODczMywidXJsIjoiaHR0cHM6XC9cL2x1emdyYW5kaG90ZWwuZnJcL3dwLWNvbnRlbnRcL3VwbG9hZHNcLzIwMjVcLzA3XC9zdWl0ZS10ZXJyYXNzZS1sdXotZ3JhbmQtaG90ZWwtMy53ZWJwIiwic2xpZGVzaG93IjoiOTFlYTQ2OSJ9\" href=\"https:\/\/luzgrandhotel.fr\/wp-content\/uploads\/2025\/07\/suite-terrasse-luz-grand-hotel-3.webp\"><figure class=\"swiper-slide-inner\"><img decoding=\"async\" class=\"swiper-slide-image\" src=\"https:\/\/luzgrandhotel.fr\/wp-content\/uploads\/2025\/07\/suite-terrasse-luz-grand-hotel-3-1536x993.webp\" alt=\"Terrasse eines Zimmers im Grand Hotel Saint-Jean-de-Luz\u200b\" \/><\/figure><\/a><\/div>\t\t\t<\/div>\n\t\t\t\t\t\t\t\n\t\t\t\t\t\t\t\t\t<div class=\"swiper-pagination\"><\/div>\n\t\t\t\t\t\t\t\t\t<\/div>\n\t\t\t\t\t\t<\/div>\n\t\t\t\t<\/div>\n\t\t<div class=\"elementor-element elementor-element-0f49962 e-con-full e-flex e-con e-child\" data-id=\"0f49962\" data-element_type=\"container\" data-e-type=\"container\" data-settings=\"{&quot;background_background&quot;:&quot;classic&quot;}\">\n\t\t<div class=\"elementor-element elementor-element-a324dc7 e-con-full e-flex e-con e-child\" data-id=\"a324dc7\" data-element_type=\"container\" data-e-type=\"container\">\n\t\t\t\t<div class=\"elementor-element elementor-element-b928322 elementor-widget elementor-widget-heading\" data-id=\"b928322\" data-element_type=\"widget\" data-e-type=\"widget\" data-widget_type=\"heading.default\">\n\t\t\t\t\t<h2 class=\"elementor-heading-title elementor-size-default\">Suite mit Terrasse und Meerblick<\/h2>\t\t\t\t<\/div>\n\t\t\t\t<div class=\"elementor-element elementor-element-4cb596a elementor-widget elementor-widget-text-editor\" data-id=\"4cb596a\" data-element_type=\"widget\" data-e-type=\"widget\" data-widget_type=\"text-editor.default\">\n\t\t\t\t\t\t\t\t\t<p>Die \u201eTerrasse Oc\u00e9an\u201c-Suiten mit einer Fl\u00e4che von 63 m\u00b2 bieten den Luxus eines exklusiven Meerblicks und ein elegantes Ambiente f\u00fcr einen authentischen Kurzurlaub. Eine luxuri\u00f6se und zeitlose Atmosph\u00e4re, in der sich antike Gem\u00e4lde und Spiegel, seidige Stoffe, helles Eichenparkett und mit Leidenschaft zusammengetragene, charmante M\u00f6bel miteinander verbinden. <\/p>\t\t\t\t\t\t\t\t<\/div>\n\t\t\t\t<\/div>\n\t\t<div class=\"elementor-element elementor-element-2c1d61b e-con-full e-flex e-con e-child\" data-id=\"2c1d61b\" data-element_type=\"container\" data-e-type=\"container\">\n\t\t\t\t<div class=\"elementor-element elementor-element-7815c54 elementor-align-center elementor-widget elementor-widget-button\" data-id=\"7815c54\" data-element_type=\"widget\" data-e-type=\"widget\" data-widget_type=\"button.default\">\n\t\t\t\t\t\t\t\t\t\t<a class=\"elementor-button elementor-button-link elementor-size-sm\" href=\"#elementor-action%3Aaction%3Dpopup%3Aopen%26settings%3DeyJpZCI6OTAxNSwidG9nZ2xlIjpmYWxzZX0%3D\" target=\"_blank\">\n\t\t\t\t\t\t<span class=\"elementor-button-content-wrapper\">\n\t\t\t\t\t\t\t\t\t<span class=\"elementor-button-text\">Buchen<\/span>\n\t\t\t\t\t<\/span>\n\t\t\t\t\t<\/a>\n\t\t\t\t\t\t\t\t<\/div>\n\t\t\t\t<\/div>\n\t\t\t\t<\/div>\n\t\t\t\t<\/div>\n\t\t\t\t<\/div>\n\t\t\t\t<\/div>\n\t\t\t\t<\/div>\n\t\t\t\t<div class=\"elementor-element elementor-element-d50657b elementor-invisible elementor-widget elementor-widget-heading\" data-id=\"d50657b\" data-element_type=\"widget\" data-e-type=\"widget\" data-settings=\"{&quot;_animation&quot;:&quot;slideInUp&quot;}\" data-widget_type=\"heading.default\">\n\t\t\t\t\t<h2 class=\"elementor-heading-title elementor-size-default\">Dienstleistungen und Ausstattung unserer Suiten<\/h2>\t\t\t\t<\/div>\n\t\t\t\t<div class=\"elementor-element elementor-element-7d0efe5 elementor-invisible elementor-widget elementor-widget-n-accordion\" data-id=\"7d0efe5\" data-element_type=\"widget\" data-e-type=\"widget\" data-settings=\"{&quot;_animation&quot;:&quot;fadeIn&quot;,&quot;default_state&quot;:&quot;expanded&quot;,&quot;max_items_expended&quot;:&quot;one&quot;,&quot;n_accordion_animation_duration&quot;:{&quot;unit&quot;:&quot;ms&quot;,&quot;size&quot;:400,&quot;sizes&quot;:[]}}\" data-widget_type=\"nested-accordion.default\">\n\t\t\t\t\t\t\t<div class=\"e-n-accordion\" aria-label=\"Accordion. Open links with Enter or Space, close with Escape, and navigate with Arrow Keys\">\n\t\t\t\t\t\t<details id=\"e-n-accordion-item-1310\" class=\"e-n-accordion-item\" open>\n\t\t\t\t<summary class=\"e-n-accordion-item-title\" data-accordion-index=\"1\" tabindex=\"0\" aria-expanded=\"true\" aria-controls=\"e-n-accordion-item-1310\" >\n\t\t\t\t\t<span class='e-n-accordion-item-title-header'><div class=\"e-n-accordion-item-title-text\"> Die Bettw\u00e4sche <\/div><\/span>\n\t\t\t\t\t\t\t<span class='e-n-accordion-item-title-icon'>\n\t\t\t<span class='e-opened' ><svg aria-hidden=\"true\" class=\"e-font-icon-svg e-fas-minus\" viewBox=\"0 0 448 512\" xmlns=\"http:\/\/www.w3.org\/2000\/svg\"><path d=\"M416 208H32c-17.67 0-32 14.33-32 32v32c0 17.67 14.33 32 32 32h384c17.67 0 32-14.33 32-32v-32c0-17.67-14.33-32-32-32z\"><\/path><\/svg><\/span>\n\t\t\t<span class='e-closed'><svg aria-hidden=\"true\" class=\"e-font-icon-svg e-fas-plus\" viewBox=\"0 0 448 512\" xmlns=\"http:\/\/www.w3.org\/2000\/svg\"><path d=\"M416 208H272V64c0-17.67-14.33-32-32-32h-32c-17.67 0-32 14.33-32 32v144H32c-17.67 0-32 14.33-32 32v32c0 17.67 14.33 32 32 32h144v144c0 17.67 14.33 32 32 32h32c17.67 0 32-14.33 32-32V304h144c17.67 0 32-14.33 32-32v-32c0-17.67-14.33-32-32-32z\"><\/path><\/svg><\/span>\n\t\t<\/span>\n\n\t\t\t\t\t\t<\/summary>\n\t\t\t\t<div role=\"region\" aria-labelledby=\"e-n-accordion-item-1310\" class=\"elementor-element elementor-element-5902c9b e-con-full e-flex e-con e-child\" data-id=\"5902c9b\" data-element_type=\"container\" data-e-type=\"container\">\n\t\t<div role=\"region\" aria-labelledby=\"e-n-accordion-item-1310\" class=\"elementor-element elementor-element-586810f e-flex e-con-boxed e-con e-child\" data-id=\"586810f\" data-element_type=\"container\" data-e-type=\"container\">\n\t\t\t\t\t<div class=\"e-con-inner\">\n\t\t\t\t<div class=\"elementor-element elementor-element-3fba727 elementor-widget elementor-widget-text-editor\" data-id=\"3fba727\" data-element_type=\"widget\" data-e-type=\"widget\" data-widget_type=\"text-editor.default\">\n\t\t\t\t\t\t\t\t\t<ul><li>Epeda-Bettwaren mit integrierter Matratzenauflage<\/li><li>Twin-Bett (2 \u00d7 100) oder Kingsize-Bett (200 \u00d7 200)<\/li><li>Schlafsofa in den Breiten 160 oder 190<\/li><li>\u00dcbersicht \u00fcber antiallergische Kissen und Bettdecken<\/li><\/ul>\t\t\t\t\t\t\t\t<\/div>\n\t\t\t\t\t<\/div>\n\t\t\t\t<\/div>\n\t\t\t\t<\/div>\n\t\t\t\t\t<\/details>\n\t\t\t\t\t\t<details id=\"e-n-accordion-item-1311\" class=\"e-n-accordion-item\" >\n\t\t\t\t<summary class=\"e-n-accordion-item-title\" data-accordion-index=\"2\" tabindex=\"-1\" aria-expanded=\"false\" aria-controls=\"e-n-accordion-item-1311\" >\n\t\t\t\t\t<span class='e-n-accordion-item-title-header'><div class=\"e-n-accordion-item-title-text\"> Das Badezimmer <\/div><\/span>\n\t\t\t\t\t\t\t<span class='e-n-accordion-item-title-icon'>\n\t\t\t<span class='e-opened' ><svg aria-hidden=\"true\" class=\"e-font-icon-svg e-fas-minus\" viewBox=\"0 0 448 512\" xmlns=\"http:\/\/www.w3.org\/2000\/svg\"><path d=\"M416 208H32c-17.67 0-32 14.33-32 32v32c0 17.67 14.33 32 32 32h384c17.67 0 32-14.33 32-32v-32c0-17.67-14.33-32-32-32z\"><\/path><\/svg><\/span>\n\t\t\t<span class='e-closed'><svg aria-hidden=\"true\" class=\"e-font-icon-svg e-fas-plus\" viewBox=\"0 0 448 512\" xmlns=\"http:\/\/www.w3.org\/2000\/svg\"><path d=\"M416 208H272V64c0-17.67-14.33-32-32-32h-32c-17.67 0-32 14.33-32 32v144H32c-17.67 0-32 14.33-32 32v32c0 17.67 14.33 32 32 32h144v144c0 17.67 14.33 32 32 32h32c17.67 0 32-14.33 32-32V304h144c17.67 0 32-14.33 32-32v-32c0-17.67-14.33-32-32-32z\"><\/path><\/svg><\/span>\n\t\t<\/span>\n\n\t\t\t\t\t\t<\/summary>\n\t\t\t\t<div role=\"region\" aria-labelledby=\"e-n-accordion-item-1311\" class=\"elementor-element elementor-element-c8c6195 e-con-full e-flex e-con e-child\" data-id=\"c8c6195\" data-element_type=\"container\" data-e-type=\"container\">\n\t\t<div role=\"region\" aria-labelledby=\"e-n-accordion-item-1311\" class=\"elementor-element elementor-element-17f59bc e-flex e-con-boxed e-con e-child\" data-id=\"17f59bc\" data-element_type=\"container\" data-e-type=\"container\">\n\t\t\t\t\t<div class=\"e-con-inner\">\n\t\t\t\t<div class=\"elementor-element elementor-element-2d249de elementor-widget elementor-widget-text-editor\" data-id=\"2d249de\" data-element_type=\"widget\" data-e-type=\"widget\" data-widget_type=\"text-editor.default\">\n\t\t\t\t\t\t\t\t\t<ul><li>Badewanne mit integrierter Dusche und\/oder ebenerdige Dusche<\/li><li>Haartrockner<\/li><li>Frotteebadem\u00e4ntel\/-hausschuhe<\/li><li>Bulgari-Willkommensprodukte<\/li><li>Handtuchw\u00e4rmer<\/li><\/ul>\t\t\t\t\t\t\t\t<\/div>\n\t\t\t\t\t<\/div>\n\t\t\t\t<\/div>\n\t\t\t\t<\/div>\n\t\t\t\t\t<\/details>\n\t\t\t\t\t\t<details id=\"e-n-accordion-item-1312\" class=\"e-n-accordion-item\" >\n\t\t\t\t<summary class=\"e-n-accordion-item-title\" data-accordion-index=\"3\" tabindex=\"-1\" aria-expanded=\"false\" aria-controls=\"e-n-accordion-item-1312\" >\n\t\t\t\t\t<span class='e-n-accordion-item-title-header'><div class=\"e-n-accordion-item-title-text\"> Dienstleistungen &amp; Ausstattung <\/div><\/span>\n\t\t\t\t\t\t\t<span class='e-n-accordion-item-title-icon'>\n\t\t\t<span class='e-opened' ><svg aria-hidden=\"true\" class=\"e-font-icon-svg e-fas-minus\" viewBox=\"0 0 448 512\" xmlns=\"http:\/\/www.w3.org\/2000\/svg\"><path d=\"M416 208H32c-17.67 0-32 14.33-32 32v32c0 17.67 14.33 32 32 32h384c17.67 0 32-14.33 32-32v-32c0-17.67-14.33-32-32-32z\"><\/path><\/svg><\/span>\n\t\t\t<span class='e-closed'><svg aria-hidden=\"true\" class=\"e-font-icon-svg e-fas-plus\" viewBox=\"0 0 448 512\" xmlns=\"http:\/\/www.w3.org\/2000\/svg\"><path d=\"M416 208H272V64c0-17.67-14.33-32-32-32h-32c-17.67 0-32 14.33-32 32v144H32c-17.67 0-32 14.33-32 32v32c0 17.67 14.33 32 32 32h144v144c0 17.67 14.33 32 32 32h32c17.67 0 32-14.33 32-32V304h144c17.67 0 32-14.33 32-32v-32c0-17.67-14.33-32-32-32z\"><\/path><\/svg><\/span>\n\t\t<\/span>\n\n\t\t\t\t\t\t<\/summary>\n\t\t\t\t<div role=\"region\" aria-labelledby=\"e-n-accordion-item-1312\" class=\"elementor-element elementor-element-5c1fe2c e-con-full e-flex e-con e-child\" data-id=\"5c1fe2c\" data-element_type=\"container\" data-e-type=\"container\">\n\t\t<div role=\"region\" aria-labelledby=\"e-n-accordion-item-1312\" class=\"elementor-element elementor-element-58b35a5 e-flex e-con-boxed e-con e-child\" data-id=\"58b35a5\" data-element_type=\"container\" data-e-type=\"container\">\n\t\t\t\t\t<div class=\"e-con-inner\">\n\t\t\t\t<div class=\"elementor-element elementor-element-2cdc425 elementor-widget elementor-widget-text-editor\" data-id=\"2cdc425\" data-element_type=\"widget\" data-e-type=\"widget\" data-widget_type=\"text-editor.default\">\n\t\t\t\t\t\t\t\t\t<ul><li>Kostenloses WLAN<\/li><li>Zimmerservice rund um die Uhr<\/li><li>Wohnzimmer mit Schlafsofa<\/li><li>Ankleidezimmer<\/li><li>Eau de Cologne<\/li><li>B\u00fcgeleisen und B\u00fcgelbretter auf Anfrage<\/li><li>Eigene Terrasse f\u00fcr die Junior-Suiten und Suiten im 1. Stock<\/li><li>Hausmeisterdienst<\/li><li>Reinigung<\/li><li>Dienstleistungen und Einrichtungen f\u00fcr Kinder<\/li><li>Ihre Tageszeitung wird Ihnen t\u00e4glich auf Ihr Zimmer gebracht (auf Anfrage)<\/li><li>Haushaltsservice zweimal t\u00e4glich, einschlie\u00dflich des abendlichen Dienstes<\/li><\/ul>\t\t\t\t\t\t\t\t<\/div>\n\t\t\t\t\t<\/div>\n\t\t\t\t<\/div>\n\t\t\t\t<\/div>\n\t\t\t\t\t<\/details>\n\t\t\t\t\t\t<details id=\"e-n-accordion-item-1313\" class=\"e-n-accordion-item\" >\n\t\t\t\t<summary class=\"e-n-accordion-item-title\" data-accordion-index=\"4\" tabindex=\"-1\" aria-expanded=\"false\" aria-controls=\"e-n-accordion-item-1313\" >\n\t\t\t\t\t<span class='e-n-accordion-item-title-header'><div class=\"e-n-accordion-item-title-text\"> Unterhaltung <\/div><\/span>\n\t\t\t\t\t\t\t<span class='e-n-accordion-item-title-icon'>\n\t\t\t<span class='e-opened' ><svg aria-hidden=\"true\" class=\"e-font-icon-svg e-fas-minus\" viewBox=\"0 0 448 512\" xmlns=\"http:\/\/www.w3.org\/2000\/svg\"><path d=\"M416 208H32c-17.67 0-32 14.33-32 32v32c0 17.67 14.33 32 32 32h384c17.67 0 32-14.33 32-32v-32c0-17.67-14.33-32-32-32z\"><\/path><\/svg><\/span>\n\t\t\t<span class='e-closed'><svg aria-hidden=\"true\" class=\"e-font-icon-svg e-fas-plus\" viewBox=\"0 0 448 512\" xmlns=\"http:\/\/www.w3.org\/2000\/svg\"><path d=\"M416 208H272V64c0-17.67-14.33-32-32-32h-32c-17.67 0-32 14.33-32 32v144H32c-17.67 0-32 14.33-32 32v32c0 17.67 14.33 32 32 32h144v144c0 17.67 14.33 32 32 32h32c17.67 0 32-14.33 32-32V304h144c17.67 0 32-14.33 32-32v-32c0-17.67-14.33-32-32-32z\"><\/path><\/svg><\/span>\n\t\t<\/span>\n\n\t\t\t\t\t\t<\/summary>\n\t\t\t\t<div role=\"region\" aria-labelledby=\"e-n-accordion-item-1313\" class=\"elementor-element elementor-element-1b3f00d e-con-full e-flex e-con e-child\" data-id=\"1b3f00d\" data-element_type=\"container\" data-e-type=\"container\">\n\t\t<div role=\"region\" aria-labelledby=\"e-n-accordion-item-1313\" class=\"elementor-element elementor-element-95343d4 e-flex e-con-boxed e-con e-child\" data-id=\"95343d4\" data-element_type=\"container\" data-e-type=\"container\">\n\t\t\t\t\t<div class=\"e-con-inner\">\n\t\t\t\t<div class=\"elementor-element elementor-element-16c8d53 elementor-widget elementor-widget-text-editor\" data-id=\"16c8d53\" data-element_type=\"widget\" data-e-type=\"widget\" data-widget_type=\"text-editor.default\">\n\t\t\t\t\t\t\t\t\t<ul><li>LED-Flachbildschirm, 46 Zoll<\/li><li>Multimedia-Zentrum \u2013 Hightech-Anschl\u00fcsse<\/li><li>Satellitenfernsehen mit internationalen Sendern<\/li><\/ul>\t\t\t\t\t\t\t\t<\/div>\n\t\t\t\t\t<\/div>\n\t\t\t\t<\/div>\n\t\t\t\t<\/div>\n\t\t\t\t\t<\/details>\n\t\t\t\t\t\t<details id=\"e-n-accordion-item-1314\" class=\"e-n-accordion-item\" >\n\t\t\t\t<summary class=\"e-n-accordion-item-title\" data-accordion-index=\"5\" tabindex=\"-1\" aria-expanded=\"false\" aria-controls=\"e-n-accordion-item-1314\" >\n\t\t\t\t\t<span class='e-n-accordion-item-title-header'><div class=\"e-n-accordion-item-title-text\"> Im Schlafzimmer <\/div><\/span>\n\t\t\t\t\t\t\t<span class='e-n-accordion-item-title-icon'>\n\t\t\t<span class='e-opened' ><svg aria-hidden=\"true\" class=\"e-font-icon-svg e-fas-minus\" viewBox=\"0 0 448 512\" xmlns=\"http:\/\/www.w3.org\/2000\/svg\"><path d=\"M416 208H32c-17.67 0-32 14.33-32 32v32c0 17.67 14.33 32 32 32h384c17.67 0 32-14.33 32-32v-32c0-17.67-14.33-32-32-32z\"><\/path><\/svg><\/span>\n\t\t\t<span class='e-closed'><svg aria-hidden=\"true\" class=\"e-font-icon-svg e-fas-plus\" viewBox=\"0 0 448 512\" xmlns=\"http:\/\/www.w3.org\/2000\/svg\"><path d=\"M416 208H272V64c0-17.67-14.33-32-32-32h-32c-17.67 0-32 14.33-32 32v144H32c-17.67 0-32 14.33-32 32v32c0 17.67 14.33 32 32 32h144v144c0 17.67 14.33 32 32 32h32c17.67 0 32-14.33 32-32V304h144c17.67 0 32-14.33 32-32v-32c0-17.67-14.33-32-32-32z\"><\/path><\/svg><\/span>\n\t\t<\/span>\n\n\t\t\t\t\t\t<\/summary>\n\t\t\t\t<div role=\"region\" aria-labelledby=\"e-n-accordion-item-1314\" class=\"elementor-element elementor-element-35951b6 e-con-full e-flex e-con e-child\" data-id=\"35951b6\" data-element_type=\"container\" data-e-type=\"container\">\n\t\t<div role=\"region\" aria-labelledby=\"e-n-accordion-item-1314\" class=\"elementor-element elementor-element-059d1e4 e-flex e-con-boxed e-con e-child\" data-id=\"059d1e4\" data-element_type=\"container\" data-e-type=\"container\">\n\t\t\t\t\t<div class=\"e-con-inner\">\n\t\t\t\t<div class=\"elementor-element elementor-element-698a44b elementor-widget elementor-widget-text-editor\" data-id=\"698a44b\" data-element_type=\"widget\" data-e-type=\"widget\" data-widget_type=\"text-editor.default\">\n\t\t\t\t\t\t\t\t\t<ul><li>Willkommensauswahl (Nespresso, Tee, Kr\u00e4utertees)<\/li><li>Minibar<\/li><li>Gro\u00dfer Einzelsafe<\/li><li>Individuell regulierbare Klimaanlage<\/li><\/ul>\t\t\t\t\t\t\t\t<\/div>\n\t\t\t\t\t<\/div>\n\t\t\t\t<\/div>\n\t\t\t\t<\/div>\n\t\t\t\t\t<\/details>\n\t\t\t\t\t\t<details id=\"e-n-accordion-item-1315\" class=\"e-n-accordion-item\" >\n\t\t\t\t<summary class=\"e-n-accordion-item-title\" data-accordion-index=\"6\" tabindex=\"-1\" aria-expanded=\"false\" aria-controls=\"e-n-accordion-item-1315\" >\n\t\t\t\t\t<span class='e-n-accordion-item-title-header'><div class=\"e-n-accordion-item-title-text\"> Anreise \/ Abreise <\/div><\/span>\n\t\t\t\t\t\t\t<span class='e-n-accordion-item-title-icon'>\n\t\t\t<span class='e-opened' ><svg aria-hidden=\"true\" class=\"e-font-icon-svg e-fas-minus\" viewBox=\"0 0 448 512\" xmlns=\"http:\/\/www.w3.org\/2000\/svg\"><path d=\"M416 208H32c-17.67 0-32 14.33-32 32v32c0 17.67 14.33 32 32 32h384c17.67 0 32-14.33 32-32v-32c0-17.67-14.33-32-32-32z\"><\/path><\/svg><\/span>\n\t\t\t<span class='e-closed'><svg aria-hidden=\"true\" class=\"e-font-icon-svg e-fas-plus\" viewBox=\"0 0 448 512\" xmlns=\"http:\/\/www.w3.org\/2000\/svg\"><path d=\"M416 208H272V64c0-17.67-14.33-32-32-32h-32c-17.67 0-32 14.33-32 32v144H32c-17.67 0-32 14.33-32 32v32c0 17.67 14.33 32 32 32h144v144c0 17.67 14.33 32 32 32h32c17.67 0 32-14.33 32-32V304h144c17.67 0 32-14.33 32-32v-32c0-17.67-14.33-32-32-32z\"><\/path><\/svg><\/span>\n\t\t<\/span>\n\n\t\t\t\t\t\t<\/summary>\n\t\t\t\t<div role=\"region\" aria-labelledby=\"e-n-accordion-item-1315\" class=\"elementor-element elementor-element-a885478 e-con-full e-flex e-con e-child\" data-id=\"a885478\" data-element_type=\"container\" data-e-type=\"container\">\n\t\t<div role=\"region\" aria-labelledby=\"e-n-accordion-item-1315\" class=\"elementor-element elementor-element-fcefdc7 e-flex e-con-boxed e-con e-child\" data-id=\"fcefdc7\" data-element_type=\"container\" data-e-type=\"container\">\n\t\t\t\t\t<div class=\"e-con-inner\">\n\t\t\t\t<div class=\"elementor-element elementor-element-3a53a0d elementor-widget elementor-widget-text-editor\" data-id=\"3a53a0d\" data-element_type=\"widget\" data-e-type=\"widget\" data-widget_type=\"text-editor.default\">\n\t\t\t\t\t\t\t\t\t<ul><li>Check-in: 16:00 Uhr<\/li><li>Check-out: 12:00 Uhr<\/li><\/ul>\t\t\t\t\t\t\t\t<\/div>\n\t\t\t\t\t<\/div>\n\t\t\t\t<\/div>\n\t\t\t\t<\/div>\n\t\t\t\t\t<\/details>\n\t\t\t\t\t<\/div>\n\t\t\t\t\t\t<\/div>\n\t\t\t\t<\/section>\n\t\t\t\t<\/div>\n\t\t","protected":false},"excerpt":{"rendered":"<p>Tauchen Sie ein in die elegante Welt des Grand H\u00f4tel Thalasso &#038; Spa, des legend\u00e4ren 5-Sterne-Hotels in Saint-Jean-de-Luz, und entdecken Sie eine exklusive Auswahl an Zimmern und Suiten, die ganz auf Ihren Komfort und Ihr Wohlbefinden ausgerichtet sind. Junior-Suite \u201eSainte Barbe\u201c Die Juniorsuiten \u201eSainte Barbe\u201c mit einer Fl\u00e4che von 36 m\u00b2 befinden sich im 3. [&hellip;]<\/p>\n","protected":false},"author":2,"featured_media":0,"parent":0,"menu_order":0,"comment_status":"closed","ping_status":"closed","template":"elementor_theme","meta":{"_acf_changed":false,"footnotes":"","_members_access_role":[],"_members_access_error":""},"class_list":["post-8940","page","type-page","status-publish","hentry"],"acf":[],"yoast_head":"<!-- This site is optimized with the Yoast SEO plugin v28.4 - https:\/\/yoast.com\/product\/yoast-seo-wordpress\/ -->\n<title>Die Suiten des Grand H\u00f4tel in Saint-Jean-de-Luz - Luz Grand Hotel<\/title>\n<meta name=\"description\" content=\"Genie\u00dfen Sie Ihren Aufenthalt in unseren eleganten und ger\u00e4umigen Suiten: Komfort, Raffinesse und Meerblick sorgen f\u00fcr ein einzigartiges Erlebnis in Saint-Jean-de-Luz.\" \/>\n<meta name=\"robots\" content=\"index, follow, max-snippet:-1, max-image-preview:large, max-video-preview:-1\" \/>\n<link rel=\"canonical\" href=\"https:\/\/luzgrandhotel.fr\/de\/folgen\/\" \/>\n<meta property=\"og:locale\" content=\"de_DE\" \/>\n<meta property=\"og:type\" content=\"article\" \/>\n<meta property=\"og:title\" content=\"Die Suiten des Grand H\u00f4tel in Saint-Jean-de-Luz - Luz Grand Hotel\" \/>\n<meta property=\"og:description\" content=\"Genie\u00dfen Sie Ihren Aufenthalt in unseren eleganten und ger\u00e4umigen Suiten: Komfort, Raffinesse und Meerblick sorgen f\u00fcr ein einzigartiges Erlebnis in Saint-Jean-de-Luz.\" \/>\n<meta property=\"og:url\" content=\"https:\/\/luzgrandhotel.fr\/de\/folgen\/\" \/>\n<meta property=\"og:site_name\" content=\"Luz Grand Hotel\" \/>\n<meta property=\"article:publisher\" content=\"https:\/\/www.facebook.com\/luzgrandhotel\/\" \/>\n<meta property=\"article:modified_time\" content=\"2026-09-04T13:14:29+00:00\" \/>\n<meta property=\"og:image\" content=\"https:\/\/luzgrandhotel.fr\/wp-content\/uploads\/2025\/07\/Junior-Suite-Sainte-Barbe-311-1536x1203.webp\" \/>\n<meta name=\"twitter:card\" content=\"summary_large_image\" \/>\n<meta name=\"twitter:label1\" content=\"Gesch\u00e4tzte Lesezeit\" \/>\n\t<meta name=\"twitter:data1\" content=\"2 Minuten\" \/>\n<script type=\"application\/ld+json\" class=\"yoast-schema-graph\">{\"@context\":\"https:\\\/\\\/schema.org\",\"@graph\":[{\"@type\":\"WebPage\",\"@id\":\"https:\\\/\\\/luzgrandhotel.fr\\\/de\\\/folgen\\\/\",\"url\":\"https:\\\/\\\/luzgrandhotel.fr\\\/de\\\/folgen\\\/\",\"name\":\"Die Suiten des Grand H\u00f4tel in Saint-Jean-de-Luz - Luz Grand Hotel\",\"isPartOf\":{\"@id\":\"https:\\\/\\\/luzgrandhotel.fr\\\/de\\\/#website\"},\"primaryImageOfPage\":{\"@id\":\"https:\\\/\\\/luzgrandhotel.fr\\\/de\\\/folgen\\\/#primaryimage\"},\"image\":{\"@id\":\"https:\\\/\\\/luzgrandhotel.fr\\\/de\\\/folgen\\\/#primaryimage\"},\"thumbnailUrl\":\"https:\\\/\\\/luzgrandhotel.fr\\\/wp-content\\\/uploads\\\/2025\\\/07\\\/Junior-Suite-Sainte-Barbe-311-1536x1203.webp\",\"datePublished\":\"2025-09-10T12:25:38+00:00\",\"dateModified\":\"2026-09-04T13:14:29+00:00\",\"description\":\"Genie\u00dfen Sie Ihren Aufenthalt in unseren eleganten und ger\u00e4umigen Suiten: Komfort, Raffinesse und Meerblick sorgen f\u00fcr ein einzigartiges Erlebnis in Saint-Jean-de-Luz.\",\"breadcrumb\":{\"@id\":\"https:\\\/\\\/luzgrandhotel.fr\\\/de\\\/folgen\\\/#breadcrumb\"},\"inLanguage\":\"de\",\"potentialAction\":[{\"@type\":\"ReadAction\",\"target\":[\"https:\\\/\\\/luzgrandhotel.fr\\\/de\\\/folgen\\\/\"]}]},{\"@type\":\"ImageObject\",\"inLanguage\":\"de\",\"@id\":\"https:\\\/\\\/luzgrandhotel.fr\\\/de\\\/folgen\\\/#primaryimage\",\"url\":\"https:\\\/\\\/luzgrandhotel.fr\\\/wp-content\\\/uploads\\\/2025\\\/07\\\/Junior-Suite-Sainte-Barbe-311-1536x1203.webp\",\"contentUrl\":\"https:\\\/\\\/luzgrandhotel.fr\\\/wp-content\\\/uploads\\\/2025\\\/07\\\/Junior-Suite-Sainte-Barbe-311-1536x1203.webp\"},{\"@type\":\"BreadcrumbList\",\"@id\":\"https:\\\/\\\/luzgrandhotel.fr\\\/de\\\/folgen\\\/#breadcrumb\",\"itemListElement\":[{\"@type\":\"ListItem\",\"position\":1,\"name\":\"Accueil\",\"item\":\"https:\\\/\\\/luzgrandhotel.fr\\\/de\\\/startseite\\\/\"},{\"@type\":\"ListItem\",\"position\":2,\"name\":\"Fortsetzungen\"}]},{\"@type\":\"WebSite\",\"@id\":\"https:\\\/\\\/luzgrandhotel.fr\\\/de\\\/#website\",\"url\":\"https:\\\/\\\/luzgrandhotel.fr\\\/de\\\/\",\"name\":\"Luz Grand Hotel\",\"description\":\"\",\"publisher\":{\"@id\":\"https:\\\/\\\/luzgrandhotel.fr\\\/de\\\/#organization\"},\"potentialAction\":[{\"@type\":\"SearchAction\",\"target\":{\"@type\":\"EntryPoint\",\"urlTemplate\":\"https:\\\/\\\/luzgrandhotel.fr\\\/de\\\/?s={search_term_string}\"},\"query-input\":{\"@type\":\"PropertyValueSpecification\",\"valueRequired\":true,\"valueName\":\"search_term_string\"}}],\"inLanguage\":\"de\"},{\"@type\":\"Organization\",\"@id\":\"https:\\\/\\\/luzgrandhotel.fr\\\/de\\\/#organization\",\"name\":\"Luz Grand Hotel\",\"url\":\"https:\\\/\\\/luzgrandhotel.fr\\\/de\\\/\",\"logo\":{\"@type\":\"ImageObject\",\"inLanguage\":\"de\",\"@id\":\"https:\\\/\\\/luzgrandhotel.fr\\\/de\\\/#\\\/schema\\\/logo\\\/image\\\/\",\"url\":\"https:\\\/\\\/luzgrandhotel.fr\\\/wp-content\\\/uploads\\\/2025\\\/04\\\/logo-grand-hotel-luz.svg\",\"contentUrl\":\"https:\\\/\\\/luzgrandhotel.fr\\\/wp-content\\\/uploads\\\/2025\\\/04\\\/logo-grand-hotel-luz.svg\",\"caption\":\"Luz Grand Hotel\"},\"image\":{\"@id\":\"https:\\\/\\\/luzgrandhotel.fr\\\/de\\\/#\\\/schema\\\/logo\\\/image\\\/\"},\"sameAs\":[\"https:\\\/\\\/www.facebook.com\\\/luzgrandhotel\\\/\",\"https:\\\/\\\/www.instagram.com\\\/luzgrandhotel\\\/\",\"https:\\\/\\\/www.linkedin.com\\\/company\\\/72327768\\\/admin\\\/dashboard\\\/\"]}]}<\/script>\n<!-- \/ Yoast SEO plugin. -->","yoast_head_json":{"title":"Die Suiten des Grand H\u00f4tel in Saint-Jean-de-Luz - Luz Grand Hotel","description":"Genie\u00dfen Sie Ihren Aufenthalt in unseren eleganten und ger\u00e4umigen Suiten: Komfort, Raffinesse und Meerblick sorgen f\u00fcr ein einzigartiges Erlebnis in Saint-Jean-de-Luz.","robots":{"index":"index","follow":"follow","max-snippet":"max-snippet:-1","max-image-preview":"max-image-preview:large","max-video-preview":"max-video-preview:-1"},"canonical":"https:\/\/luzgrandhotel.fr\/de\/folgen\/","og_locale":"de_DE","og_type":"article","og_title":"Die Suiten des Grand H\u00f4tel in Saint-Jean-de-Luz - Luz Grand Hotel","og_description":"Genie\u00dfen Sie Ihren Aufenthalt in unseren eleganten und ger\u00e4umigen Suiten: Komfort, Raffinesse und Meerblick sorgen f\u00fcr ein einzigartiges Erlebnis in Saint-Jean-de-Luz.","og_url":"https:\/\/luzgrandhotel.fr\/de\/folgen\/","og_site_name":"Luz Grand Hotel","article_publisher":"https:\/\/www.facebook.com\/luzgrandhotel\/","article_modified_time":"2026-09-04T13:14:29+00:00","og_image":[{"url":"https:\/\/luzgrandhotel.fr\/wp-content\/uploads\/2025\/07\/Junior-Suite-Sainte-Barbe-311-1536x1203.webp","type":"","width":"","height":""}],"twitter_card":"summary_large_image","twitter_misc":{"Gesch\u00e4tzte Lesezeit":"2 Minuten"},"schema":{"@context":"https:\/\/schema.org","@graph":[{"@type":"WebPage","@id":"https:\/\/luzgrandhotel.fr\/de\/folgen\/","url":"https:\/\/luzgrandhotel.fr\/de\/folgen\/","name":"Die Suiten des Grand H\u00f4tel in Saint-Jean-de-Luz - Luz Grand Hotel","isPartOf":{"@id":"https:\/\/luzgrandhotel.fr\/de\/#website"},"primaryImageOfPage":{"@id":"https:\/\/luzgrandhotel.fr\/de\/folgen\/#primaryimage"},"image":{"@id":"https:\/\/luzgrandhotel.fr\/de\/folgen\/#primaryimage"},"thumbnailUrl":"https:\/\/luzgrandhotel.fr\/wp-content\/uploads\/2025\/07\/Junior-Suite-Sainte-Barbe-311-1536x1203.webp","datePublished":"2025-09-10T12:25:38+00:00","dateModified":"2026-09-04T13:14:29+00:00","description":"Genie\u00dfen Sie Ihren Aufenthalt in unseren eleganten und ger\u00e4umigen Suiten: Komfort, Raffinesse und Meerblick sorgen f\u00fcr ein einzigartiges Erlebnis in Saint-Jean-de-Luz.","breadcrumb":{"@id":"https:\/\/luzgrandhotel.fr\/de\/folgen\/#breadcrumb"},"inLanguage":"de","potentialAction":[{"@type":"ReadAction","target":["https:\/\/luzgrandhotel.fr\/de\/folgen\/"]}]},{"@type":"ImageObject","inLanguage":"de","@id":"https:\/\/luzgrandhotel.fr\/de\/folgen\/#primaryimage","url":"https:\/\/luzgrandhotel.fr\/wp-content\/uploads\/2025\/07\/Junior-Suite-Sainte-Barbe-311-1536x1203.webp","contentUrl":"https:\/\/luzgrandhotel.fr\/wp-content\/uploads\/2025\/07\/Junior-Suite-Sainte-Barbe-311-1536x1203.webp"},{"@type":"BreadcrumbList","@id":"https:\/\/luzgrandhotel.fr\/de\/folgen\/#breadcrumb","itemListElement":[{"@type":"ListItem","position":1,"name":"Accueil","item":"https:\/\/luzgrandhotel.fr\/de\/startseite\/"},{"@type":"ListItem","position":2,"name":"Fortsetzungen"}]},{"@type":"WebSite","@id":"https:\/\/luzgrandhotel.fr\/de\/#website","url":"https:\/\/luzgrandhotel.fr\/de\/","name":"Luz Grand Hotel","description":"","publisher":{"@id":"https:\/\/luzgrandhotel.fr\/de\/#organization"},"potentialAction":[{"@type":"SearchAction","target":{"@type":"EntryPoint","urlTemplate":"https:\/\/luzgrandhotel.fr\/de\/?s={search_term_string}"},"query-input":{"@type":"PropertyValueSpecification","valueRequired":true,"valueName":"search_term_string"}}],"inLanguage":"de"},{"@type":"Organization","@id":"https:\/\/luzgrandhotel.fr\/de\/#organization","name":"Luz Grand Hotel","url":"https:\/\/luzgrandhotel.fr\/de\/","logo":{"@type":"ImageObject","inLanguage":"de","@id":"https:\/\/luzgrandhotel.fr\/de\/#\/schema\/logo\/image\/","url":"https:\/\/luzgrandhotel.fr\/wp-content\/uploads\/2025\/04\/logo-grand-hotel-luz.svg","contentUrl":"https:\/\/luzgrandhotel.fr\/wp-content\/uploads\/2025\/04\/logo-grand-hotel-luz.svg","caption":"Luz Grand Hotel"},"image":{"@id":"https:\/\/luzgrandhotel.fr\/de\/#\/schema\/logo\/image\/"},"sameAs":["https:\/\/www.facebook.com\/luzgrandhotel\/","https:\/\/www.instagram.com\/luzgrandhotel\/","https:\/\/www.linkedin.com\/company\/72327768\/admin\/dashboard\/"]}]}},"_links":{"self":[{"href":"https:\/\/luzgrandhotel.fr\/de\/wp-json\/wp\/v2\/pages\/8940","targetHints":{"allow":["GET"]}}],"collection":[{"href":"https:\/\/luzgrandhotel.fr\/de\/wp-json\/wp\/v2\/pages"}],"about":[{"href":"https:\/\/luzgrandhotel.fr\/de\/wp-json\/wp\/v2\/types\/page"}],"author":[{"embeddable":true,"href":"https:\/\/luzgrandhotel.fr\/de\/wp-json\/wp\/v2\/users\/2"}],"replies":[{"embeddable":true,"href":"https:\/\/luzgrandhotel.fr\/de\/wp-json\/wp\/v2\/comments?post=8940"}],"version-history":[{"count":1,"href":"https:\/\/luzgrandhotel.fr\/de\/wp-json\/wp\/v2\/pages\/8940\/revisions"}],"predecessor-version":[{"id":8958,"href":"https:\/\/luzgrandhotel.fr\/de\/wp-json\/wp\/v2\/pages\/8940\/revisions\/8958"}],"wp:attachment":[{"href":"https:\/\/luzgrandhotel.fr\/de\/wp-json\/wp\/v2\/media?parent=8940"}],"curies":[{"name":"wp","href":"https:\/\/api.w.org\/{rel}","templated":true}]}}